{"id":123,"date":"2023-04-12T21:38:11","date_gmt":"2023-04-12T20:38:11","guid":{"rendered":"https:\/\/avsc13.fr\/site\/?page_id=123"},"modified":"2023-09-29T18:50:01","modified_gmt":"2023-09-29T17:50:01","slug":"le-conseil-dadministration","status":"publish","type":"page","link":"https:\/\/avsc13.fr\/site\/le-conseil-dadministration\/","title":{"rendered":"Le Conseil d&rsquo;administration"},"content":{"rendered":"\n<p>Il a \u00e9t\u00e9 \u00e9lu par l&rsquo;assembl\u00e9e g\u00e9n\u00e9rale ordinaire du 7 octobre 2022.<\/p>\n\n\n\n<p><strong>Pr\u00e9sident :<\/strong> Monsieur Guy-Pierre Clauzel<\/p>\n\n\n\n<p><strong>Secr\u00e9taire :<\/strong> Madame H\u00e9l\u00e8ne Galindo<\/p>\n\n\n\n<p><strong>Tr\u00e9sorier :<\/strong> Monsieur S\u00e9bastien Avy<\/p>\n\n\n\n<p><strong>Adminstrateurs :<\/strong> Madame Chantal Iroir ; Monsieur Patrick M\u00e9ry-Costa<\/p>\n\n\n<div class=\"wp-block-image\">\n<figure class=\"aligncenter size-large\"><a href=\"https:\/\/avsc13.fr\/site\/wp-content\/uploads\/2023\/09\/AVSC_bureau_2023.jpg\"><img loading=\"lazy\" decoding=\"async\" width=\"1024\" height=\"768\" src=\"https:\/\/avsc13.fr\/site\/wp-content\/uploads\/2023\/09\/AVSC_bureau_2023-1024x768.jpg\" alt=\"\" class=\"wp-image-494\" srcset=\"https:\/\/avsc13.fr\/site\/wp-content\/uploads\/2023\/09\/AVSC_bureau_2023-1024x768.jpg 1024w, https:\/\/avsc13.fr\/site\/wp-content\/uploads\/2023\/09\/AVSC_bureau_2023-300x225.jpg 300w, https:\/\/avsc13.fr\/site\/wp-content\/uploads\/2023\/09\/AVSC_bureau_2023-768x576.jpg 768w, https:\/\/avsc13.fr\/site\/wp-content\/uploads\/2023\/09\/AVSC_bureau_2023.jpg 1500w\" sizes=\"auto, (max-width: 1024px) 100vw, 1024px\" \/><\/a><figcaption class=\"wp-element-caption\">Les membres du bureau sur le march\u00e9 de Saint-Chamas, samedi 17 juin 2023.                                                                De gauche \u00e0 droite : S\u00e9bastien Avy, Chantal Iroir, Guy-Pierre Clauzel, H\u00e9l\u00e8ne Galindo, Patrick M\u00e9ry-Costa.<\/figcaption><\/figure>\n<\/div>\n\n\n<p><\/p>\n","protected":false},"excerpt":{"rendered":"<p>Il a \u00e9t\u00e9 \u00e9lu par l&rsquo;assembl\u00e9e g\u00e9n\u00e9rale ordinaire du 7 octobre 2022. Pr\u00e9sident : Monsieur Guy-Pierre Clauzel Secr\u00e9taire : Madame H\u00e9l\u00e8ne Galindo Tr\u00e9sorier : Monsieur S\u00e9bastien Avy Adminstrateurs : Madame Chantal Iroir ; Monsieur&#46;&#46;&#46;<\/p>\n","protected":false},"author":1,"featured_media":0,"parent":0,"menu_order":0,"comment_status":"closed","ping_status":"closed","template":"","meta":{"footnotes":""},"class_list":["post-123","page","type-page","status-publish","hentry"],"_links":{"self":[{"href":"https:\/\/avsc13.fr\/site\/wp-json\/wp\/v2\/pages\/123","targetHints":{"allow":["GET"]}}],"collection":[{"href":"https:\/\/avsc13.fr\/site\/wp-json\/wp\/v2\/pages"}],"about":[{"href":"https:\/\/avsc13.fr\/site\/wp-json\/wp\/v2\/types\/page"}],"author":[{"embeddable":true,"href":"https:\/\/avsc13.fr\/site\/wp-json\/wp\/v2\/users\/1"}],"replies":[{"embeddable":true,"href":"https:\/\/avsc13.fr\/site\/wp-json\/wp\/v2\/comments?post=123"}],"version-history":[{"count":3,"href":"https:\/\/avsc13.fr\/site\/wp-json\/wp\/v2\/pages\/123\/revisions"}],"predecessor-version":[{"id":496,"href":"https:\/\/avsc13.fr\/site\/wp-json\/wp\/v2\/pages\/123\/revisions\/496"}],"wp:attachment":[{"href":"https:\/\/avsc13.fr\/site\/wp-json\/wp\/v2\/media?parent=123"}],"curies":[{"name":"wp","href":"https:\/\/api.w.org\/{rel}","templated":true}]}}