{"id":131,"date":"2023-04-12T21:55:02","date_gmt":"2023-04-12T20:55:02","guid":{"rendered":"https:\/\/avsc13.fr\/site\/?page_id=131"},"modified":"2023-05-06T18:46:49","modified_gmt":"2023-05-06T17:46:49","slug":"les-ouvrages-des-avsc","status":"publish","type":"page","link":"https:\/\/avsc13.fr\/site\/les-ouvrages-des-avsc\/","title":{"rendered":"Les ouvrages des Amis du Vieux Saint-Chamas"},"content":{"rendered":"\n<p class=\"has-text-align-center\"><strong>Cliquer<\/strong> <strong>sur la couverture pour acc\u00e9der aux informations d\u00e9taill\u00e9es de chaque ouvrage :<\/strong><\/p>\n\n\n\n<figure class=\"wp-block-gallery has-nested-images columns-default is-cropped wp-block-gallery-1 is-layout-flex wp-block-gallery-is-layout-flex\">\n<figure class=\"wp-block-image size-large\"><a href=\"https:\/\/avsc13.fr\/site\/wp-content\/uploads\/2023\/05\/1955-Saint-Chamas-des-origines-a-1851.jpg\"><img loading=\"lazy\" decoding=\"async\" width=\"760\" height=\"1024\" data-id=\"443\" src=\"https:\/\/avsc13.fr\/site\/wp-content\/uploads\/2023\/05\/1955-Saint-Chamas-des-origines-a-1851-760x1024.jpg\" alt=\"\" class=\"wp-image-443\" srcset=\"https:\/\/avsc13.fr\/site\/wp-content\/uploads\/2023\/05\/1955-Saint-Chamas-des-origines-a-1851-760x1024.jpg 760w, https:\/\/avsc13.fr\/site\/wp-content\/uploads\/2023\/05\/1955-Saint-Chamas-des-origines-a-1851-223x300.jpg 223w, https:\/\/avsc13.fr\/site\/wp-content\/uploads\/2023\/05\/1955-Saint-Chamas-des-origines-a-1851-768x1035.jpg 768w, https:\/\/avsc13.fr\/site\/wp-content\/uploads\/2023\/05\/1955-Saint-Chamas-des-origines-a-1851.jpg 876w\" sizes=\"auto, (max-width: 760px) 100vw, 760px\" \/><\/a><figcaption class=\"wp-element-caption\">1955<\/figcaption><\/figure>\n\n\n\n<figure class=\"wp-block-image size-large\"><a href=\"https:\/\/avsc13.fr\/site\/wp-content\/uploads\/2023\/05\/1961-Saint-Chamas-et-ses-environs-guide-touristique.jpg\"><img loading=\"lazy\" decoding=\"async\" width=\"738\" height=\"1024\" data-id=\"448\" src=\"https:\/\/avsc13.fr\/site\/wp-content\/uploads\/2023\/05\/1961-Saint-Chamas-et-ses-environs-guide-touristique-738x1024.jpg\" alt=\"\" class=\"wp-image-448\" srcset=\"https:\/\/avsc13.fr\/site\/wp-content\/uploads\/2023\/05\/1961-Saint-Chamas-et-ses-environs-guide-touristique-738x1024.jpg 738w, https:\/\/avsc13.fr\/site\/wp-content\/uploads\/2023\/05\/1961-Saint-Chamas-et-ses-environs-guide-touristique-216x300.jpg 216w, https:\/\/avsc13.fr\/site\/wp-content\/uploads\/2023\/05\/1961-Saint-Chamas-et-ses-environs-guide-touristique-768x1066.jpg 768w, https:\/\/avsc13.fr\/site\/wp-content\/uploads\/2023\/05\/1961-Saint-Chamas-et-ses-environs-guide-touristique.jpg 876w\" sizes=\"auto, (max-width: 738px) 100vw, 738px\" \/><\/a><figcaption class=\"wp-element-caption\">1961<\/figcaption><\/figure>\n\n\n\n<figure class=\"wp-block-image size-large\"><a href=\"https:\/\/avsc13.fr\/site\/wp-content\/uploads\/2023\/05\/1966-Saint-Chamas-pages-d-histoire-1712-1914.jpg\"><img loading=\"lazy\" decoding=\"async\" width=\"743\" height=\"1024\" data-id=\"444\" src=\"https:\/\/avsc13.fr\/site\/wp-content\/uploads\/2023\/05\/1966-Saint-Chamas-pages-d-histoire-1712-1914-743x1024.jpg\" alt=\"\" class=\"wp-image-444\" srcset=\"https:\/\/avsc13.fr\/site\/wp-content\/uploads\/2023\/05\/1966-Saint-Chamas-pages-d-histoire-1712-1914-743x1024.jpg 743w, https:\/\/avsc13.fr\/site\/wp-content\/uploads\/2023\/05\/1966-Saint-Chamas-pages-d-histoire-1712-1914-218x300.jpg 218w, https:\/\/avsc13.fr\/site\/wp-content\/uploads\/2023\/05\/1966-Saint-Chamas-pages-d-histoire-1712-1914-768x1058.jpg 768w, https:\/\/avsc13.fr\/site\/wp-content\/uploads\/2023\/05\/1966-Saint-Chamas-pages-d-histoire-1712-1914.jpg 876w\" sizes=\"auto, (max-width: 743px) 100vw, 743px\" \/><\/a><figcaption class=\"wp-element-caption\">1966<\/figcaption><\/figure>\n\n\n\n<figure class=\"wp-block-image size-large\"><a href=\"https:\/\/avsc13.fr\/site\/wp-content\/uploads\/2023\/05\/1975-Le-folklore-de-Saint-Chamas-en-Provence.jpg\"><img loading=\"lazy\" decoding=\"async\" width=\"769\" height=\"1024\" data-id=\"445\" src=\"https:\/\/avsc13.fr\/site\/wp-content\/uploads\/2023\/05\/1975-Le-folklore-de-Saint-Chamas-en-Provence-769x1024.jpg\" alt=\"\" class=\"wp-image-445\" srcset=\"https:\/\/avsc13.fr\/site\/wp-content\/uploads\/2023\/05\/1975-Le-folklore-de-Saint-Chamas-en-Provence-769x1024.jpg 769w, https:\/\/avsc13.fr\/site\/wp-content\/uploads\/2023\/05\/1975-Le-folklore-de-Saint-Chamas-en-Provence-225x300.jpg 225w, https:\/\/avsc13.fr\/site\/wp-content\/uploads\/2023\/05\/1975-Le-folklore-de-Saint-Chamas-en-Provence-768x1022.jpg 768w, https:\/\/avsc13.fr\/site\/wp-content\/uploads\/2023\/05\/1975-Le-folklore-de-Saint-Chamas-en-Provence.jpg 876w\" sizes=\"auto, (max-width: 769px) 100vw, 769px\" \/><\/a><figcaption class=\"wp-element-caption\">1975<\/figcaption><\/figure>\n\n\n\n<figure class=\"wp-block-image size-large\"><a href=\"https:\/\/avsc13.fr\/site\/wp-content\/uploads\/2023\/05\/1976-Saint-Chamas-guide-touristique-guide-historique.jpg\"><img loading=\"lazy\" decoding=\"async\" width=\"754\" height=\"1024\" data-id=\"451\" src=\"https:\/\/avsc13.fr\/site\/wp-content\/uploads\/2023\/05\/1976-Saint-Chamas-guide-touristique-guide-historique-754x1024.jpg\" alt=\"\" class=\"wp-image-451\" srcset=\"https:\/\/avsc13.fr\/site\/wp-content\/uploads\/2023\/05\/1976-Saint-Chamas-guide-touristique-guide-historique-754x1024.jpg 754w, https:\/\/avsc13.fr\/site\/wp-content\/uploads\/2023\/05\/1976-Saint-Chamas-guide-touristique-guide-historique-221x300.jpg 221w, https:\/\/avsc13.fr\/site\/wp-content\/uploads\/2023\/05\/1976-Saint-Chamas-guide-touristique-guide-historique-768x1042.jpg 768w, https:\/\/avsc13.fr\/site\/wp-content\/uploads\/2023\/05\/1976-Saint-Chamas-guide-touristique-guide-historique.jpg 876w\" sizes=\"auto, (max-width: 754px) 100vw, 754px\" \/><\/a><figcaption class=\"wp-element-caption\">1976<\/figcaption><\/figure>\n\n\n\n<figure class=\"wp-block-image size-large\"><a href=\"https:\/\/avsc13.fr\/site\/wp-content\/uploads\/2023\/05\/1979-l-oppidum-de-constantine.jpg\"><img loading=\"lazy\" decoding=\"async\" width=\"733\" height=\"1024\" data-id=\"462\" src=\"https:\/\/avsc13.fr\/site\/wp-content\/uploads\/2023\/05\/1979-l-oppidum-de-constantine-733x1024.jpg\" alt=\"\" class=\"wp-image-462\" srcset=\"https:\/\/avsc13.fr\/site\/wp-content\/uploads\/2023\/05\/1979-l-oppidum-de-constantine-733x1024.jpg 733w, https:\/\/avsc13.fr\/site\/wp-content\/uploads\/2023\/05\/1979-l-oppidum-de-constantine-215x300.jpg 215w, https:\/\/avsc13.fr\/site\/wp-content\/uploads\/2023\/05\/1979-l-oppidum-de-constantine-768x1073.jpg 768w, https:\/\/avsc13.fr\/site\/wp-content\/uploads\/2023\/05\/1979-l-oppidum-de-constantine.jpg 876w\" sizes=\"auto, (max-width: 733px) 100vw, 733px\" \/><\/a><figcaption class=\"wp-element-caption\">1979<\/figcaption><\/figure>\n\n\n\n<figure class=\"wp-block-image size-large\"><a href=\"https:\/\/avsc13.fr\/site\/wp-content\/uploads\/2023\/05\/1981-Villeneuve-village-du-bronze-final.jpg\"><img loading=\"lazy\" decoding=\"async\" width=\"743\" height=\"1024\" data-id=\"446\" src=\"https:\/\/avsc13.fr\/site\/wp-content\/uploads\/2023\/05\/1981-Villeneuve-village-du-bronze-final-743x1024.jpg\" alt=\"\" class=\"wp-image-446\" srcset=\"https:\/\/avsc13.fr\/site\/wp-content\/uploads\/2023\/05\/1981-Villeneuve-village-du-bronze-final-743x1024.jpg 743w, https:\/\/avsc13.fr\/site\/wp-content\/uploads\/2023\/05\/1981-Villeneuve-village-du-bronze-final-218x300.jpg 218w, https:\/\/avsc13.fr\/site\/wp-content\/uploads\/2023\/05\/1981-Villeneuve-village-du-bronze-final-768x1059.jpg 768w, https:\/\/avsc13.fr\/site\/wp-content\/uploads\/2023\/05\/1981-Villeneuve-village-du-bronze-final.jpg 876w\" sizes=\"auto, (max-width: 743px) 100vw, 743px\" \/><\/a><figcaption class=\"wp-element-caption\">1980<\/figcaption><\/figure>\n\n\n\n<figure class=\"wp-block-image size-large\"><a href=\"https:\/\/avsc13.fr\/site\/wp-content\/uploads\/2023\/05\/bulletin-31.jpg\"><img loading=\"lazy\" decoding=\"async\" width=\"689\" height=\"1024\" data-id=\"408\" src=\"https:\/\/avsc13.fr\/site\/wp-content\/uploads\/2023\/05\/bulletin-31-689x1024.jpg\" alt=\"\" class=\"wp-image-408\" srcset=\"https:\/\/avsc13.fr\/site\/wp-content\/uploads\/2023\/05\/bulletin-31-689x1024.jpg 689w, https:\/\/avsc13.fr\/site\/wp-content\/uploads\/2023\/05\/bulletin-31-202x300.jpg 202w, https:\/\/avsc13.fr\/site\/wp-content\/uploads\/2023\/05\/bulletin-31-768x1141.jpg 768w, https:\/\/avsc13.fr\/site\/wp-content\/uploads\/2023\/05\/bulletin-31.jpg 876w\" sizes=\"auto, (max-width: 689px) 100vw, 689px\" \/><\/a><\/figure>\n\n\n\n<figure class=\"wp-block-image size-large\"><a href=\"https:\/\/avsc13.fr\/site\/wp-content\/uploads\/2023\/05\/1982-Le-Pont-Flavien-de-Saint-Chamas.jpg\"><img loading=\"lazy\" decoding=\"async\" width=\"686\" height=\"1024\" data-id=\"449\" src=\"https:\/\/avsc13.fr\/site\/wp-content\/uploads\/2023\/05\/1982-Le-Pont-Flavien-de-Saint-Chamas-686x1024.jpg\" alt=\"\" class=\"wp-image-449\" srcset=\"https:\/\/avsc13.fr\/site\/wp-content\/uploads\/2023\/05\/1982-Le-Pont-Flavien-de-Saint-Chamas-686x1024.jpg 686w, https:\/\/avsc13.fr\/site\/wp-content\/uploads\/2023\/05\/1982-Le-Pont-Flavien-de-Saint-Chamas-201x300.jpg 201w, https:\/\/avsc13.fr\/site\/wp-content\/uploads\/2023\/05\/1982-Le-Pont-Flavien-de-Saint-Chamas-768x1146.jpg 768w, https:\/\/avsc13.fr\/site\/wp-content\/uploads\/2023\/05\/1982-Le-Pont-Flavien-de-Saint-Chamas.jpg 876w\" sizes=\"auto, (max-width: 686px) 100vw, 686px\" \/><\/a><figcaption class=\"wp-element-caption\">1982<\/figcaption><\/figure>\n\n\n\n<figure class=\"wp-block-image size-large\"><a href=\"https:\/\/avsc13.fr\/site\/wp-content\/uploads\/2023\/05\/1985-Naissance-et-croissance-du-Saint-Chamas-actuel-1600-1984.jpg\"><img loading=\"lazy\" decoding=\"async\" width=\"728\" height=\"1024\" data-id=\"456\" src=\"https:\/\/avsc13.fr\/site\/wp-content\/uploads\/2023\/05\/1985-Naissance-et-croissance-du-Saint-Chamas-actuel-1600-1984-728x1024.jpg\" alt=\"\" class=\"wp-image-456\" srcset=\"https:\/\/avsc13.fr\/site\/wp-content\/uploads\/2023\/05\/1985-Naissance-et-croissance-du-Saint-Chamas-actuel-1600-1984-728x1024.jpg 728w, https:\/\/avsc13.fr\/site\/wp-content\/uploads\/2023\/05\/1985-Naissance-et-croissance-du-Saint-Chamas-actuel-1600-1984-213x300.jpg 213w, https:\/\/avsc13.fr\/site\/wp-content\/uploads\/2023\/05\/1985-Naissance-et-croissance-du-Saint-Chamas-actuel-1600-1984-768x1080.jpg 768w, https:\/\/avsc13.fr\/site\/wp-content\/uploads\/2023\/05\/1985-Naissance-et-croissance-du-Saint-Chamas-actuel-1600-1984.jpg 876w\" sizes=\"auto, (max-width: 728px) 100vw, 728px\" \/><\/a><figcaption class=\"wp-element-caption\">1985<\/figcaption><\/figure>\n\n\n\n<figure class=\"wp-block-image size-large\"><a href=\"https:\/\/avsc13.fr\/site\/wp-content\/uploads\/2023\/05\/1987-Les-troglodytes-de-Saint-Chamas-en-Provence.jpg\"><img loading=\"lazy\" decoding=\"async\" width=\"686\" height=\"1024\" data-id=\"455\" src=\"https:\/\/avsc13.fr\/site\/wp-content\/uploads\/2023\/05\/1987-Les-troglodytes-de-Saint-Chamas-en-Provence-686x1024.jpg\" alt=\"\" class=\"wp-image-455\" srcset=\"https:\/\/avsc13.fr\/site\/wp-content\/uploads\/2023\/05\/1987-Les-troglodytes-de-Saint-Chamas-en-Provence-686x1024.jpg 686w, https:\/\/avsc13.fr\/site\/wp-content\/uploads\/2023\/05\/1987-Les-troglodytes-de-Saint-Chamas-en-Provence-201x300.jpg 201w, https:\/\/avsc13.fr\/site\/wp-content\/uploads\/2023\/05\/1987-Les-troglodytes-de-Saint-Chamas-en-Provence-768x1146.jpg 768w, https:\/\/avsc13.fr\/site\/wp-content\/uploads\/2023\/05\/1987-Les-troglodytes-de-Saint-Chamas-en-Provence.jpg 876w\" sizes=\"auto, (max-width: 686px) 100vw, 686px\" \/><\/a><figcaption class=\"wp-element-caption\">1987<\/figcaption><\/figure>\n\n\n\n<figure class=\"wp-block-image size-large\"><a href=\"https:\/\/avsc13.fr\/site\/wp-content\/uploads\/2023\/05\/1988-La-Revolution-a-Saint-Chamas-de-1789-a-1795.jpg\"><img loading=\"lazy\" decoding=\"async\" width=\"701\" height=\"1024\" data-id=\"460\" src=\"https:\/\/avsc13.fr\/site\/wp-content\/uploads\/2023\/05\/1988-La-Revolution-a-Saint-Chamas-de-1789-a-1795-701x1024.jpg\" alt=\"\" class=\"wp-image-460\" srcset=\"https:\/\/avsc13.fr\/site\/wp-content\/uploads\/2023\/05\/1988-La-Revolution-a-Saint-Chamas-de-1789-a-1795-701x1024.jpg 701w, https:\/\/avsc13.fr\/site\/wp-content\/uploads\/2023\/05\/1988-La-Revolution-a-Saint-Chamas-de-1789-a-1795-205x300.jpg 205w, https:\/\/avsc13.fr\/site\/wp-content\/uploads\/2023\/05\/1988-La-Revolution-a-Saint-Chamas-de-1789-a-1795-768x1121.jpg 768w, https:\/\/avsc13.fr\/site\/wp-content\/uploads\/2023\/05\/1988-La-Revolution-a-Saint-Chamas-de-1789-a-1795.jpg 876w\" sizes=\"auto, (max-width: 701px) 100vw, 701px\" \/><\/a><figcaption class=\"wp-element-caption\">1988<\/figcaption><\/figure>\n\n\n\n<figure class=\"wp-block-image size-large\"><a href=\"https:\/\/avsc13.fr\/site\/wp-content\/uploads\/2023\/05\/1989-La-Revolution-a-Saint-Chamas-de-1795-a-1800.jpg\"><img loading=\"lazy\" decoding=\"async\" width=\"693\" height=\"1024\" data-id=\"454\" src=\"https:\/\/avsc13.fr\/site\/wp-content\/uploads\/2023\/05\/1989-La-Revolution-a-Saint-Chamas-de-1795-a-1800-693x1024.jpg\" alt=\"\" class=\"wp-image-454\" srcset=\"https:\/\/avsc13.fr\/site\/wp-content\/uploads\/2023\/05\/1989-La-Revolution-a-Saint-Chamas-de-1795-a-1800-693x1024.jpg 693w, https:\/\/avsc13.fr\/site\/wp-content\/uploads\/2023\/05\/1989-La-Revolution-a-Saint-Chamas-de-1795-a-1800-203x300.jpg 203w, https:\/\/avsc13.fr\/site\/wp-content\/uploads\/2023\/05\/1989-La-Revolution-a-Saint-Chamas-de-1795-a-1800-768x1134.jpg 768w, https:\/\/avsc13.fr\/site\/wp-content\/uploads\/2023\/05\/1989-La-Revolution-a-Saint-Chamas-de-1795-a-1800.jpg 876w\" sizes=\"auto, (max-width: 693px) 100vw, 693px\" \/><\/a><figcaption class=\"wp-element-caption\">1989<\/figcaption><\/figure>\n\n\n\n<figure class=\"wp-block-image size-large\"><a href=\"https:\/\/avsc13.fr\/site\/wp-content\/uploads\/2023\/05\/1989-Le-Pont-Flavien-de-Saint-Chamas.jpg\"><img loading=\"lazy\" decoding=\"async\" width=\"696\" height=\"1024\" data-id=\"463\" src=\"https:\/\/avsc13.fr\/site\/wp-content\/uploads\/2023\/05\/1989-Le-Pont-Flavien-de-Saint-Chamas-696x1024.jpg\" alt=\"\" class=\"wp-image-463\" srcset=\"https:\/\/avsc13.fr\/site\/wp-content\/uploads\/2023\/05\/1989-Le-Pont-Flavien-de-Saint-Chamas-696x1024.jpg 696w, https:\/\/avsc13.fr\/site\/wp-content\/uploads\/2023\/05\/1989-Le-Pont-Flavien-de-Saint-Chamas-204x300.jpg 204w, https:\/\/avsc13.fr\/site\/wp-content\/uploads\/2023\/05\/1989-Le-Pont-Flavien-de-Saint-Chamas-768x1130.jpg 768w, https:\/\/avsc13.fr\/site\/wp-content\/uploads\/2023\/05\/1989-Le-Pont-Flavien-de-Saint-Chamas.jpg 876w\" sizes=\"auto, (max-width: 696px) 100vw, 696px\" \/><\/a><figcaption class=\"wp-element-caption\">1989<\/figcaption><\/figure>\n\n\n\n<figure class=\"wp-block-image size-large\"><a href=\"https:\/\/avsc13.fr\/site\/wp-content\/uploads\/2023\/05\/1990-La-grande-misere-de-Saint-Chamas-le-Riche-aux-17e-et-18e-siecles.jpg\"><img loading=\"lazy\" decoding=\"async\" width=\"690\" height=\"1024\" data-id=\"450\" src=\"https:\/\/avsc13.fr\/site\/wp-content\/uploads\/2023\/05\/1990-La-grande-misere-de-Saint-Chamas-le-Riche-aux-17e-et-18e-siecles-690x1024.jpg\" alt=\"\" class=\"wp-image-450\" srcset=\"https:\/\/avsc13.fr\/site\/wp-content\/uploads\/2023\/05\/1990-La-grande-misere-de-Saint-Chamas-le-Riche-aux-17e-et-18e-siecles-690x1024.jpg 690w, https:\/\/avsc13.fr\/site\/wp-content\/uploads\/2023\/05\/1990-La-grande-misere-de-Saint-Chamas-le-Riche-aux-17e-et-18e-siecles-202x300.jpg 202w, https:\/\/avsc13.fr\/site\/wp-content\/uploads\/2023\/05\/1990-La-grande-misere-de-Saint-Chamas-le-Riche-aux-17e-et-18e-siecles-768x1140.jpg 768w, https:\/\/avsc13.fr\/site\/wp-content\/uploads\/2023\/05\/1990-La-grande-misere-de-Saint-Chamas-le-Riche-aux-17e-et-18e-siecles.jpg 876w\" sizes=\"auto, (max-width: 690px) 100vw, 690px\" \/><\/a><figcaption class=\"wp-element-caption\">1990<\/figcaption><\/figure>\n\n\n\n<figure class=\"wp-block-image size-large\"><a href=\"https:\/\/avsc13.fr\/site\/wp-content\/uploads\/2023\/05\/1991-Les-habitants-de-Saint-Chamas-du-17e-au-20e-siecle.jpg\"><img loading=\"lazy\" decoding=\"async\" width=\"693\" height=\"1024\" data-id=\"459\" src=\"https:\/\/avsc13.fr\/site\/wp-content\/uploads\/2023\/05\/1991-Les-habitants-de-Saint-Chamas-du-17e-au-20e-siecle-693x1024.jpg\" alt=\"\" class=\"wp-image-459\" srcset=\"https:\/\/avsc13.fr\/site\/wp-content\/uploads\/2023\/05\/1991-Les-habitants-de-Saint-Chamas-du-17e-au-20e-siecle-693x1024.jpg 693w, https:\/\/avsc13.fr\/site\/wp-content\/uploads\/2023\/05\/1991-Les-habitants-de-Saint-Chamas-du-17e-au-20e-siecle-203x300.jpg 203w, https:\/\/avsc13.fr\/site\/wp-content\/uploads\/2023\/05\/1991-Les-habitants-de-Saint-Chamas-du-17e-au-20e-siecle-768x1134.jpg 768w, https:\/\/avsc13.fr\/site\/wp-content\/uploads\/2023\/05\/1991-Les-habitants-de-Saint-Chamas-du-17e-au-20e-siecle.jpg 876w\" sizes=\"auto, (max-width: 693px) 100vw, 693px\" \/><\/a><figcaption class=\"wp-element-caption\">1991<\/figcaption><\/figure>\n\n\n\n<figure class=\"wp-block-image size-large\"><a href=\"https:\/\/avsc13.fr\/site\/wp-content\/uploads\/2023\/05\/1991-Saint-Chamas-le-Pont-Flavien-patrimoine-touristique.jpg\"><img loading=\"lazy\" decoding=\"async\" width=\"686\" height=\"1024\" data-id=\"453\" src=\"https:\/\/avsc13.fr\/site\/wp-content\/uploads\/2023\/05\/1991-Saint-Chamas-le-Pont-Flavien-patrimoine-touristique-686x1024.jpg\" alt=\"\" class=\"wp-image-453\" srcset=\"https:\/\/avsc13.fr\/site\/wp-content\/uploads\/2023\/05\/1991-Saint-Chamas-le-Pont-Flavien-patrimoine-touristique-686x1024.jpg 686w, https:\/\/avsc13.fr\/site\/wp-content\/uploads\/2023\/05\/1991-Saint-Chamas-le-Pont-Flavien-patrimoine-touristique-201x300.jpg 201w, https:\/\/avsc13.fr\/site\/wp-content\/uploads\/2023\/05\/1991-Saint-Chamas-le-Pont-Flavien-patrimoine-touristique-768x1146.jpg 768w, https:\/\/avsc13.fr\/site\/wp-content\/uploads\/2023\/05\/1991-Saint-Chamas-le-Pont-Flavien-patrimoine-touristique.jpg 876w\" sizes=\"auto, (max-width: 686px) 100vw, 686px\" \/><\/a><figcaption class=\"wp-element-caption\">1991<\/figcaption><\/figure>\n\n\n\n<figure class=\"wp-block-image size-large\"><a href=\"https:\/\/avsc13.fr\/site\/wp-content\/uploads\/2023\/05\/1992-Travail-Industrie-Commerce-dans-la-region-de-Saint-Chamas-2500BC-1900.jpg\"><img loading=\"lazy\" decoding=\"async\" width=\"699\" height=\"1024\" data-id=\"452\" src=\"https:\/\/avsc13.fr\/site\/wp-content\/uploads\/2023\/05\/1992-Travail-Industrie-Commerce-dans-la-region-de-Saint-Chamas-2500BC-1900-699x1024.jpg\" alt=\"\" class=\"wp-image-452\" srcset=\"https:\/\/avsc13.fr\/site\/wp-content\/uploads\/2023\/05\/1992-Travail-Industrie-Commerce-dans-la-region-de-Saint-Chamas-2500BC-1900-699x1024.jpg 699w, https:\/\/avsc13.fr\/site\/wp-content\/uploads\/2023\/05\/1992-Travail-Industrie-Commerce-dans-la-region-de-Saint-Chamas-2500BC-1900-205x300.jpg 205w, https:\/\/avsc13.fr\/site\/wp-content\/uploads\/2023\/05\/1992-Travail-Industrie-Commerce-dans-la-region-de-Saint-Chamas-2500BC-1900-768x1125.jpg 768w, https:\/\/avsc13.fr\/site\/wp-content\/uploads\/2023\/05\/1992-Travail-Industrie-Commerce-dans-la-region-de-Saint-Chamas-2500BC-1900.jpg 876w\" sizes=\"auto, (max-width: 699px) 100vw, 699px\" \/><\/a><figcaption class=\"wp-element-caption\">1992<\/figcaption><\/figure>\n\n\n\n<figure class=\"wp-block-image size-large\"><a href=\"https:\/\/avsc13.fr\/site\/wp-content\/uploads\/2023\/05\/1993-Le-Saint-Chamas-medieval-du-Baou.jpg\"><img loading=\"lazy\" decoding=\"async\" width=\"702\" height=\"1024\" data-id=\"464\" src=\"https:\/\/avsc13.fr\/site\/wp-content\/uploads\/2023\/05\/1993-Le-Saint-Chamas-medieval-du-Baou-702x1024.jpg\" alt=\"\" class=\"wp-image-464\" srcset=\"https:\/\/avsc13.fr\/site\/wp-content\/uploads\/2023\/05\/1993-Le-Saint-Chamas-medieval-du-Baou-702x1024.jpg 702w, https:\/\/avsc13.fr\/site\/wp-content\/uploads\/2023\/05\/1993-Le-Saint-Chamas-medieval-du-Baou-206x300.jpg 206w, https:\/\/avsc13.fr\/site\/wp-content\/uploads\/2023\/05\/1993-Le-Saint-Chamas-medieval-du-Baou-768x1120.jpg 768w, https:\/\/avsc13.fr\/site\/wp-content\/uploads\/2023\/05\/1993-Le-Saint-Chamas-medieval-du-Baou.jpg 876w\" sizes=\"auto, (max-width: 702px) 100vw, 702px\" \/><\/a><figcaption class=\"wp-element-caption\">1993<\/figcaption><\/figure>\n\n\n\n<figure class=\"wp-block-image size-large\"><a href=\"https:\/\/avsc13.fr\/site\/wp-content\/uploads\/2023\/05\/1995-Photographies-de-Joseph-Sanguin-1860-1903.jpg\"><img loading=\"lazy\" decoding=\"async\" width=\"876\" height=\"863\" data-id=\"447\" src=\"https:\/\/avsc13.fr\/site\/wp-content\/uploads\/2023\/05\/1995-Photographies-de-Joseph-Sanguin-1860-1903.jpg\" alt=\"\" class=\"wp-image-447\" srcset=\"https:\/\/avsc13.fr\/site\/wp-content\/uploads\/2023\/05\/1995-Photographies-de-Joseph-Sanguin-1860-1903.jpg 876w, https:\/\/avsc13.fr\/site\/wp-content\/uploads\/2023\/05\/1995-Photographies-de-Joseph-Sanguin-1860-1903-300x296.jpg 300w, https:\/\/avsc13.fr\/site\/wp-content\/uploads\/2023\/05\/1995-Photographies-de-Joseph-Sanguin-1860-1903-768x757.jpg 768w, https:\/\/avsc13.fr\/site\/wp-content\/uploads\/2023\/05\/1995-Photographies-de-Joseph-Sanguin-1860-1903-80x80.jpg 80w\" sizes=\"auto, (max-width: 876px) 100vw, 876px\" \/><\/a><figcaption class=\"wp-element-caption\">1995<\/figcaption><\/figure>\n\n\n\n<figure class=\"wp-block-image size-large\"><a href=\"https:\/\/avsc13.fr\/site\/wp-content\/uploads\/2023\/05\/2000-Saint-Chamas-la-place-des-Penitents.jpg\"><img loading=\"lazy\" decoding=\"async\" width=\"689\" height=\"1024\" data-id=\"461\" src=\"https:\/\/avsc13.fr\/site\/wp-content\/uploads\/2023\/05\/2000-Saint-Chamas-la-place-des-Penitents-689x1024.jpg\" alt=\"\" class=\"wp-image-461\" srcset=\"https:\/\/avsc13.fr\/site\/wp-content\/uploads\/2023\/05\/2000-Saint-Chamas-la-place-des-Penitents-689x1024.jpg 689w, https:\/\/avsc13.fr\/site\/wp-content\/uploads\/2023\/05\/2000-Saint-Chamas-la-place-des-Penitents-202x300.jpg 202w, https:\/\/avsc13.fr\/site\/wp-content\/uploads\/2023\/05\/2000-Saint-Chamas-la-place-des-Penitents-768x1141.jpg 768w, https:\/\/avsc13.fr\/site\/wp-content\/uploads\/2023\/05\/2000-Saint-Chamas-la-place-des-Penitents.jpg 876w\" sizes=\"auto, (max-width: 689px) 100vw, 689px\" \/><\/a><figcaption class=\"wp-element-caption\">2000<\/figcaption><\/figure>\n\n\n\n<figure class=\"wp-block-image size-large\"><a href=\"https:\/\/avsc13.fr\/site\/wp-content\/uploads\/2023\/05\/2002-L-amour-d-n-paysage-Seyssaud-a-Saint-Chamas.jpg\"><img loading=\"lazy\" decoding=\"async\" width=\"814\" height=\"1024\" data-id=\"465\" src=\"https:\/\/avsc13.fr\/site\/wp-content\/uploads\/2023\/05\/2002-L-amour-d-n-paysage-Seyssaud-a-Saint-Chamas-814x1024.jpg\" alt=\"\" class=\"wp-image-465\" srcset=\"https:\/\/avsc13.fr\/site\/wp-content\/uploads\/2023\/05\/2002-L-amour-d-n-paysage-Seyssaud-a-Saint-Chamas-814x1024.jpg 814w, https:\/\/avsc13.fr\/site\/wp-content\/uploads\/2023\/05\/2002-L-amour-d-n-paysage-Seyssaud-a-Saint-Chamas-239x300.jpg 239w, https:\/\/avsc13.fr\/site\/wp-content\/uploads\/2023\/05\/2002-L-amour-d-n-paysage-Seyssaud-a-Saint-Chamas-768x966.jpg 768w, https:\/\/avsc13.fr\/site\/wp-content\/uploads\/2023\/05\/2002-L-amour-d-n-paysage-Seyssaud-a-Saint-Chamas.jpg 870w\" sizes=\"auto, (max-width: 814px) 100vw, 814px\" \/><\/a><figcaption class=\"wp-element-caption\">2002<\/figcaption><\/figure>\n\n\n\n<figure class=\"wp-block-image size-large\"><a href=\"https:\/\/avsc13.fr\/site\/wp-content\/uploads\/2023\/05\/2008-Biographie-emouvante-d-Aman-Silvestre.jpg\"><img loading=\"lazy\" decoding=\"async\" width=\"694\" height=\"1024\" data-id=\"457\" src=\"https:\/\/avsc13.fr\/site\/wp-content\/uploads\/2023\/05\/2008-Biographie-emouvante-d-Aman-Silvestre-694x1024.jpg\" alt=\"\" class=\"wp-image-457\" srcset=\"https:\/\/avsc13.fr\/site\/wp-content\/uploads\/2023\/05\/2008-Biographie-emouvante-d-Aman-Silvestre-694x1024.jpg 694w, https:\/\/avsc13.fr\/site\/wp-content\/uploads\/2023\/05\/2008-Biographie-emouvante-d-Aman-Silvestre-203x300.jpg 203w, https:\/\/avsc13.fr\/site\/wp-content\/uploads\/2023\/05\/2008-Biographie-emouvante-d-Aman-Silvestre-768x1134.jpg 768w, https:\/\/avsc13.fr\/site\/wp-content\/uploads\/2023\/05\/2008-Biographie-emouvante-d-Aman-Silvestre.jpg 876w\" sizes=\"auto, (max-width: 694px) 100vw, 694px\" \/><\/a><figcaption class=\"wp-element-caption\">2008<\/figcaption><\/figure>\n\n\n\n<figure class=\"wp-block-image size-large\"><a href=\"https:\/\/avsc13.fr\/site\/wp-content\/uploads\/2023\/05\/2009-Rene-Seyssaud-Lettres-a-ses-parents.jpg\"><img loading=\"lazy\" decoding=\"async\" width=\"792\" height=\"1024\" data-id=\"458\" src=\"https:\/\/avsc13.fr\/site\/wp-content\/uploads\/2023\/05\/2009-Rene-Seyssaud-Lettres-a-ses-parents-792x1024.jpg\" alt=\"\" class=\"wp-image-458\" srcset=\"https:\/\/avsc13.fr\/site\/wp-content\/uploads\/2023\/05\/2009-Rene-Seyssaud-Lettres-a-ses-parents-792x1024.jpg 792w, https:\/\/avsc13.fr\/site\/wp-content\/uploads\/2023\/05\/2009-Rene-Seyssaud-Lettres-a-ses-parents-232x300.jpg 232w, https:\/\/avsc13.fr\/site\/wp-content\/uploads\/2023\/05\/2009-Rene-Seyssaud-Lettres-a-ses-parents-768x993.jpg 768w, https:\/\/avsc13.fr\/site\/wp-content\/uploads\/2023\/05\/2009-Rene-Seyssaud-Lettres-a-ses-parents.jpg 876w\" sizes=\"auto, (max-width: 792px) 100vw, 792px\" \/><\/a><figcaption class=\"wp-element-caption\">2009<\/figcaption><\/figure>\n<\/figure>\n","protected":false},"excerpt":{"rendered":"<p>Cliquer sur la couverture pour acc\u00e9der aux informations d\u00e9taill\u00e9es de chaque ouvrage :<\/p>\n","protected":false},"author":1,"featured_media":0,"parent":0,"menu_order":0,"comment_status":"closed","ping_status":"closed","template":"","meta":{"footnotes":""},"class_list":["post-131","page","type-page","status-publish","hentry"],"_links":{"self":[{"href":"https:\/\/avsc13.fr\/site\/wp-json\/wp\/v2\/pages\/131","targetHints":{"allow":["GET"]}}],"collection":[{"href":"https:\/\/avsc13.fr\/site\/wp-json\/wp\/v2\/pages"}],"about":[{"href":"https:\/\/avsc13.fr\/site\/wp-json\/wp\/v2\/types\/page"}],"author":[{"embeddable":true,"href":"https:\/\/avsc13.fr\/site\/wp-json\/wp\/v2\/users\/1"}],"replies":[{"embeddable":true,"href":"https:\/\/avsc13.fr\/site\/wp-json\/wp\/v2\/comments?post=131"}],"version-history":[{"count":11,"href":"https:\/\/avsc13.fr\/site\/wp-json\/wp\/v2\/pages\/131\/revisions"}],"predecessor-version":[{"id":471,"href":"https:\/\/avsc13.fr\/site\/wp-json\/wp\/v2\/pages\/131\/revisions\/471"}],"wp:attachment":[{"href":"https:\/\/avsc13.fr\/site\/wp-json\/wp\/v2\/media?parent=131"}],"curies":[{"name":"wp","href":"https:\/\/api.w.org\/{rel}","templated":true}]}}