{"id":550,"date":"2024-11-04T21:22:48","date_gmt":"2024-11-04T20:22:48","guid":{"rendered":"https:\/\/avsc13.fr\/site\/?page_id=550"},"modified":"2024-11-06T08:13:02","modified_gmt":"2024-11-06T07:13:02","slug":"les-58-poilus-de-saint-chamas-morts-pour-la-france","status":"publish","type":"page","link":"https:\/\/avsc13.fr\/site\/les-58-poilus-de-saint-chamas-morts-pour-la-france\/","title":{"rendered":"Les 58 Poilus de Saint-Chamas Morts pour la France"},"content":{"rendered":"<div class=\"wp-block-image\">\n<figure class=\"aligncenter size-large\"><a href=\"https:\/\/avsc13.fr\/site\/wp-content\/uploads\/2024\/11\/STCH-monument-aux-morts-1920-1.jpg\"><img loading=\"lazy\" decoding=\"async\" width=\"1024\" height=\"649\" src=\"https:\/\/avsc13.fr\/site\/wp-content\/uploads\/2024\/11\/STCH-monument-aux-morts-1920-1-1024x649.jpg\" alt=\"\" class=\"wp-image-739\" srcset=\"https:\/\/avsc13.fr\/site\/wp-content\/uploads\/2024\/11\/STCH-monument-aux-morts-1920-1-1024x649.jpg 1024w, https:\/\/avsc13.fr\/site\/wp-content\/uploads\/2024\/11\/STCH-monument-aux-morts-1920-1-300x190.jpg 300w, https:\/\/avsc13.fr\/site\/wp-content\/uploads\/2024\/11\/STCH-monument-aux-morts-1920-1-768x487.jpg 768w, https:\/\/avsc13.fr\/site\/wp-content\/uploads\/2024\/11\/STCH-monument-aux-morts-1920-1.jpg 1500w\" sizes=\"auto, (max-width: 1024px) 100vw, 1024px\" \/><\/a><figcaption class=\"wp-element-caption\">Le monument aux Morts vers 1925.<\/figcaption><\/figure>\n<\/div>\n\n\n<p><br><strong>AGARD <em>Jean<\/em> Marie Joseph<\/strong>, dessinateur<\/p>\n\n\n\n<p>Brigadier au 115e r\u00e9giment d\u2019artillerie lourde, 14e batterie, matricule n\u00b01358 au recrutement de Toulon, classe 1909.<br>N\u00e9 le 27 d\u00e9cembre 1891 \u00e0 Saint-Chamas (Bouches-du-Rh\u00f4ne), fils de Baptistin Apollinaire, boucher, et de Th\u00e9r\u00e8se Ad\u00e8le Eylieu.<br>Mari\u00e9 le 18 novembre 1915 \u00e0 Marseille (Bouches-du-Rh\u00f4ne) avec Lucie Fortun\u00e9e Simon.<br>Il est engag\u00e9 volontaire pour 5 ans le 7 mars 1910 \u00e0 la mairie de Toulon. Il est incorpor\u00e9 au 15e escadron du Train des \u00c9quipages militaires, arriv\u00e9 au corps et cavalier de 2e classe le 8 mars 1910.<br>Il est nomm\u00e9 brigadier le 10 novembre 1910. Pass\u00e9 au 38e r\u00e9giment d&rsquo;artillerie le 23 octobre 1915. Pass\u00e9 au 115e r\u00e9giment d&rsquo;artillerie lourde le 11 mai 1916. Il est bless\u00e9 par \u00e9clat d\u2019obus \u00e0 la cuisse gauche le 9 avril 1917.<br>Mort pour la France, des suites de ses blessures de guerres, le 9 avril 1917 au centre chirurgical de Chauny (Aisne).<br>Acte de d\u00e9c\u00e8s transcrit le 20 octobre 1917 \u00e0 Marseille (Bouches-du-Rh\u00f4ne).<br>Inscription&nbsp;: 13 &#8211; Marseille &#8211; Livre d&rsquo;Or du minist\u00e8re des pensions.<\/p>\n\n\n\n<p><br><strong>ANDR\u00c9 <em>Albert<\/em> Victor<\/strong>, journalier<\/p>\n\n\n\n<div class=\"wp-block-group\"><div class=\"wp-block-group__inner-container is-layout-constrained wp-block-group-is-layout-constrained\">\n<p>Chasseur de 2e classe au 30e bataillon de chasseurs alpins, matricule n\u00b0186 au recrutement de Marseille, classe 1915.<br>N\u00e9 le 24 avril 1895 \u00e0 Saint-Chamas (Bouches-du-Rh\u00f4ne), fils d\u2019Andr\u00e9 Charles Eug\u00e8ne, journalier, et d\u2019Anne Paurillon. C\u00e9libataire.<br>Il est ajourn\u00e9 pour faiblesse le 14 mai 1915. Il est incorpor\u00e9 le 8 septembre 1915, arriv\u00e9 au corps et soldat de 2e classe le m\u00eame jour.<br>Mort pour la France, tu\u00e9 \u00e0 l\u2019ennemi, le 8 octobre 1918 au nord de Saint-Quentin (Aisne)<br>Inhum\u00e9 \u00e0 la n\u00e9cropole nationale de Saint-Quentin (Aisne), tombe n\u00b02505<br>acte de d\u00e9c\u00e8s transcrit le 11 janvier 1919 \u00e0 Saint-Chamas (Bouches-du-Rh\u00f4ne)<br>Cit\u00e9 \u00e0 l&rsquo;ordre de la division le 2 mai 1919 : \u00ab&nbsp;S&rsquo;est vaillamment battu pendant les combats du 1er au 8 octobre 1918 \u00e0 travers la ligne Hindenburg. Glorieusement tomb\u00e9 le 8 octobre en per\u00e7ant cette position&nbsp;\u00bb. M\u00e9daille militaire. Croix de guerre avec palme.<br>Inscriptions : 13 &#8211; Saint-Chamas &#8211; Monument aux morts &#8211; 13 &#8211; Saint-Chamas &#8211; Plaque comm\u00e9morative de l&rsquo;\u00e9glise Saint-L\u00e9ger &#8211; 13 &#8211; Saint-Chamas &#8211; Livre d&rsquo;Or du minist\u00e8re des pensions<\/p>\n<\/div><\/div>\n\n\n\n<p><br><strong>BARRY <em>Casimir<\/em> Julien<\/strong>, tuilier<\/p>\n\n\n<div class=\"wp-block-image\">\n<figure class=\"aligncenter size-large\"><a href=\"https:\/\/avsc13.fr\/site\/wp-content\/uploads\/2024\/11\/Journal_officiel_de_la_Republique-1920-08-13-citation-BARRY-casimir.jpg\"><img loading=\"lazy\" decoding=\"async\" width=\"1024\" height=\"261\" src=\"https:\/\/avsc13.fr\/site\/wp-content\/uploads\/2024\/11\/Journal_officiel_de_la_Republique-1920-08-13-citation-BARRY-casimir-1024x261.jpg\" alt=\"Citation parue au Journal Officiel le 13 ao\u00fbt 1920.\" class=\"wp-image-680\" srcset=\"https:\/\/avsc13.fr\/site\/wp-content\/uploads\/2024\/11\/Journal_officiel_de_la_Republique-1920-08-13-citation-BARRY-casimir-1024x261.jpg 1024w, https:\/\/avsc13.fr\/site\/wp-content\/uploads\/2024\/11\/Journal_officiel_de_la_Republique-1920-08-13-citation-BARRY-casimir-300x77.jpg 300w, https:\/\/avsc13.fr\/site\/wp-content\/uploads\/2024\/11\/Journal_officiel_de_la_Republique-1920-08-13-citation-BARRY-casimir-768x196.jpg 768w, https:\/\/avsc13.fr\/site\/wp-content\/uploads\/2024\/11\/Journal_officiel_de_la_Republique-1920-08-13-citation-BARRY-casimir.jpg 1031w\" sizes=\"auto, (max-width: 1024px) 100vw, 1024px\" \/><\/a><figcaption class=\"wp-element-caption\">Citation parue au Journal Officiel le 13 ao\u00fbt 1920.<\/figcaption><\/figure>\n<\/div>\n\n\n<p>Zouave de 2e classe au 2e r\u00e9giment de zouaves, matricule n\u00b02189 au recrutement de Marseille, classe 1902.<br>N\u00e9 le 5 f\u00e9vrier 1882 \u00e0 Saint-Chamas (Bouches-du-Rh\u00f4ne), fils d\u2019Alphonse, cultivateur, et de Louise Domergue. C\u00e9libataire.<br>Il est incorpor\u00e9 le 18 novembre 1903, arriv\u00e9 au corps le 20 novembre 1903 et zouave de 2e classe le m\u00eame jour. Refusant son incorporation, il est arr\u00eat\u00e9 par la gendarmerie \u00e0 Chorges (Hautes-Alpes) le 21 d\u00e9cembre 1903 et transf\u00e9r\u00e9 \u00e0 Marseille pour rejoindre son corps \u00e0 Tunis. Il fait tout son service en Tunisie. Le 13 novembre 1905 \u00e0 Tunis \u00e9tant cuisinier de compagnie, appuyait son pied droit sur le fourneau pour sortir une marmite de son emplacement lorsqu&rsquo;il glissa dans la marmite voisine remplie d&rsquo;eau chaude et f\u00fbt atteint de br\u00fblures au 2e degr\u00e9 au pied droit. Il est lib\u00e9r\u00e9 le 5 octobre 1906, certificat de bonne conduite accord\u00e9.<br>Il est mobilis\u00e9 le 1er ao\u00fbt 1914, arriv\u00e9 au corps le 13 ao\u00fbt 1914. Bless\u00e9 et \u00e9vacu\u00e9 le 21 novembre 1914.<br>Mort pour la France, tu\u00e9 \u00e0 l\u2019ennemi, le 6 juin 1915 \u00e0 Quennevi\u00e8res, commune de Moulin-sous-Touvent (Oise)<br>Acte de d\u00e9c\u00e8s transcrit le 14 septembre 1915 \u00e0 Marseille (Bouches-du-Rh\u00f4ne).<br>Inhum\u00e9 \u00e0 la n\u00e9cropole nationale de Tracy-le-Mont (Oise), carr\u00e9 A, tombe n\u00b0171.<br>Inscription : 13 &#8211; Marseille &#8211; Livre d&rsquo;Or du minist\u00e8re des pensions.<\/p>\n\n\n\n<figure class=\"wp-block-gallery has-nested-images columns-default is-cropped wp-block-gallery-1 is-layout-flex wp-block-gallery-is-layout-flex\">\n<figure class=\"wp-block-image size-large\"><a href=\"https:\/\/avsc13.fr\/site\/wp-content\/uploads\/2024\/11\/agard-jean-mdh-1.jpg\"><img loading=\"lazy\" decoding=\"async\" width=\"694\" height=\"1024\" data-id=\"554\" src=\"https:\/\/avsc13.fr\/site\/wp-content\/uploads\/2024\/11\/agard-jean-mdh-1-694x1024.jpg\" alt=\"\" class=\"wp-image-554\" srcset=\"https:\/\/avsc13.fr\/site\/wp-content\/uploads\/2024\/11\/agard-jean-mdh-1-694x1024.jpg 694w, https:\/\/avsc13.fr\/site\/wp-content\/uploads\/2024\/11\/agard-jean-mdh-1-203x300.jpg 203w, https:\/\/avsc13.fr\/site\/wp-content\/uploads\/2024\/11\/agard-jean-mdh-1-768x1133.jpg 768w, https:\/\/avsc13.fr\/site\/wp-content\/uploads\/2024\/11\/agard-jean-mdh-1.jpg 944w\" sizes=\"auto, (max-width: 694px) 100vw, 694px\" \/><\/a><\/figure>\n\n\n\n<figure class=\"wp-block-image size-large\"><a href=\"https:\/\/avsc13.fr\/site\/wp-content\/uploads\/2024\/11\/andre-albert-mdh.jpg\"><img loading=\"lazy\" decoding=\"async\" width=\"694\" height=\"1024\" data-id=\"555\" src=\"https:\/\/avsc13.fr\/site\/wp-content\/uploads\/2024\/11\/andre-albert-mdh-694x1024.jpg\" alt=\"\" class=\"wp-image-555\" srcset=\"https:\/\/avsc13.fr\/site\/wp-content\/uploads\/2024\/11\/andre-albert-mdh-694x1024.jpg 694w, https:\/\/avsc13.fr\/site\/wp-content\/uploads\/2024\/11\/andre-albert-mdh-203x300.jpg 203w, https:\/\/avsc13.fr\/site\/wp-content\/uploads\/2024\/11\/andre-albert-mdh-768x1133.jpg 768w, https:\/\/avsc13.fr\/site\/wp-content\/uploads\/2024\/11\/andre-albert-mdh.jpg 944w\" sizes=\"auto, (max-width: 694px) 100vw, 694px\" \/><\/a><\/figure>\n\n\n\n<figure class=\"wp-block-image size-large\"><a href=\"https:\/\/avsc13.fr\/site\/wp-content\/uploads\/2024\/11\/barry-casimir-mdh.jpg\"><img loading=\"lazy\" decoding=\"async\" width=\"694\" height=\"1024\" data-id=\"556\" src=\"https:\/\/avsc13.fr\/site\/wp-content\/uploads\/2024\/11\/barry-casimir-mdh-694x1024.jpg\" alt=\"\" class=\"wp-image-556\" srcset=\"https:\/\/avsc13.fr\/site\/wp-content\/uploads\/2024\/11\/barry-casimir-mdh-694x1024.jpg 694w, https:\/\/avsc13.fr\/site\/wp-content\/uploads\/2024\/11\/barry-casimir-mdh-203x300.jpg 203w, https:\/\/avsc13.fr\/site\/wp-content\/uploads\/2024\/11\/barry-casimir-mdh-768x1133.jpg 768w, https:\/\/avsc13.fr\/site\/wp-content\/uploads\/2024\/11\/barry-casimir-mdh.jpg 944w\" sizes=\"auto, (max-width: 694px) 100vw, 694px\" \/><\/a><\/figure>\n<\/figure>\n\n\n\n<p><\/p>\n\n\n\n<p><br><strong>BAYOL <em>F\u00e9lix<\/em> Gabriel<\/strong>, employ\u00e9<\/p>\n\n\n\n<p>Caporal au 112e r\u00e9giment d\u2019infanterie, 5e compagnie, matricule n\u00b03070 au recrutement de Marseille, classe 1907.<br>N\u00e9 le 18 janvier 1887 \u00e0 Berre-l\u2019\u00c9tang (Bouches-du-Rh\u00f4ne), fils de Marius F\u00e9lix Pomp\u00e9e, cultivateur, et de Marie Ad\u00e8le Michel.<br>Mari\u00e9 le 17 d\u00e9cembre 1912 \u00e0 Saint-Chamas (Bouches-du-Rh\u00f4ne) avec V\u00e9ronique Marie Louise Coni.<br>Il est incorpor\u00e9 le 9 octobre 1908, arriv\u00e9 au corps et soldat de 2e classe le 10 octobre 1908. Nomm\u00e9 soldat de 1\u00e8re classe le 11 juillet 1909. Il est lib\u00e9r\u00e9 le 23 septembre 1910, certificat de bonne conduite accord\u00e9. Mobilis\u00e9 le 1er ao\u00fbt 1914, arriv\u00e9 au corps le 3 ao\u00fbt 1914. Nomm\u00e9 caporal le 11 juin 1916. Bless\u00e9 le 16 d\u00e9cembre 1916.<br>Mort pour la France, des suites de ses blessures, le 21 d\u00e9cembre 1916 au centre hospitalier de Chaumont-sur-Aire (Meuse).<br>Inhum\u00e9 \u00e0 la n\u00e9cropole nationale \u00ab&nbsp;Rembercourt-aux-Pots&nbsp;\u00bb de Rembercourt-Sommaisne (Meuse), tombe n\u00b01210.<br>Acte de d\u00e9c\u00e8s transcrit le 12 mars 1917 \u00e0 Saint-Chamas (Bouches-du-Rh\u00f4ne).<br>Inscriptions&nbsp;: 13 &#8211; Saint-Chamas &#8211; Monument aux morts &#8211; 13 &#8211; Saint-Chamas &#8211; Plaque comm\u00e9morative de l&rsquo;\u00e9glise Saint-L\u00e9ger &#8211; 13 &#8211; Saint-Chamas &#8211; Livre d&rsquo;Or du minist\u00e8re des pensions<\/p>\n\n\n\n<p><br><strong>BELUY <em>L\u00e9on<\/em> Marius Louis<\/strong>, ma\u00e7on<\/p>\n\n\n<div class=\"wp-block-image is-style-rounded\">\n<figure class=\"aligncenter size-medium\"><a href=\"https:\/\/avsc13.fr\/site\/wp-content\/uploads\/2024\/11\/beluy-leon-photo.jpg\"><img loading=\"lazy\" decoding=\"async\" width=\"231\" height=\"300\" src=\"https:\/\/avsc13.fr\/site\/wp-content\/uploads\/2024\/11\/beluy-leon-photo-231x300.jpg\" alt=\"\" class=\"wp-image-656\" srcset=\"https:\/\/avsc13.fr\/site\/wp-content\/uploads\/2024\/11\/beluy-leon-photo-231x300.jpg 231w, https:\/\/avsc13.fr\/site\/wp-content\/uploads\/2024\/11\/beluy-leon-photo.jpg 587w\" sizes=\"auto, (max-width: 231px) 100vw, 231px\" \/><\/a><figcaption class=\"wp-element-caption\">L\u00e9on Beluy<\/figcaption><\/figure>\n<\/div>\n\n\n<p>Caporal au 27e r\u00e9giment d\u2019infanterie, compagnie hors rang, matricule n\u00b0328 au recrutement de Marseille, classe 1904.<br>N\u00e9 le 22 d\u00e9cembre 1884 \u00e0 Saint-Chamas (Bouches-du-Rh\u00f4ne), fils de Joseph Antoine L\u00e9on, charron, et d\u2019Ad\u00e8le Claire Eug\u00e9nie Pontois.<br>Mari\u00e9 le 5 f\u00e9vrier 1910 Saint-Cyr-sur-Mer (Var) avec Magdelaine Augustine Jeanne Damas, fille de C\u00e9saire Marie Jean, chef de gare, et de Jeanne Marie Fran\u00e7oise Morin, n\u00e9e le 6 septembre 1892 \u00e0 Arles (Bouches-du-Rh\u00f4ne). Il est ajourn\u00e9 pour faiblesse en 1905 (arthrite du genou droit). D\u00e9clar\u00e9 bon pour le service en 1906, il est incorpor\u00e9 le 23 octobre 1906, arriv\u00e9 au corps et soldat de 2e classe le m\u00eame jour. Soldat musicien le 3 octobre 1907. Lib\u00e9r\u00e9 le 1er mars 1908, certificat de bonne conduite accord\u00e9.<br>Mobilis\u00e9 le 1er ao\u00fbt 1914, arriv\u00e9 au corps le 3 ao\u00fbt 1914. D\u00e9clar\u00e9 en sursis illimit\u00e9 le 3 juillet 1915, il est d\u00e9tach\u00e9 \u00e0 la Poudrerie de Saint-Chamas. Pass\u00e9 au 9e bataillon du 40e r\u00e9giment d&rsquo;infanterie le 23 juin 1916. Pass\u00e9 au 27e r\u00e9giment d&rsquo;infanterie le 18 ao\u00fbt 1916.<br>Mort pour la France, des suites de ses blessures de guerre, le 25 octobre 1918 \u00e0 l\u2019ambulance 2\/18 \u00e0 \u00c9pernay (Marne).<br>Acte de d\u00e9c\u00e8s transcrit le 26 septembre 1919 \u00e0 Saint-Chamas (Bouches-du-Rh\u00f4ne).<br>D\u00e9cor\u00e9 de la M\u00e9daille militaire et de la Croix de guerre.<br>Inscriptions : 13 &#8211; Saint-Chamas &#8211; Monument aux morts &#8211; 13 &#8211; Saint-Chamas &#8211; Plaque comm\u00e9morative de l&rsquo;\u00e9glise Saint-L\u00e9ger &#8211; 13 &#8211; Saint-Chamas &#8211; Livre d&rsquo;Or du minist\u00e8re des pensions.<\/p>\n\n\n\n<p><br><strong>B\u00c9N\u00c9DETTI Dominique<\/strong><\/p>\n\n\n\n<p>Adjudant au 55e r\u00e9giment d\u2019infanterie, 2e compagnie, matricule n\u00b0454 au recrutement d\u2019Ajaccio, classe 1902.<br>N\u00e9 le 27 janvier 1884 \u00e0 Occhiatana (Haute-Corse), fils de Marc Antoine, cultivateur, et de Marie Ang\u00e8le Biasini.<br>Mari\u00e9 le 28 janvier 1909 \u00e0 Saint-Chamas (Bouches-du-Rh\u00f4ne) avec Marie Virginie Gibert.<br>Incorpor\u00e9 au 55e r\u00e9giment d&rsquo;infanterie \u00e0 compter du 26 octobre 1903 comme engag\u00e9 volontaire pour 4 ans \u00e0 la mairie de Marseille. Arriv\u00e9 au corps et soldat de 2e classe le 27 octobre 1903. Nomm\u00e9 caporal le 14 juillet 1904. Nomm\u00e9 sergent le 26 mars 1906.<br>Rengag\u00e9 pour 2 ans le 13 f\u00e9vrier 1907, \u00e0 compter du 26 octobre 1907.<br>Rengag\u00e9 pour 2 ans le 18 ao\u00fbt 1909, \u00e0 compter du 26 octobre 1909.<br>Rengag\u00e9 pour 1 an le 19 septembre 1911, \u00e0 compter du 26 octobre 1911. Nomm\u00e9 sergent fourrier le 1er f\u00e9vrier 1912.<br>Rengag\u00e9 pour 2 ans le 10 octobre 1912, \u00e0 compter du 26 octobre 1912. Nomm\u00e9 sergent major le 2 juillet 1913.<br>Rengag\u00e9 pour 2 ans le 13 juin 1914, \u00e0 compter du 26 octobre 1914. Nomm\u00e9 adjudant le 22 ao\u00fbt 1914.<br>Mort pour la France, tu\u00e9 \u00e0 l\u2019ennemi par arme \u00e0 feu, le 20 d\u00e9cembre 1914 aux environs de Raff\u00e9court (Meuse).<br>Acte de d\u00e9c\u00e8s transcrit le 12 mai 1915 \u00e0 Saint-Chamas (Bouches-du-Rh\u00f4ne).<br>Inscriptions : 13 &#8211; Saint-Chamas &#8211; Monument aux morts &#8211; 13 &#8211; Saint-Chamas &#8211; Plaque comm\u00e9morative de l&rsquo;\u00e9glise Saint-L\u00e9ger &#8211; 13 &#8211; Saint-Chamas &#8211; Livre d&rsquo;Or du minist\u00e8re des pensions &#8211; 2B &#8211; Occhiatana &#8211; Monument aux morts &#8211; 2B &#8211; Occhiatana &#8211; Livre d&rsquo;Or du minist\u00e8re des pensions &#8211; 2B &#8211; Occhiatana &#8211; Plaque comm\u00e9morative de l&rsquo;\u00e9glise Saint-Barth\u00e9l\u00e9my.<\/p>\n\n\n\n<figure class=\"wp-block-gallery has-nested-images columns-default is-cropped wp-block-gallery-2 is-layout-flex wp-block-gallery-is-layout-flex\">\n<figure class=\"wp-block-image size-large\"><a href=\"https:\/\/avsc13.fr\/site\/wp-content\/uploads\/2024\/11\/bayol-felix-mdh.jpg\"><img loading=\"lazy\" decoding=\"async\" width=\"694\" height=\"1024\" data-id=\"561\" src=\"https:\/\/avsc13.fr\/site\/wp-content\/uploads\/2024\/11\/bayol-felix-mdh-694x1024.jpg\" alt=\"\" class=\"wp-image-561\" srcset=\"https:\/\/avsc13.fr\/site\/wp-content\/uploads\/2024\/11\/bayol-felix-mdh-694x1024.jpg 694w, https:\/\/avsc13.fr\/site\/wp-content\/uploads\/2024\/11\/bayol-felix-mdh-203x300.jpg 203w, https:\/\/avsc13.fr\/site\/wp-content\/uploads\/2024\/11\/bayol-felix-mdh-768x1133.jpg 768w, https:\/\/avsc13.fr\/site\/wp-content\/uploads\/2024\/11\/bayol-felix-mdh.jpg 944w\" sizes=\"auto, (max-width: 694px) 100vw, 694px\" \/><\/a><\/figure>\n\n\n\n<figure class=\"wp-block-image size-large\"><a href=\"https:\/\/avsc13.fr\/site\/wp-content\/uploads\/2024\/11\/beluy-leon-mdh.jpg\"><img loading=\"lazy\" decoding=\"async\" width=\"694\" height=\"1024\" data-id=\"562\" src=\"https:\/\/avsc13.fr\/site\/wp-content\/uploads\/2024\/11\/beluy-leon-mdh-694x1024.jpg\" alt=\"\" class=\"wp-image-562\" srcset=\"https:\/\/avsc13.fr\/site\/wp-content\/uploads\/2024\/11\/beluy-leon-mdh-694x1024.jpg 694w, https:\/\/avsc13.fr\/site\/wp-content\/uploads\/2024\/11\/beluy-leon-mdh-203x300.jpg 203w, https:\/\/avsc13.fr\/site\/wp-content\/uploads\/2024\/11\/beluy-leon-mdh-768x1133.jpg 768w, https:\/\/avsc13.fr\/site\/wp-content\/uploads\/2024\/11\/beluy-leon-mdh.jpg 944w\" sizes=\"auto, (max-width: 694px) 100vw, 694px\" \/><\/a><\/figure>\n\n\n\n<figure class=\"wp-block-image size-large\"><a href=\"https:\/\/avsc13.fr\/site\/wp-content\/uploads\/2024\/11\/benedetti-dominique-mdh.jpg\"><img loading=\"lazy\" decoding=\"async\" width=\"694\" height=\"1024\" data-id=\"563\" src=\"https:\/\/avsc13.fr\/site\/wp-content\/uploads\/2024\/11\/benedetti-dominique-mdh-694x1024.jpg\" alt=\"\" class=\"wp-image-563\" srcset=\"https:\/\/avsc13.fr\/site\/wp-content\/uploads\/2024\/11\/benedetti-dominique-mdh-694x1024.jpg 694w, https:\/\/avsc13.fr\/site\/wp-content\/uploads\/2024\/11\/benedetti-dominique-mdh-203x300.jpg 203w, https:\/\/avsc13.fr\/site\/wp-content\/uploads\/2024\/11\/benedetti-dominique-mdh-768x1133.jpg 768w, https:\/\/avsc13.fr\/site\/wp-content\/uploads\/2024\/11\/benedetti-dominique-mdh.jpg 944w\" sizes=\"auto, (max-width: 694px) 100vw, 694px\" \/><\/a><\/figure>\n<\/figure>\n\n\n\n<p><\/p>\n\n\n\n<p><br><strong>BENET <em>L\u00e9on<\/em> Antonin<\/strong>, ferblantier<\/p>\n\n\n\n<p>Soldat de 2e classe au 97e r\u00e9giment d\u2019infanterie, matricule n\u00b0355 au recrutement de Marseille, classe 1917.<br>N\u00e9 le 26 ao\u00fbt 1897 \u00e0 Saint-Chamas (Bouches-du-Rh\u00f4ne), fils de Jean Antoine, ferblantier, et d\u2019Olympe Marguerite Chabaud. C\u00e9libataire.<br>Il est incorpor\u00e9 le 9 janvier 1916, arriv\u00e9 au corps le jour suivant. Pass\u00e9 au 9e bataillon de marche aux arm\u00e9es le 19 septembre 1916. Pass\u00e9 au 97e r\u00e9giment d&rsquo;infanterie le 8 novembre 1916.<br>Mort pour la France, tu\u00e9 \u00e0 l\u2019ennemi, le 22 juin 1917 aux tranch\u00e9es devant Braye-en-Laonnois (Aisne).<br>Inhum\u00e9 au cimeti\u00e8re de Moussy, tombe 22.<br>Acte de d\u00e9c\u00e8s transcrit le 5 septembre 1917 \u00e0 Saint-Chamas (Bouches-du-Rh\u00f4ne).<br>d\u00e9coration : croix de guerre.<br>Inscriptions : 13 &#8211; Saint-Chamas &#8211; Monument aux morts &#8211; 13 &#8211; Saint-Chamas &#8211; Plaque comm\u00e9morative de l&rsquo;\u00e9glise Saint-L\u00e9ger &#8211; 13 &#8211; Saint-Chamas &#8211; Livre d&rsquo;Or du minist\u00e8re des pensions.<\/p>\n\n\n\n<div class=\"wp-block-group\"><div class=\"wp-block-group__inner-container is-layout-constrained wp-block-group-is-layout-constrained\">\n<p><br><strong>BERTHON <em>Paul <\/em>Charles Joseph<\/strong>, employ\u00e9<\/p>\n<\/div><\/div>\n\n\n<div class=\"wp-block-image\">\n<figure class=\"aligncenter size-medium\"><a href=\"https:\/\/avsc13.fr\/site\/wp-content\/uploads\/2024\/11\/BERTHON-Paul-photo.jpg\"><img loading=\"lazy\" decoding=\"async\" width=\"228\" height=\"300\" src=\"https:\/\/avsc13.fr\/site\/wp-content\/uploads\/2024\/11\/BERTHON-Paul-photo-228x300.jpg\" alt=\"\" class=\"wp-image-657\" srcset=\"https:\/\/avsc13.fr\/site\/wp-content\/uploads\/2024\/11\/BERTHON-Paul-photo-228x300.jpg 228w, https:\/\/avsc13.fr\/site\/wp-content\/uploads\/2024\/11\/BERTHON-Paul-photo.jpg 577w\" sizes=\"auto, (max-width: 228px) 100vw, 228px\" \/><\/a><figcaption class=\"wp-element-caption\">Paul Berthon<\/figcaption><\/figure>\n<\/div>\n\n\n<p>Zouave de 2e classe au 2ebis r\u00e9giment de Zouaves, matricule n\u00b03155 au recrutement de Marseille, classe 1912.<br>N\u00e9 le 2 avril 1894 \u00e0 Marseille (Bouches-du-Rh\u00f4ne), fils de Paul No\u00ebl, instituteur, et de \u00c9milie Marie Fabre. C\u00e9libataire.<br>Il est engag\u00e9 volontaire pour 3 ans le 16 mai 1913 \u00e0 la mairie de Marseille. Il est arriv\u00e9 au corps et soldat de 2e classe le 20 mai 1913. Pass\u00e9 au 2e Zouaves au Maroc oriental le 3 juin 1914. Pass\u00e9 au d\u00e9p\u00f4t de Sathonay le 21 novembre 1914. Renfort aux arm\u00e9es le 23 avril 1916.<br>Mort pour la France, des suites de maladie contract\u00e9e en service, le 20 juillet 1917 \u00e0 l\u2019h\u00f4pital temporaire n\u00b03 \u00e0 Zeitenlick (Gr\u00e8ce).<br>Inhum\u00e9 au cimeti\u00e8re fran\u00e7ais de Tuxenlik (Gr\u00e8ce), rang\u00e9e 63, tombe n\u00b02520.<br>Acte de d\u00e9c\u00e8s transcrit le 18 avril 1919 \u00e0 Marseille (Bouches-du-Rh\u00f4ne).<br>Inscriptions : 13 &#8211; Marseille &#8211; Livre d&rsquo;or du minist\u00e8re des pensions &#8211; 13 &#8211; Saint-Chamas &#8211; Monument aux Morts &#8211; 13 &#8211; Saint-Chamas &#8211; Plaque comm\u00e9morative de l&rsquo;\u00e9glise Saint-L\u00e9ger<\/p>\n\n\n\n<p><br><strong>BERTRAND <em>Paul<\/em> Prosper Andr\u00e9<\/strong>, agriculteur<\/p>\n\n\n\n<p>Brigadier infirmier au 238e r\u00e9giment d\u2019artillerie de campagne, 24e batterie, matricule n\u00b0908 au recrutement de Marseille.<br>N\u00e9 le 2 novembre 1898 \u00e0 Ha\u00efphong (Vietnam), fils de Louis Marius Andr\u00e9 et de Madeleine Jacquy. C\u00e9libataire.<br>Il est engag\u00e9 volontaire pour 4 ans le 14 d\u00e9cembre 1916 \u00e0 la mairie de Marseille. Il est incorpor\u00e9 au 38e r\u00e9giment d&rsquo;artillerie le 14 d\u00e9cembre 1916. Arriv\u00e9 au corps et 2e cannonier conducteur le 22 d\u00e9cembre 1916. Pass\u00e9 \u00e0 la 67e batterie le 1er f\u00e9vrier 1917. Nomm\u00e9 1er cannonier conducteur le 6 juin 1917. Nomm\u00e9 brigadier le 11 septembre 1917. Il est bless\u00e9 et \u00e9vacu\u00e9 le 14 septembre 1917.<br>Mort pour la France, des suites de ses blessures de guerre, le 14 septembre 1917 \u00e0 l\u2019ambulance 6\/6 \u00e0 Verdun (Meuse).<br>Acte de d\u00e9c\u00e8s transcrit le 12 novembre 1917 \u00e0 Saint-Chamas (Bouches-du-Rh\u00f4ne).<br>Inscriptions : 13 &#8211; Saint-Chamas &#8211; Monument aux morts &#8211; 13 &#8211; Saint-Chamas &#8211; Plaque comm\u00e9morative de l&rsquo;\u00e9glise Saint-L\u00e9ger &#8211; 13 &#8211; Saint-Chamas &#8211; Livre d&rsquo;Or du minist\u00e8re des pensions.<\/p>\n\n\n\n<figure class=\"wp-block-gallery has-nested-images columns-default is-cropped wp-block-gallery-3 is-layout-flex wp-block-gallery-is-layout-flex\">\n<figure class=\"wp-block-image size-large\"><a href=\"https:\/\/avsc13.fr\/site\/wp-content\/uploads\/2024\/11\/benet-leon-mdh.jpg\"><img loading=\"lazy\" decoding=\"async\" width=\"694\" height=\"1024\" data-id=\"566\" src=\"https:\/\/avsc13.fr\/site\/wp-content\/uploads\/2024\/11\/benet-leon-mdh-694x1024.jpg\" alt=\"\" class=\"wp-image-566\" srcset=\"https:\/\/avsc13.fr\/site\/wp-content\/uploads\/2024\/11\/benet-leon-mdh-694x1024.jpg 694w, https:\/\/avsc13.fr\/site\/wp-content\/uploads\/2024\/11\/benet-leon-mdh-203x300.jpg 203w, https:\/\/avsc13.fr\/site\/wp-content\/uploads\/2024\/11\/benet-leon-mdh-768x1133.jpg 768w, https:\/\/avsc13.fr\/site\/wp-content\/uploads\/2024\/11\/benet-leon-mdh.jpg 944w\" sizes=\"auto, (max-width: 694px) 100vw, 694px\" \/><\/a><\/figure>\n\n\n\n<figure class=\"wp-block-image size-large\"><a href=\"https:\/\/avsc13.fr\/site\/wp-content\/uploads\/2024\/11\/berthon-paul-mdh.jpg\"><img loading=\"lazy\" decoding=\"async\" width=\"694\" height=\"1024\" data-id=\"565\" src=\"https:\/\/avsc13.fr\/site\/wp-content\/uploads\/2024\/11\/berthon-paul-mdh-694x1024.jpg\" alt=\"\" class=\"wp-image-565\" srcset=\"https:\/\/avsc13.fr\/site\/wp-content\/uploads\/2024\/11\/berthon-paul-mdh-694x1024.jpg 694w, https:\/\/avsc13.fr\/site\/wp-content\/uploads\/2024\/11\/berthon-paul-mdh-203x300.jpg 203w, https:\/\/avsc13.fr\/site\/wp-content\/uploads\/2024\/11\/berthon-paul-mdh-768x1133.jpg 768w, https:\/\/avsc13.fr\/site\/wp-content\/uploads\/2024\/11\/berthon-paul-mdh.jpg 944w\" sizes=\"auto, (max-width: 694px) 100vw, 694px\" \/><\/a><\/figure>\n\n\n\n<figure class=\"wp-block-image size-large\"><a href=\"https:\/\/avsc13.fr\/site\/wp-content\/uploads\/2024\/11\/bertrand-paul-mdh.jpg\"><img loading=\"lazy\" decoding=\"async\" width=\"694\" height=\"1024\" data-id=\"567\" src=\"https:\/\/avsc13.fr\/site\/wp-content\/uploads\/2024\/11\/bertrand-paul-mdh-694x1024.jpg\" alt=\"\" class=\"wp-image-567\" srcset=\"https:\/\/avsc13.fr\/site\/wp-content\/uploads\/2024\/11\/bertrand-paul-mdh-694x1024.jpg 694w, https:\/\/avsc13.fr\/site\/wp-content\/uploads\/2024\/11\/bertrand-paul-mdh-203x300.jpg 203w, https:\/\/avsc13.fr\/site\/wp-content\/uploads\/2024\/11\/bertrand-paul-mdh-768x1133.jpg 768w, https:\/\/avsc13.fr\/site\/wp-content\/uploads\/2024\/11\/bertrand-paul-mdh.jpg 944w\" sizes=\"auto, (max-width: 694px) 100vw, 694px\" \/><\/a><\/figure>\n<\/figure>\n\n\n\n<p><\/p>\n\n\n\n<p><strong>BOUSQUET <em>Fr\u00e9d\u00e9ric<\/em> Marcel<\/strong>, cultivateur, meunier<\/p>\n\n\n<div class=\"wp-block-image\">\n<figure class=\"aligncenter size-full\"><a href=\"https:\/\/avsc13.fr\/site\/wp-content\/uploads\/2024\/11\/bousquet-frederic-photo.jpg\"><img loading=\"lazy\" decoding=\"async\" width=\"150\" height=\"200\" src=\"https:\/\/avsc13.fr\/site\/wp-content\/uploads\/2024\/11\/bousquet-frederic-photo.jpg\" alt=\"\" class=\"wp-image-659\"\/><\/a><figcaption class=\"wp-element-caption\">Fr\u00e9d\u00e9ric Bousquet<\/figcaption><\/figure>\n<\/div>\n\n\n<p>Soldat au 311e r\u00e9giment d\u2019infanterie, matricule n\u00b01173 au recrutement de Nice, classe 1897.<br>N\u00e9 le 14 f\u00e9vrier 1877 \u00e0 Saint-Chamas (Bouches-du-Rh\u00f4ne), fils de Marius, poudrier, et de Julie Vigne.<br>Mari\u00e9 le 24 ao\u00fbt 1901 \u00e0 Le Muy (Var) avec Marie Magdeleine Ardisson, fille de Pierre Jean Andr\u00e9, scieur, et de Marie F\u00e9licit\u00e9 Cay, n\u00e9e le 23 juillet 1874 \u00e0 Le Muy (Var).<br>Ajourn\u00e9 pour d\u00e9faut de taille en 1898. Ajourn\u00e9 une 2e ann\u00e9e pour le m\u00eame motif. Class\u00e9 dans les services auxiliaires en 1900 pour d\u00e9faut de taille.<br>Rappel\u00e9 \u00e0 l&rsquo;activit\u00e9 par d\u00e9cret de mobilisation g\u00e9n\u00e9rale du 1er ao\u00fbt 1914, arriv\u00e9 au corps de la 15e Section des Commis Ouvriers d&rsquo;Administration comme secr\u00e9taire au service de l&rsquo;intendance de Nice le 2 ao\u00fbt.<br>Class\u00e9 dans le service arm\u00e9 par la commission sp\u00e9ciale de r\u00e9forme de Nice du 3 novembre 1914.<br>Pass\u00e9 au 114e r\u00e9giment d&rsquo;infanterie territoriale le 10 d\u00e9cembre 1914. Arriv\u00e9 au corps le 19 d\u00e9cembre 1914.<br>Mort pour la France, des suites de ses blessures de guerre, le 24 janvier 1916 \u00e0 Regni\u00e9ville-en-Haye (Meurthe-et-Moselle).<br>Acte de d\u00e9c\u00e8s transcrit le 5 mai 1916 \u00e0 Le Muy (Var).<br>Inscriptions : 83 &#8211; Le Muy &#8211; Monument aux Morts du cimeti\u00e8re &#8211; 83 &#8211; Le Muy &#8211; Livre d&rsquo;Or du minist\u00e8re des pensions &#8211; 83 &#8211; Le Muy &#8211; Monument aux morts.<\/p>\n\n\n\n<p><strong>CARRON <em>Gaston<\/em> Jean<\/strong>, employ\u00e9 de banque<\/p>\n\n\n\n<p>Sous-lieutenant au 2e r\u00e9giment de marche de zouaves, compagnie de mitrailleuses, matricule n\u00b01632 au recrutement d\u2019Oran, classe 1912.<br>N\u00e9 le 9 f\u00e9vrier 1892 \u00e0 Tlemcen (Alg\u00e9rie), fils de Joseph Victor et de Marie Louise Roux. C\u00e9libataire.<br>Incorpor\u00e9 \u00e0 compter du 9 octobre 1913. Arriv\u00e9 au corps et canonnier de 2e classe au 6e groupe d&rsquo;artillerie \u00e0 pied le m\u00eame jour. Promu brigadier le 1er ao\u00fbt 1914. Promu \u00e9l\u00e8ve officier de r\u00e9serve le 1er octobre 1914. Promu aspirant de r\u00e9serve \u00e0 titre temporaire le 13 janvier 1915. A suivi les cours de perfectionnement organis\u00e9 au 6e r\u00e9giment d&rsquo;artillerie \u00e0 pied du 25 juin au 25 ao\u00fbt 1915. Promu sous-lieutenant de r\u00e9serve par d\u00e9cret du 20 septembre 1915. Affect\u00e9 au 7e r\u00e9giment d&rsquo;artillerie \u00e0 pied le 1er octobre 1915. Affect\u00e9 temporairement au 2e r\u00e9giment de Zouaves de marche le 8 novembre 1915.<br>Mort pour la France, tu\u00e9 \u00e0 l\u2019ennemi, le 27 f\u00e9vrier 1916 au bois des Fosses, pr\u00e8s de Louvemont, au nord de Verdun (Meuse).<br>Acte de d\u00e9c\u00e8s transcrit le 26 mai 1916 \u00e0 Saint-Chamas (Bouches-du-Rh\u00f4ne).<br>Inscriptions : 13 &#8211; Saint-Chamas &#8211; Monument aux morts &#8211; 13 &#8211; Saint-Chamas &#8211; Plaque comm\u00e9morative de l&rsquo;\u00e9glise Saint-L\u00e9ger &#8211; 13 &#8211; Saint-Chamas &#8211; Livre d&rsquo;Or du minist\u00e8re des pensions &#8211; 75 &#8211; Paris 01 &#8211; Plaque Comm\u00e9morative 31 rue Croix-des-Petits-Champs.<\/p>\n\n\n\n<p><strong>CHABERT <em>Alb\u00e9ric<\/em> Marius<\/strong>, ma\u00e7on<\/p>\n\n\n\n<p>Marsouin de 2e classe au 34e r\u00e9giment d\u2019infanterie coloniale, 18e compagnie, matricule n\u00b0986 au recrutement de Marseille, classe 1916.<br>N\u00e9 le 29 mai 1896 \u00e0 Saint-Chamas (Bouches-du-Rh\u00f4ne), fils de Julien Marius Albert, tonnelier, et de Marie Ernestine Mathilde Audibert. C\u00e9libataire.<br>Incorpor\u00e9 le 10 avril 1915, il arrive au corps et soldat de 2e classe au 8e r\u00e9giment d&rsquo;infanterie coloniale le m\u00eame jour. Pass\u00e9 au 4e r\u00e9giment d&rsquo;infanterie coloniale le 6 d\u00e9cembre 1915. Pass\u00e9 au 34e r\u00e9giment d&rsquo;infanterie coloniale le 1er avril 1916. Bless\u00e9 et \u00e9vacu\u00e9 le 6 avril 1916.<br>Mort pour la France, des suites de ses blessures de guerre, le 7 avril 1916 \u00e0 l\u2019ambulance 16\/22, poste d\u2019\u00e9vacuation du boyau B3 \u00e0 Cappy (Somme).<br>Acte de d\u00e9c\u00e8s transcrit le 9 octobre 1916 \u00e0 Saint-Chamas (Bouches-du-Rh\u00f4ne).<br>Inscriptions : 13 &#8211; Saint-Chamas &#8211; Monument aux morts &#8211; 13 &#8211; Saint-Chamas &#8211; Plaque comm\u00e9morative de l&rsquo;\u00e9glise Saint-L\u00e9ger &#8211; 13 &#8211; Saint-Chamas &#8211; Livre d&rsquo;Or du minist\u00e8re des pensions.<\/p>\n\n\n\n<figure class=\"wp-block-gallery has-nested-images columns-default is-cropped wp-block-gallery-4 is-layout-flex wp-block-gallery-is-layout-flex\">\n<figure class=\"wp-block-image size-large\"><a href=\"https:\/\/avsc13.fr\/site\/wp-content\/uploads\/2024\/11\/bousquet-frederic-mdh.jpg\"><img loading=\"lazy\" decoding=\"async\" width=\"694\" height=\"1024\" data-id=\"571\" src=\"https:\/\/avsc13.fr\/site\/wp-content\/uploads\/2024\/11\/bousquet-frederic-mdh-694x1024.jpg\" alt=\"\" class=\"wp-image-571\" srcset=\"https:\/\/avsc13.fr\/site\/wp-content\/uploads\/2024\/11\/bousquet-frederic-mdh-694x1024.jpg 694w, https:\/\/avsc13.fr\/site\/wp-content\/uploads\/2024\/11\/bousquet-frederic-mdh-203x300.jpg 203w, https:\/\/avsc13.fr\/site\/wp-content\/uploads\/2024\/11\/bousquet-frederic-mdh-768x1133.jpg 768w, https:\/\/avsc13.fr\/site\/wp-content\/uploads\/2024\/11\/bousquet-frederic-mdh.jpg 944w\" sizes=\"auto, (max-width: 694px) 100vw, 694px\" \/><\/a><\/figure>\n\n\n\n<figure class=\"wp-block-image size-large\"><a href=\"https:\/\/avsc13.fr\/site\/wp-content\/uploads\/2024\/11\/carron-gaston-mdh-1.jpg\"><img loading=\"lazy\" decoding=\"async\" width=\"694\" height=\"1024\" data-id=\"569\" src=\"https:\/\/avsc13.fr\/site\/wp-content\/uploads\/2024\/11\/carron-gaston-mdh-1-694x1024.jpg\" alt=\"\" class=\"wp-image-569\" srcset=\"https:\/\/avsc13.fr\/site\/wp-content\/uploads\/2024\/11\/carron-gaston-mdh-1-694x1024.jpg 694w, https:\/\/avsc13.fr\/site\/wp-content\/uploads\/2024\/11\/carron-gaston-mdh-1-203x300.jpg 203w, https:\/\/avsc13.fr\/site\/wp-content\/uploads\/2024\/11\/carron-gaston-mdh-1-768x1133.jpg 768w, https:\/\/avsc13.fr\/site\/wp-content\/uploads\/2024\/11\/carron-gaston-mdh-1.jpg 944w\" sizes=\"auto, (max-width: 694px) 100vw, 694px\" \/><\/a><\/figure>\n\n\n\n<figure class=\"wp-block-image size-large\"><a href=\"https:\/\/avsc13.fr\/site\/wp-content\/uploads\/2024\/11\/chabert-alberic-mdh.jpg\"><img loading=\"lazy\" decoding=\"async\" width=\"694\" height=\"1024\" data-id=\"570\" src=\"https:\/\/avsc13.fr\/site\/wp-content\/uploads\/2024\/11\/chabert-alberic-mdh-694x1024.jpg\" alt=\"\" class=\"wp-image-570\" srcset=\"https:\/\/avsc13.fr\/site\/wp-content\/uploads\/2024\/11\/chabert-alberic-mdh-694x1024.jpg 694w, https:\/\/avsc13.fr\/site\/wp-content\/uploads\/2024\/11\/chabert-alberic-mdh-203x300.jpg 203w, https:\/\/avsc13.fr\/site\/wp-content\/uploads\/2024\/11\/chabert-alberic-mdh-768x1133.jpg 768w, https:\/\/avsc13.fr\/site\/wp-content\/uploads\/2024\/11\/chabert-alberic-mdh.jpg 944w\" sizes=\"auto, (max-width: 694px) 100vw, 694px\" \/><\/a><\/figure>\n<\/figure>\n\n\n\n<p><\/p>\n\n\n\n<p><strong>CHAREYRE <em>Louis<\/em> Eug\u00e8ne<\/strong>, typographe<\/p>\n\n\n<div class=\"wp-block-image\">\n<figure class=\"aligncenter size-large\"><a href=\"https:\/\/avsc13.fr\/site\/wp-content\/uploads\/2024\/11\/Journal_officiel_de_la_Republique-1922-05-10-citation-CHAREYRE-louis-Eugene.jpg\"><img loading=\"lazy\" decoding=\"async\" width=\"1024\" height=\"219\" src=\"https:\/\/avsc13.fr\/site\/wp-content\/uploads\/2024\/11\/Journal_officiel_de_la_Republique-1922-05-10-citation-CHAREYRE-louis-Eugene-1024x219.jpg\" alt=\"Citation parue au Journal Officiel le 10 mai 1922.\" class=\"wp-image-686\" srcset=\"https:\/\/avsc13.fr\/site\/wp-content\/uploads\/2024\/11\/Journal_officiel_de_la_Republique-1922-05-10-citation-CHAREYRE-louis-Eugene-1024x219.jpg 1024w, https:\/\/avsc13.fr\/site\/wp-content\/uploads\/2024\/11\/Journal_officiel_de_la_Republique-1922-05-10-citation-CHAREYRE-louis-Eugene-300x64.jpg 300w, https:\/\/avsc13.fr\/site\/wp-content\/uploads\/2024\/11\/Journal_officiel_de_la_Republique-1922-05-10-citation-CHAREYRE-louis-Eugene-768x164.jpg 768w, https:\/\/avsc13.fr\/site\/wp-content\/uploads\/2024\/11\/Journal_officiel_de_la_Republique-1922-05-10-citation-CHAREYRE-louis-Eugene.jpg 1039w\" sizes=\"auto, (max-width: 1024px) 100vw, 1024px\" \/><\/a><figcaption class=\"wp-element-caption\">Citation parue au Journal Officiel le 10 mai 1922.<\/figcaption><\/figure>\n<\/div>\n\n\n<p>Caporal au 36e r\u00e9giment d\u2019infanterie coloniale, 13e compagnie, matricule n\u00b02619 au recrutement de Marseille, classe 1913.<br>N\u00e9 le 8 juillet 1893 \u00e0 Ruoms (Ard\u00e8che), fils d\u2019Eug\u00e8ne, instituteur public, et de F\u00e9licit\u00e9 Fran\u00e7oise Clotilde Munier. C\u00e9libataire.<br>Incorpor\u00e9 le 26 novembre 1913, il arrive au corps le m\u00eame jour, et soldat de 2e classe au 6e r\u00e9giment d&rsquo;infanterie coloniale le 28 novembre 1913. Rengag\u00e9 le 4 juin 1914, et soldat de 2e classe le m\u00eame jour. Nomm\u00e9 soldat de 1\u00e8re classe le 1er d\u00e9cembre 1914. Pass\u00e9 au 6e r\u00e9giment d&rsquo;infanterie coloniale de marche de campagne le 2 ao\u00fbt 1914. Pass\u00e9 au d\u00e9p\u00f4t le 12 septembre 1914. Pass\u00e9 au 36e r\u00e9giment d&rsquo;infanterie coloniale le 3 octobre 1914. Nomm\u00e9 caporal le 20 juillet 1915.<br>Mort pour la France, tu\u00e9 \u00e0 l\u2019ennemi, le 30 juillet 1915 au Bois-le-Pr\u00eatre, commune de Montauville (Meurthe-et-Moselle).<br>Acte de d\u00e9c\u00e8s transcrit le 10 juin 1916 \u00e0 Saint-Chamas (Bouches-du-Rh\u00f4ne).<br>Inhum\u00e9 \u00e0 la n\u00e9cropole Nationale \u00ab&nbsp;Le P\u00e9tant&nbsp;\u00bb \u00e0 Montauville (Meurthe-et-Moselle), carr\u00e9 14\/18 A, tombe n\u00b01185.<br>Inscriptions : 13 &#8211; Saint-Chamas &#8211; Monument aux morts &#8211; 13 &#8211; Saint-Chamas &#8211; Plaque comm\u00e9morative de l&rsquo;\u00e9glise Saint-L\u00e9ger &#8211; 13 &#8211; Saint-Chamas &#8211; Livre d&rsquo;Or du minist\u00e8re des pensions.<\/p>\n\n\n\n<p><strong>CORNILLE <em>Sim\u00e9on<\/em> Albert<\/strong>, ma\u00e7on<\/p>\n\n\n\n<p>Soldat de 2e classe au 58e r\u00e9giment d\u2019infanterie, 12e compagnie, matricule n\u00b01841 au recrutement de N\u00eemes, classe 1901.<br>N\u00e9 le 19 janvier 1881 \u00e0 Saint-Chamas (Bouches-du-Rh\u00f4ne), fils d\u2019Albert C\u00e9saire, poudrier, et de Marie Cl\u00e9mence Raffy.<br>Class\u00e9 dans les services auxiliaires en 1901 pour taie de la corn\u00e9e gauche.<br>Condamn\u00e9 le 18 avril 1904 par le tribunal civil de N\u00eemes \u00e0 6 jours de prison pour outrage public \u00e0 la pudeur.<br>Class\u00e9 dans le service arm\u00e9 par d\u00e9cision de la commission de r\u00e9forme de N\u00eemes du 31 octobre 1914. Arriv\u00e9 au corps et soldat de 2e classe au 40e r\u00e9giment d&rsquo;infanterie le 30 novembre 1914.<br>Traduit devant le conseil de guerre pour outrages par paroles, gestes ou menances devant un sup\u00e9rieur. Condamn\u00e9 \u00e0 un an de prison. Affect\u00e9 au 58e r\u00e9giment d&rsquo;infanterie le 12 avril 1916.<br>Mort pour la France, tu\u00e9 \u00e0 l\u2019ennemi, le 5 juillet 1916 au secteur de la c\u00f4te au Poivre, commune de Louvemont (Meuse).<br>Acte de d\u00e9c\u00e8s transcrit le 29 novembre 1916 \u00e0 N\u00eemes (Gard).<br>Inscriptions : 30 &#8211; N\u00eemes \u2013 Monument aux morts d\u00e9partemental &#8211; 30 &#8211; N\u00eemes &#8211; Livre d&rsquo;Or du minist\u00e8re des pensions.<\/p>\n\n\n\n<p><strong>DELCHIAPPO Joseph<\/strong>, journalier<\/p>\n\n\n\n<p>Soldat de 2e classe au 413e r\u00e9giment d\u2019infanterie, 3e compagnie, matricule n\u00b0201 au recrutement de Marseille, classe 1915.<br>N\u00e9 le 21 d\u00e9cembre 1895 \u00e0 Marseille (Bouches-du-Rh\u00f4ne), fils d\u2019Antoine et de Marie F\u00e9liponi. C\u00e9libataire.<br>Incorpor\u00e9 le 17 d\u00e9cembre 1914, Il arrive au corps et soldat de 2e classe au 16e r\u00e9giment d&rsquo;infanterie le 18 d\u00e9cembre 1914. Pass\u00e9 au 413e r\u00e9giment d&rsquo;infanterie le 21 mars 1915.<br>Mort pour la France, tu\u00e9 \u00e0 l\u2019ennemi, le 1er ao\u00fbt 1916 au bois de la Vaux-R\u00e9gnier, sous-secteur de Tavannes, au sud du Fort de Vaux (Meuse).<br>Acte de d\u00e9c\u00e8s transcrit le 9 janvier 1917 \u00e0 Saint-Chamas (Bouches-du-Rh\u00f4ne).<br>Inscriptions : 13 &#8211; Saint-Chamas &#8211; Monument aux morts &#8211; 13 &#8211; Saint-Chamas &#8211; Plaque comm\u00e9morative de l&rsquo;\u00e9glise Saint-L\u00e9ger &#8211; 13 &#8211; Saint-Chamas &#8211; Livre d&rsquo;Or du minist\u00e8re des pensions.<\/p>\n\n\n\n<figure class=\"wp-block-gallery has-nested-images columns-default is-cropped wp-block-gallery-5 is-layout-flex wp-block-gallery-is-layout-flex\">\n<figure class=\"wp-block-image size-large\"><a href=\"https:\/\/avsc13.fr\/site\/wp-content\/uploads\/2024\/11\/chareyre-louis-mdh.jpg\"><img loading=\"lazy\" decoding=\"async\" width=\"694\" height=\"1024\" data-id=\"574\" src=\"https:\/\/avsc13.fr\/site\/wp-content\/uploads\/2024\/11\/chareyre-louis-mdh-694x1024.jpg\" alt=\"\" class=\"wp-image-574\" srcset=\"https:\/\/avsc13.fr\/site\/wp-content\/uploads\/2024\/11\/chareyre-louis-mdh-694x1024.jpg 694w, https:\/\/avsc13.fr\/site\/wp-content\/uploads\/2024\/11\/chareyre-louis-mdh-203x300.jpg 203w, https:\/\/avsc13.fr\/site\/wp-content\/uploads\/2024\/11\/chareyre-louis-mdh-768x1133.jpg 768w, https:\/\/avsc13.fr\/site\/wp-content\/uploads\/2024\/11\/chareyre-louis-mdh.jpg 944w\" sizes=\"auto, (max-width: 694px) 100vw, 694px\" \/><\/a><\/figure>\n\n\n\n<figure class=\"wp-block-image size-large\"><a href=\"https:\/\/avsc13.fr\/site\/wp-content\/uploads\/2024\/11\/cornille-simeon-mdh.jpg\"><img loading=\"lazy\" decoding=\"async\" width=\"694\" height=\"1024\" data-id=\"575\" src=\"https:\/\/avsc13.fr\/site\/wp-content\/uploads\/2024\/11\/cornille-simeon-mdh-694x1024.jpg\" alt=\"\" class=\"wp-image-575\" srcset=\"https:\/\/avsc13.fr\/site\/wp-content\/uploads\/2024\/11\/cornille-simeon-mdh-694x1024.jpg 694w, https:\/\/avsc13.fr\/site\/wp-content\/uploads\/2024\/11\/cornille-simeon-mdh-203x300.jpg 203w, https:\/\/avsc13.fr\/site\/wp-content\/uploads\/2024\/11\/cornille-simeon-mdh-768x1133.jpg 768w, https:\/\/avsc13.fr\/site\/wp-content\/uploads\/2024\/11\/cornille-simeon-mdh.jpg 944w\" sizes=\"auto, (max-width: 694px) 100vw, 694px\" \/><\/a><\/figure>\n\n\n\n<figure class=\"wp-block-image size-large\"><a href=\"https:\/\/avsc13.fr\/site\/wp-content\/uploads\/2024\/11\/delchiappo-joseph-mdh.jpg\"><img loading=\"lazy\" decoding=\"async\" width=\"682\" height=\"1024\" data-id=\"576\" src=\"https:\/\/avsc13.fr\/site\/wp-content\/uploads\/2024\/11\/delchiappo-joseph-mdh-682x1024.jpg\" alt=\"\" class=\"wp-image-576\" srcset=\"https:\/\/avsc13.fr\/site\/wp-content\/uploads\/2024\/11\/delchiappo-joseph-mdh-682x1024.jpg 682w, https:\/\/avsc13.fr\/site\/wp-content\/uploads\/2024\/11\/delchiappo-joseph-mdh-200x300.jpg 200w, https:\/\/avsc13.fr\/site\/wp-content\/uploads\/2024\/11\/delchiappo-joseph-mdh-768x1153.jpg 768w, https:\/\/avsc13.fr\/site\/wp-content\/uploads\/2024\/11\/delchiappo-joseph-mdh.jpg 944w\" sizes=\"auto, (max-width: 682px) 100vw, 682px\" \/><\/a><\/figure>\n<\/figure>\n\n\n\n<p><\/p>\n\n\n\n<p><strong>DUTHU <em>Paul<\/em> Louis Alphonse<\/strong>, employ\u00e9<\/p>\n\n\n<div class=\"wp-block-image\">\n<figure class=\"aligncenter size-medium\"><a href=\"https:\/\/avsc13.fr\/site\/wp-content\/uploads\/2024\/11\/DUTHU-Paul-photo.jpg\"><img loading=\"lazy\" decoding=\"async\" width=\"229\" height=\"300\" src=\"https:\/\/avsc13.fr\/site\/wp-content\/uploads\/2024\/11\/DUTHU-Paul-photo-229x300.jpg\" alt=\"\" class=\"wp-image-660\" srcset=\"https:\/\/avsc13.fr\/site\/wp-content\/uploads\/2024\/11\/DUTHU-Paul-photo-229x300.jpg 229w, https:\/\/avsc13.fr\/site\/wp-content\/uploads\/2024\/11\/DUTHU-Paul-photo-782x1024.jpg 782w, https:\/\/avsc13.fr\/site\/wp-content\/uploads\/2024\/11\/DUTHU-Paul-photo-768x1006.jpg 768w, https:\/\/avsc13.fr\/site\/wp-content\/uploads\/2024\/11\/DUTHU-Paul-photo-1173x1536.jpg 1173w, https:\/\/avsc13.fr\/site\/wp-content\/uploads\/2024\/11\/DUTHU-Paul-photo.jpg 1341w\" sizes=\"auto, (max-width: 229px) 100vw, 229px\" \/><\/a><figcaption class=\"wp-element-caption\">Paul Duthu<\/figcaption><\/figure>\n<\/div>\n\n<div class=\"wp-block-image\">\n<figure class=\"aligncenter size-large\"><a href=\"https:\/\/avsc13.fr\/site\/wp-content\/uploads\/2024\/11\/Journal_officiel_de_la_Republique-1919-12-16-citation-DUTHU-Paul-Louis-Alphonse.jpg\"><img loading=\"lazy\" decoding=\"async\" width=\"1024\" height=\"299\" src=\"https:\/\/avsc13.fr\/site\/wp-content\/uploads\/2024\/11\/Journal_officiel_de_la_Republique-1919-12-16-citation-DUTHU-Paul-Louis-Alphonse-1024x299.jpg\" alt=\"Citation parue au Journal Officiel le 16 d\u00e9cembre 1919.\" class=\"wp-image-677\" srcset=\"https:\/\/avsc13.fr\/site\/wp-content\/uploads\/2024\/11\/Journal_officiel_de_la_Republique-1919-12-16-citation-DUTHU-Paul-Louis-Alphonse-1024x299.jpg 1024w, https:\/\/avsc13.fr\/site\/wp-content\/uploads\/2024\/11\/Journal_officiel_de_la_Republique-1919-12-16-citation-DUTHU-Paul-Louis-Alphonse-300x88.jpg 300w, https:\/\/avsc13.fr\/site\/wp-content\/uploads\/2024\/11\/Journal_officiel_de_la_Republique-1919-12-16-citation-DUTHU-Paul-Louis-Alphonse-768x224.jpg 768w, https:\/\/avsc13.fr\/site\/wp-content\/uploads\/2024\/11\/Journal_officiel_de_la_Republique-1919-12-16-citation-DUTHU-Paul-Louis-Alphonse.jpg 1045w\" sizes=\"auto, (max-width: 1024px) 100vw, 1024px\" \/><\/a><figcaption class=\"wp-element-caption\">Citation parue au Journal Officiel le 16 d\u00e9cembre 1919.<\/figcaption><\/figure>\n<\/div>\n\n\n<p>Adjudant au 167e r\u00e9giment d\u2019infanterie, 1ere compagnie, matricule n\u00b01453 au recrutement de Tarbes, classe 1911.<br>N\u00e9 le 5 avril 1894 \u00e0 Courbevoie (Hauts-de-Seine), fils de Louis, ma\u00e7on, et d\u2019Augustine Cl\u00e9mence Fouque.<br>Mari\u00e9 le 29 f\u00e9vrier 1916 \u00e0 Saint-Chamas (Bouches-du-Rh\u00f4ne) avec Adelina Augustine Barbier, fille de Paul Henri, ma\u00e7on, et de Marie Augustine Fabre, n\u00e9e le 10 mai 1890 \u00e0 Saint-Chamas, d\u00e9c\u00e9d\u00e9e le 2 septembre 1939 \u00e0 Marseille.<br>Engag\u00e9 volontaire pour 3 ans \u00e0 la mairie de Marseille le 20 mai 1912. Arriv\u00e9 au corps et soldat de 2e classe au 141e r\u00e9giment d&rsquo;infanterie le 23 mai 1912. Nomm\u00e9 caporal le 25 janvier 1913. Nomm\u00e9 sergent le 1er octobre 1913.<br>Bless\u00e9 le 27 f\u00e9vrier 1915 \u00e0 Malancourt (Meuse) d&rsquo;un coup de feu au bras droit et \u00e0 la r\u00e9gion delto\u00efdienne, entr\u00e9 \u00e0 l&rsquo;h\u00f4pital b\u00e9n\u00e9vole 46 la Souterraine du BC de Gu\u00e9ret le 2 mars 1915, sorti le 3 juin 1915, cong\u00e9 de convalescence de 1 mois, rentr\u00e9 au d\u00e9p\u00f4t le 4 juillet 1915.<br>Nomm\u00e9 adjudant le 21 septembre 1915.<br>Cit\u00e9 \u00e0 l&rsquo;ordre de la division n\u00b064 : \u00ab&nbsp;Brillante conduite au combat du 27 f\u00e9vrier [1915]. Bless\u00e9 au bras, a transport\u00e9 jusqu&rsquo;au poste de secours sous un feu violent d&rsquo;infanterie, un de ses camarades gri\u00e8vement bless\u00e9&nbsp;\u00bb. Croix de guerre avec \u00e9toile d&rsquo;argent.<br>Entr\u00e9 \u00e0 l&rsquo;h\u00f4pital militaire 42bis le 21 juin 1916, sorti le 26 juin 1916, rejoint son corps.<br>Pass\u00e9 au 417e r\u00e9giment d&rsquo;infanterie le 21 mars 1917. Pass\u00e9 au 167e r\u00e9giment d&rsquo;infanterie le 10 octobre 1917.<br>Bless\u00e9 le 16 septembre 1918 \u00e0 Laffaux (Aisne), plaie \u00e0 la cuisse et bras droit par balle.<br>Mort pour la France, des suites de ses blessures de guerre, le 16 septembre 1918 \u00e0 l\u2019ambulance 3\/68 \u00e0 Pontavert, commune d\u2019Aubleny (Aisne).<br>Acte de d\u00e9c\u00e8s transcrit le 14 ao\u00fbt 1919 \u00e0 Saint-Chamas (Bouches-du-Rh\u00f4ne)<br>Inscriptions : 13 &#8211; Saint-Chamas &#8211; Monument aux morts &#8211; 13 &#8211; Saint-Chamas &#8211; Plaque comm\u00e9morative de l&rsquo;\u00e9glise Saint-L\u00e9ger &#8211; 13 &#8211; Saint-Chamas &#8211; Livre d&rsquo;Or du minist\u00e8re des pensions &#8211; 65 &#8211; Esparros &#8211; Plaque comm\u00e9morative dans l\u2019\u00e9glise.<\/p>\n\n\n\n<p><strong>ESCALLE <em>Am\u00e9d\u00e9e<\/em> Baptistin<\/strong>, boucher<\/p>\n\n\n<div class=\"wp-block-image\">\n<figure class=\"aligncenter size-medium\"><a href=\"https:\/\/avsc13.fr\/site\/wp-content\/uploads\/2024\/11\/ESCALLE-Amedee-photo.jpg\"><img loading=\"lazy\" decoding=\"async\" width=\"232\" height=\"300\" src=\"https:\/\/avsc13.fr\/site\/wp-content\/uploads\/2024\/11\/ESCALLE-Amedee-photo-232x300.jpg\" alt=\"\" class=\"wp-image-663\" srcset=\"https:\/\/avsc13.fr\/site\/wp-content\/uploads\/2024\/11\/ESCALLE-Amedee-photo-232x300.jpg 232w, https:\/\/avsc13.fr\/site\/wp-content\/uploads\/2024\/11\/ESCALLE-Amedee-photo.jpg 586w\" sizes=\"auto, (max-width: 232px) 100vw, 232px\" \/><\/a><figcaption class=\"wp-element-caption\">Am\u00e9d\u00e9e Escalle<\/figcaption><\/figure>\n<\/div>\n\n<div class=\"wp-block-image\">\n<figure class=\"aligncenter size-full\"><a href=\"https:\/\/avsc13.fr\/site\/wp-content\/uploads\/2024\/11\/ESCALLE_annotation.jpg\"><img loading=\"lazy\" decoding=\"async\" width=\"831\" height=\"219\" src=\"https:\/\/avsc13.fr\/site\/wp-content\/uploads\/2024\/11\/ESCALLE_annotation.jpg\" alt=\"Annotation sur la fiche matricule d'Am\u00e9d\u00e9e Escalle : \u00ab\u00a0boucher sait tuer\u00a0\u00bb.\" class=\"wp-image-732\" srcset=\"https:\/\/avsc13.fr\/site\/wp-content\/uploads\/2024\/11\/ESCALLE_annotation.jpg 831w, https:\/\/avsc13.fr\/site\/wp-content\/uploads\/2024\/11\/ESCALLE_annotation-300x79.jpg 300w, https:\/\/avsc13.fr\/site\/wp-content\/uploads\/2024\/11\/ESCALLE_annotation-768x202.jpg 768w\" sizes=\"auto, (max-width: 831px) 100vw, 831px\" \/><\/a><figcaption class=\"wp-element-caption\">Annotation sur la fiche matricule d&rsquo;Am\u00e9d\u00e9e Escalle : \u00ab&nbsp;boucher sait tuer&nbsp;\u00bb.<\/figcaption><\/figure>\n<\/div>\n\n\n<p>Soldat de 2e classe au 141e r\u00e9giment d\u2019infanterie, 4e compagnie, matricule n\u00b03829 au recrutement de Marseille, classe 1905.<br>N\u00e9 le 21 mai 1885 \u00e0 Salon-de-Provence (Bouches-du-Rh\u00f4ne), fils de Jean Pierre, cultivateur, et de Magdeleine Rose Berthet.<br>Mari\u00e9 le 21 septembre 1909 \u00e0 Salon-de-Provence (Bouches-du-Rh\u00f4ne) avec Marguerite Louise Bellard.<br>Incorpor\u00e9 le 6 octobre 1906, il arrive au corps et soldat de 2e classe \u00e0 la 15e section des commis ouvriers militaires d&rsquo;administration le m\u00eame jour. Lib\u00e9r\u00e9 le 25 septembre 1908, certificat de bonne conduite accord\u00e9. Mobilis\u00e9 le 1er ao\u00fbt 1914, arriv\u00e9 au corps le 8 ao\u00fbt 1914. Class\u00e9 dans le service arm\u00e9 par la commission de r\u00e9forme de Marseille du 14 d\u00e9cembre 1914. Pass\u00e9 au 141e r\u00e9giment d&rsquo;infanterie le 8 janvier 1916.<br>Mort pour la France, des suites de ses blessures de guerre, le 20 f\u00e9vrier 1916 \u00e0 l\u2019ambulance 14\/15 \u00e0 Dombasle-en-Argonne (Meuse).<br>Acte de d\u00e9c\u00e8s transcrit le 18 juillet 1916 \u00e0 Saint-Chamas (Bouches-du-Rh\u00f4ne).<br>D\u00e9coration : M\u00e9daille militaire \u00e0 titre posthume, Journal officiel du 5 mai 1922.<br>Inscriptions : 13 &#8211; Saint-Chamas &#8211; Monument aux morts &#8211; 13 &#8211; Saint-Chamas &#8211; Plaque comm\u00e9morative de l&rsquo;\u00e9glise Saint-L\u00e9ger &#8211; 13 &#8211; Saint-Chamas &#8211; Livre d&rsquo;Or du minist\u00e8re des pensions.<\/p>\n\n\n\n<p><strong>FABRE <em>Henri<\/em> Augustin Raymond<\/strong>, journalier<\/p>\n\n\n\n<p>Chasseur de 2e classe au 47e bataillon de chasseurs alpins, 7e compagnie, matricule n\u00b0756 au recrutement de Marseille, classe 1905.<br>N\u00e9 le 23 janvier 1885 \u00e0 Saint-Chamas (Bouches-du-Rh\u00f4ne), fils d\u2019Alexandre Marius, boulanger, et de Lucie Th\u00e9r\u00e8se Terrin.<br>Mari\u00e9 le 5 octobre 1909 \u00e0 Saint-Chamas (Bouches-du-Rh\u00f4ne) avec Jos\u00e9phine Marie Bellon.<br>Mari\u00e9 le 13 octobre 1915 \u00e0 La Fare-les-Oliviers (Bouches-du-Rh\u00f4ne) avec Th\u00e9r\u00e8se Marie Marani.<br>Incorpor\u00e9 le 7 octobre 1906, il arrive au corps et chasseur de 2e classe au 23e Bataillon de chasseurs \u00e0 pied le m\u00eame jour. Lib\u00e9r\u00e9 le 25 septembre 1908, certificat de bonne conduite accord\u00e9. Mobilis\u00e9 le 1er ao\u00fbt 1914, arriv\u00e9 au corps le 5 ao\u00fbt 1914. Pass\u00e9 au 7e Bataillon de chasseurs le 25 juin 1916.<br>Mort pour la France, tu\u00e9 \u00e0 l\u2019ennemi, le 5 novembre 1916 \u00e0 Sailly-Saillisel (Somme), son corps est retrouv\u00e9 le 23 juin 1917.<br>Acte de d\u00e9c\u00e8s transcrit le 27 mars 1917 \u00e0 Saint-Chamas (Bouches-du-Rh\u00f4ne).<br>Inhum\u00e9 \u00e0 la n\u00e9cropole nationale de Rancourt (Somme), tombe n\u00b01854.<br>Inscriptions : 13 &#8211; Saint-Chamas &#8211; Monument aux morts &#8211; 13 &#8211; Saint-Chamas &#8211; Plaque comm\u00e9morative de l&rsquo;\u00e9glise Saint-L\u00e9ger &#8211; 13 &#8211; Saint-Chamas &#8211; Livre d&rsquo;Or du minist\u00e8re des pensions.<\/p>\n\n\n\n<figure class=\"wp-block-gallery has-nested-images columns-default is-cropped wp-block-gallery-6 is-layout-flex wp-block-gallery-is-layout-flex\">\n<figure class=\"wp-block-image size-large\"><a href=\"https:\/\/avsc13.fr\/site\/wp-content\/uploads\/2024\/11\/duthu-paul-mdh.jpg\"><img loading=\"lazy\" decoding=\"async\" width=\"682\" height=\"1024\" data-id=\"579\" src=\"https:\/\/avsc13.fr\/site\/wp-content\/uploads\/2024\/11\/duthu-paul-mdh-682x1024.jpg\" alt=\"\" class=\"wp-image-579\" srcset=\"https:\/\/avsc13.fr\/site\/wp-content\/uploads\/2024\/11\/duthu-paul-mdh-682x1024.jpg 682w, https:\/\/avsc13.fr\/site\/wp-content\/uploads\/2024\/11\/duthu-paul-mdh-200x300.jpg 200w, https:\/\/avsc13.fr\/site\/wp-content\/uploads\/2024\/11\/duthu-paul-mdh-768x1153.jpg 768w, https:\/\/avsc13.fr\/site\/wp-content\/uploads\/2024\/11\/duthu-paul-mdh.jpg 944w\" sizes=\"auto, (max-width: 682px) 100vw, 682px\" \/><\/a><\/figure>\n\n\n\n<figure class=\"wp-block-image size-large\"><a href=\"https:\/\/avsc13.fr\/site\/wp-content\/uploads\/2024\/11\/escalle-amedee-mdh.jpg\"><img loading=\"lazy\" decoding=\"async\" width=\"682\" height=\"1024\" data-id=\"580\" src=\"https:\/\/avsc13.fr\/site\/wp-content\/uploads\/2024\/11\/escalle-amedee-mdh-682x1024.jpg\" alt=\"\" class=\"wp-image-580\" srcset=\"https:\/\/avsc13.fr\/site\/wp-content\/uploads\/2024\/11\/escalle-amedee-mdh-682x1024.jpg 682w, https:\/\/avsc13.fr\/site\/wp-content\/uploads\/2024\/11\/escalle-amedee-mdh-200x300.jpg 200w, https:\/\/avsc13.fr\/site\/wp-content\/uploads\/2024\/11\/escalle-amedee-mdh-768x1153.jpg 768w, https:\/\/avsc13.fr\/site\/wp-content\/uploads\/2024\/11\/escalle-amedee-mdh.jpg 944w\" sizes=\"auto, (max-width: 682px) 100vw, 682px\" \/><\/a><\/figure>\n\n\n\n<figure class=\"wp-block-image size-large\"><a href=\"https:\/\/avsc13.fr\/site\/wp-content\/uploads\/2024\/11\/fabre-henri-mdh.jpg\"><img loading=\"lazy\" decoding=\"async\" width=\"682\" height=\"1024\" data-id=\"581\" src=\"https:\/\/avsc13.fr\/site\/wp-content\/uploads\/2024\/11\/fabre-henri-mdh-682x1024.jpg\" alt=\"\" class=\"wp-image-581\" srcset=\"https:\/\/avsc13.fr\/site\/wp-content\/uploads\/2024\/11\/fabre-henri-mdh-682x1024.jpg 682w, https:\/\/avsc13.fr\/site\/wp-content\/uploads\/2024\/11\/fabre-henri-mdh-200x300.jpg 200w, https:\/\/avsc13.fr\/site\/wp-content\/uploads\/2024\/11\/fabre-henri-mdh-768x1153.jpg 768w, https:\/\/avsc13.fr\/site\/wp-content\/uploads\/2024\/11\/fabre-henri-mdh.jpg 944w\" sizes=\"auto, (max-width: 682px) 100vw, 682px\" \/><\/a><\/figure>\n<\/figure>\n\n\n\n<p><\/p>\n\n\n\n<p><strong>FABRIES <em>\u00c9lie<\/em> Joseph<\/strong>, ma\u00e7on<\/p>\n\n\n\n<p>Soldat de 2e classe au 53e r\u00e9giment d\u2019infanterie, 4e compagnie, matricule n\u00b0943 au recrutement de Carcassonne, classe 1909.<br>N\u00e9 le 21 mars 1889 \u00e0 Castres (Tarn), fils de Joseph, ma\u00e7on, et de C\u00e9cile Corbi\u00e8re. C\u00e9libataire.<br>Incorpor\u00e9 dans le 53e r\u00e9giment d&rsquo;infanterie \u00e0 compter du 1er octobre 1910. Arriv\u00e9 au corps et soldat de 2e classe le m\u00eame jour. Nomm\u00e9 soldat de 1\u00e8re classe le 13 octobre 1911. Lib\u00e9r\u00e9 le 25 septembre 1912, certificat de bonne conduite accord\u00e9. Affect\u00e9 dans la r\u00e9serve au 53e r\u00e9giment d&rsquo;infanterie le 1er octobre 1912.<br>Rappel\u00e9 \u00e0 l&rsquo;activit\u00e9 par d\u00e9cret de mobilisation g\u00e9n\u00e9rale du 1er ao\u00fbt 1914, arriv\u00e9 au corps le 3 ao\u00fbt 1914. Parti au front le 7 ao\u00fbt 1914.<br>Mort pour la France, tu\u00e9 \u00e0 l\u2019ennemi, le 5 novembre 1914 au ch\u00e2teau d\u2019Hollebeke \u00e0 Saint-\u00c9loi (Belgique).<br>Acte de d\u00e9c\u00e8s transcrit le 11 f\u00e9vrier 1916 \u00e0 Saint-Chamas (Bouches-du-Rh\u00f4ne).<br>Inscriptions : 13 &#8211; Saint-Chamas &#8211; Monument aux morts &#8211; 13 &#8211; Saint-Chamas &#8211; Plaque comm\u00e9morative de l&rsquo;\u00e9glise Saint-L\u00e9ger &#8211; 13 &#8211; Saint-Chamas &#8211; Livre d&rsquo;Or du minist\u00e8re des pensions.<\/p>\n\n\n\n<p><strong>FARISIAN Jules<\/strong>, \u00e9tudiant<\/p>\n\n\n\n<p>Lieutenant \u00e0 la 4e compagnie du 27e bataillon de tirailleurs s\u00e9n\u00e9galais, matricule n\u00b0202 au recrutement de Marseille, classe 1910\/1912.<br>N\u00e9 le 23 septembre 1892 \u00e0 Marseille (Bouches-du-Rh\u00f4ne), fils d\u2019Auguste et d\u2019\u00c9milie Dumas. C\u00e9libataire.<br>Il est engag\u00e9 volontaire pour 4 ans le 9 novembre 1910 \u00e0 la mairie d&rsquo;Aix. Il arrive au corps et soldat de 2e classe au 61e r\u00e9giment d&rsquo;infanterie le 9 novembre 1910. Nomm\u00e9 caporal le 29 mai 1911. Il fait un s\u00e9jour en Alg\u00e9rie du 22 ao\u00fbt au 2 d\u00e9cembre 1912. Nomm\u00e9 sergent le 1er juillet 1913. Pass\u00e9 au 141e r\u00e9giment d&rsquo;infanterie le 20 octobre 1915. Promu sous-lieutenant \u00e0 titre temporaire pour la dur\u00e9e de la guerre le 20 octobre 1915. Pass\u00e9 au 22e r\u00e9giment d&rsquo;infanterie coloniale le 28 novembre 1915. Pass\u00e9 au 1er r\u00e9giment d&rsquo;infanterie coloniale le 29 d\u00e9cembre 1915. Affect\u00e9 au camp de Fr\u00e9jus le 30 juin 1918. Pass\u00e9 au 27e bataillon de tirailleurs s\u00e9n\u00e9galais le 5 ao\u00fbt 1918.<br>Mort pour la France, tu\u00e9 \u00e0 l\u2019ennemi, le 23 ao\u00fbt 1918 \u00e0 l\u2019Orme de Mont\u00e9couv\u00e9, devant Cr\u00e9cy-au-Mont (Aisne).<br>Acte de d\u00e9c\u00e8s transcrit le 17 juin 1919 \u00e0 Saint-Chamas (Bouches-du-Rh\u00f4ne).<br>Inscriptions : 13 &#8211; Istres &#8211; Monument aux morts &#8211; 13 &#8211; Saint-Chamas &#8211; Monument aux morts &#8211; 13 &#8211; Saint-Chamas &#8211; Plaque comm\u00e9morative de l&rsquo;\u00e9glise Saint-L\u00e9ger &#8211; 13 &#8211; Saint-Chamas &#8211; Livre d&rsquo;Or du minist\u00e8re des pensions.<\/p>\n\n\n\n<p><strong>FERRIER <em>Baptistin<\/em> Hippolyte<\/strong>, ma\u00e7on<\/p>\n\n\n<div class=\"wp-block-image\">\n<figure class=\"aligncenter size-large\"><a href=\"https:\/\/avsc13.fr\/site\/wp-content\/uploads\/2024\/11\/Journal_officiel_de_la_Republique-1921-06-07-citation-FERRIER-Baptistin-Hippolyte.jpg\"><img loading=\"lazy\" decoding=\"async\" width=\"1024\" height=\"261\" src=\"https:\/\/avsc13.fr\/site\/wp-content\/uploads\/2024\/11\/Journal_officiel_de_la_Republique-1921-06-07-citation-FERRIER-Baptistin-Hippolyte-1024x261.jpg\" alt=\"Citation parue au Journal Officiel le 7 juin 1921.\" class=\"wp-image-683\" srcset=\"https:\/\/avsc13.fr\/site\/wp-content\/uploads\/2024\/11\/Journal_officiel_de_la_Republique-1921-06-07-citation-FERRIER-Baptistin-Hippolyte-1024x261.jpg 1024w, https:\/\/avsc13.fr\/site\/wp-content\/uploads\/2024\/11\/Journal_officiel_de_la_Republique-1921-06-07-citation-FERRIER-Baptistin-Hippolyte-300x77.jpg 300w, https:\/\/avsc13.fr\/site\/wp-content\/uploads\/2024\/11\/Journal_officiel_de_la_Republique-1921-06-07-citation-FERRIER-Baptistin-Hippolyte-768x196.jpg 768w, https:\/\/avsc13.fr\/site\/wp-content\/uploads\/2024\/11\/Journal_officiel_de_la_Republique-1921-06-07-citation-FERRIER-Baptistin-Hippolyte.jpg 1034w\" sizes=\"auto, (max-width: 1024px) 100vw, 1024px\" \/><\/a><figcaption class=\"wp-element-caption\">Citation parue au Journal Officiel le 7 juin 1921.<\/figcaption><\/figure>\n<\/div>\n\n\n<p>Soldat de 2e classe au 141e r\u00e9giment d\u2019infanterie, matricule n\u00b0590 au recrutement de Marseille, classe 1912.<br>N\u00e9 le 22 ao\u00fbt 1892 \u00e0 Saint-Chamas (Bouches-du-Rh\u00f4ne), fils d\u2019Amable Charles, journalier, et de Marie Aubert.<br>Mari\u00e9 le 27 avril 1912 \u00e0 Saint-Chamas (Bouches-du-Rh\u00f4ne) avec Marie Louise Delphine Ferrier.<br>Class\u00e9 soutien de famille le 3 septembre 1913. Incorpor\u00e9 le 10 octobre 1913, arriv\u00e9 au corps et soldat de 2e classe le m\u00eame jour.<br>Mort pour la France, des suites de ses blessures de guerre, le 1er janvier 1915 \u00e0 Dombasle-en-Argonne (Meuse).<br>Acte de d\u00e9c\u00e8s transcrit le 19 mai 1915 \u00e0 Saint-Chamas (Bouches-du-Rh\u00f4ne).<br>D\u00e9coration : M\u00e9daille militaire \u00e0 titre posthume, Journal Officiel du 7 juin 1921<br>Inscriptions : 13 &#8211; Marseille 07 &#8211; Plaques comm\u00e9moratives des 141e et 341e RI, 115e et 315e RIT, 6e RH et 22e RIT &#8211; 13 &#8211; Saint-Chamas &#8211; Monument aux morts &#8211; 13 &#8211; Saint-Chamas &#8211; Plaque comm\u00e9morative de l&rsquo;\u00e9glise Saint-L\u00e9ger &#8211; 13 &#8211; Saint-Chamas &#8211; Livre d&rsquo;Or du minist\u00e8re des pensions.<\/p>\n\n\n\n<figure class=\"wp-block-gallery has-nested-images columns-default is-cropped wp-block-gallery-7 is-layout-flex wp-block-gallery-is-layout-flex\">\n<figure class=\"wp-block-image size-large\"><a href=\"https:\/\/avsc13.fr\/site\/wp-content\/uploads\/2024\/11\/fabries-elie.jpg\"><img loading=\"lazy\" decoding=\"async\" width=\"682\" height=\"1024\" data-id=\"586\" src=\"https:\/\/avsc13.fr\/site\/wp-content\/uploads\/2024\/11\/fabries-elie-682x1024.jpg\" alt=\"\" class=\"wp-image-586\" srcset=\"https:\/\/avsc13.fr\/site\/wp-content\/uploads\/2024\/11\/fabries-elie-682x1024.jpg 682w, https:\/\/avsc13.fr\/site\/wp-content\/uploads\/2024\/11\/fabries-elie-200x300.jpg 200w, https:\/\/avsc13.fr\/site\/wp-content\/uploads\/2024\/11\/fabries-elie-768x1153.jpg 768w, https:\/\/avsc13.fr\/site\/wp-content\/uploads\/2024\/11\/fabries-elie.jpg 944w\" sizes=\"auto, (max-width: 682px) 100vw, 682px\" \/><\/a><\/figure>\n\n\n\n<figure class=\"wp-block-image size-large\"><a href=\"https:\/\/avsc13.fr\/site\/wp-content\/uploads\/2024\/11\/farisian-jules-mdh.jpg\"><img loading=\"lazy\" decoding=\"async\" width=\"682\" height=\"1024\" data-id=\"587\" src=\"https:\/\/avsc13.fr\/site\/wp-content\/uploads\/2024\/11\/farisian-jules-mdh-682x1024.jpg\" alt=\"\" class=\"wp-image-587\" srcset=\"https:\/\/avsc13.fr\/site\/wp-content\/uploads\/2024\/11\/farisian-jules-mdh-682x1024.jpg 682w, https:\/\/avsc13.fr\/site\/wp-content\/uploads\/2024\/11\/farisian-jules-mdh-200x300.jpg 200w, https:\/\/avsc13.fr\/site\/wp-content\/uploads\/2024\/11\/farisian-jules-mdh-768x1153.jpg 768w, https:\/\/avsc13.fr\/site\/wp-content\/uploads\/2024\/11\/farisian-jules-mdh.jpg 944w\" sizes=\"auto, (max-width: 682px) 100vw, 682px\" \/><\/a><\/figure>\n\n\n\n<figure class=\"wp-block-image size-large\"><a href=\"https:\/\/avsc13.fr\/site\/wp-content\/uploads\/2024\/11\/ferrier-baptistin-mdh.jpg\"><img loading=\"lazy\" decoding=\"async\" width=\"682\" height=\"1024\" data-id=\"588\" src=\"https:\/\/avsc13.fr\/site\/wp-content\/uploads\/2024\/11\/ferrier-baptistin-mdh-682x1024.jpg\" alt=\"\" class=\"wp-image-588\" srcset=\"https:\/\/avsc13.fr\/site\/wp-content\/uploads\/2024\/11\/ferrier-baptistin-mdh-682x1024.jpg 682w, https:\/\/avsc13.fr\/site\/wp-content\/uploads\/2024\/11\/ferrier-baptistin-mdh-200x300.jpg 200w, https:\/\/avsc13.fr\/site\/wp-content\/uploads\/2024\/11\/ferrier-baptistin-mdh-768x1153.jpg 768w, https:\/\/avsc13.fr\/site\/wp-content\/uploads\/2024\/11\/ferrier-baptistin-mdh.jpg 944w\" sizes=\"auto, (max-width: 682px) 100vw, 682px\" \/><\/a><\/figure>\n<\/figure>\n\n\n\n<p><\/p>\n\n\n\n<p><strong>FERRIER <em>Jean<\/em> Auguste Jules<\/strong>, instituteur<\/p>\n\n\n\n<p>Sous-lieutenant au 17e bataillon de chasseurs alpins, matricule n\u00b01905 au recrutement de Marseille, classe 1913.<br>N\u00e9 le 21 mars 1893 \u00e0 Saint-Chamas (Bouches-du-Rh\u00f4ne), fils de Victor Auguste, instituteur, et de Marie Hina Arnaud.<br>Mari\u00e9 le 1er ao\u00fbt 1918 \u00e0 Fos-sur-Mer (Bouches-du-Rh\u00f4ne) avec Anna Marguerite F\u00e9raud.<br>Dernier domicile \u00e0 Marseille, 4 boulevard Durbec<br>Incorpor\u00e9 le 28 novembre 1913, arriv\u00e9 au corps et soldat de 2e classe au 159e r\u00e9giment d&rsquo;infanterie le m\u00eame jour. Nomm\u00e9 caporal le 8 avril 1914. Nomm\u00e9 sergent le 22 ao\u00fbt 1914.<br>Cit\u00e9 \u00e0 l&rsquo;ordre du r\u00e9giment n\u00b0134 du 26 janvier 1916, \u00ab&nbsp;sous-officier brave et tr\u00e8s d\u00e9vou\u00e9 qui a fait toute la campagne. Agent de liaison du chef de corps, s&rsquo;est fait remarquer dans l&rsquo;ex\u00e9cution de sa mission notamment les 9 mai, 15 juin et 23 septembre 1915&nbsp;\u00bb.<br>Cit\u00e9 \u00e0 l&rsquo;ordre du r\u00e9giment n\u00b0146 du 17 avril 1916, \u00ab&nbsp;grad\u00e9 tr\u00e8s intelligent et tr\u00e8s d\u00e9vou\u00e9. Agent de liaison s&rsquo;est particuli\u00e8rement distingu\u00e9 du 14 au 31 mars 1916 en accomplissant sous des bombardements extr\u00eamement violents les missions qui lui \u00e9taient confi\u00e9es&nbsp;\u00bb. Croix de guerre<br>Nomm\u00e9 adjudant le 21 ao\u00fbt 1917. Promu sous-lieutenant \u00e0 titre temporaire pour la dur\u00e9e de la guerre le 9 novembre 1917, et affect\u00e9 au 17e Bataillon de chasseurs \u00e0 pied. D\u00e9tach\u00e9 comme pilote au 1er groupe d&rsquo;aviation le 10 mars 1918, comme pilote aviateur \u00e0 l\u2019\u00e9cole de tir de combat \u00e0 Biscarosse.<br>Mort pour la France, des suites d\u2019un accident d\u2019avion ab\u00eem\u00e9 en mer, le 15 octobre 1918, son corps rejet\u00e9 par la mer sur la c\u00f4te \u00e0 Mimizan (Landes).<br>Acte de d\u00e9c\u00e8s du 21 octobre 1918 \u00e0 Mimizan (Landes).<br>Inscriptions : 13 &#8211; Saint-Chamas &#8211; Monument aux morts &#8211; 13 &#8211; Saint-Chamas &#8211; Livre d&rsquo;Or du minist\u00e8re des pensions.<\/p>\n\n\n\n<p><strong>FERRIER <em>Marius<\/em> Casimir<\/strong>, agriculteur<\/p>\n\n\n\n<p>Soldat de 2e classe \u00e0 la 10e compagnie du 112e r\u00e9giment d\u2019infanterie, matricule n\u00b03519 au recrutement de Marseille, classe 1907.<br>N\u00e9 le 14 juillet 1887 \u00e0 Saint-Chamas (Bouches-du-Rh\u00f4ne), fils de Georges Jean Baptiste, cultivateur, et de Henriette Uranie Roussin.<br>Incorpor\u00e9 le 8 octobre 1908, arriv\u00e9 au corps et soldat de 2e classe au 112e r\u00e9giment d&rsquo;infanterie le m\u00eame jour. Pass\u00e9 au 15e escadron du train des \u00c9quipages militaires le 11 octobre 1909. Lib\u00e9r\u00e9 le 25 septembre 1910, certificat de bonne conduite accord\u00e9. Rappel\u00e9 \u00e0 l&rsquo;activit\u00e9 par le d\u00e9cret de mobilisation du 1er ao\u00fbt 1914, arriv\u00e9 au corps le 3 ao\u00fbt suivant.<br>Mort pour la France, des suites de ses blessures de guerre, le 20 septembre 1914 \u00e0 l\u2019h\u00f4pital d\u2019\u00e9vacuation \u00e0 Verdun (Meuse).<br>Acte de d\u00e9c\u00e8s transcrit le 15 octobre 1914 \u00e0 Saint-Chamas (Bouches-du-Rh\u00f4ne).<br>D\u00e9coration : M\u00e9daille militaire \u00e0 titre posthume, Journal officiel du 8 f\u00e9vrier 1922.<br>Inscriptions : 13 &#8211; Saint-Chamas &#8211; Monument aux morts &#8211; 13 &#8211; Saint-Chamas &#8211; Plaque comm\u00e9morative de l&rsquo;\u00e9glise Saint-L\u00e9ger &#8211; 13 &#8211; Saint-Chamas &#8211; Livre d&rsquo;Or du minist\u00e8re des pensions.<\/p>\n\n\n\n<p><strong>FOSSATI Barth\u00e9l\u00e9my<\/strong>, cultivateur<\/p>\n\n\n\n<p>Soldat de 2e classe au 37e r\u00e9giment d\u2019infanterie, matricule n\u00b02326 au recrutement d\u2019Ajaccio, classe 1903.<br>N\u00e9 le 5 avril 1883 \u00e0 Moncale (Haute-Corse), fils de Jean-Baptiste et de C\u00e9cile Belgod\u00e8re.<br>Exempt\u00e9 pour fracture au bras gauche en 1903.<br>Reconnu bon pour le service arm\u00e9 par le conseil de r\u00e9vision des Bouches-du-Rh\u00f4ne dans sa s\u00e9ance du 14 d\u00e9cembre 1914. Affect\u00e9 au 8e r\u00e9giment d&rsquo;infanterie coloniale le 28 avril 1915. D\u00e9tach\u00e9 pour \u00eatre employ\u00e9 \u00e0 l&rsquo;usine de r\u00e9cup\u00e9ration et de concentration d&rsquo;acide sulfurique d\u00e9pendant de la Poudrerie de Saint-Chamas le 2 d\u00e9cembre 1915. Pass\u00e9 au 145e r\u00e9giment d&rsquo;infanterie territoriale le 1er juillet 1917. Pass\u00e9 au 55e r\u00e9giment d&rsquo;infanterie le 28 ao\u00fbt 1917. Pass\u00e9 au 37e r\u00e9giment d&rsquo;infanterie le 4 d\u00e9cembre 1917.<br>Mort pour la France, disparu pr\u00e9sum\u00e9 tu\u00e9 \u00e0 l\u2019ennemi, le 23 juillet 1918 \u00e0 la ferme des Savarts, pr\u00e8s de Reuil-sur-Marne (Marne).<br>Jugement d\u00e9claratif de d\u00e9c\u00e8s par le tribunal civil d\u2019Aix le 13 d\u00e9cembre 1921, transcrit le 11 janvier 1922 \u00e0 Saint-Chamas (Bouches-du-Rh\u00f4ne).<br>Inhum\u00e9 au cimeti\u00e8re au sud de la ferme des Savarts. D\u00e9pouille transf\u00e9r\u00e9e \u00e0 la n\u00e9cropole nationale \u00ab&nbsp;Le Prieur\u00e9 de Binson&nbsp;\u00bb \u00e0 Ch\u00e2tillon-sur-Marne (Marne), tombe n\u00b01261.<br>Inscriptions : 13 &#8211; Saint-Chamas &#8211; Monument aux morts &#8211; 13 &#8211; Saint-Chamas &#8211; Plaque comm\u00e9morative de l&rsquo;\u00e9glise Saint-L\u00e9ger &#8211; 13 &#8211; Saint-Chamas &#8211; Livre d&rsquo;Or du minist\u00e8re des pensions.<\/p>\n\n\n\n<figure class=\"wp-block-gallery has-nested-images columns-default is-cropped wp-block-gallery-8 is-layout-flex wp-block-gallery-is-layout-flex\">\n<figure class=\"wp-block-image size-large\"><a href=\"https:\/\/avsc13.fr\/site\/wp-content\/uploads\/2024\/11\/ferrier-jean-mdh.jpg\"><img loading=\"lazy\" decoding=\"async\" width=\"682\" height=\"1024\" data-id=\"591\" src=\"https:\/\/avsc13.fr\/site\/wp-content\/uploads\/2024\/11\/ferrier-jean-mdh-682x1024.jpg\" alt=\"\" class=\"wp-image-591\" srcset=\"https:\/\/avsc13.fr\/site\/wp-content\/uploads\/2024\/11\/ferrier-jean-mdh-682x1024.jpg 682w, https:\/\/avsc13.fr\/site\/wp-content\/uploads\/2024\/11\/ferrier-jean-mdh-200x300.jpg 200w, https:\/\/avsc13.fr\/site\/wp-content\/uploads\/2024\/11\/ferrier-jean-mdh-768x1153.jpg 768w, https:\/\/avsc13.fr\/site\/wp-content\/uploads\/2024\/11\/ferrier-jean-mdh.jpg 944w\" sizes=\"auto, (max-width: 682px) 100vw, 682px\" \/><\/a><\/figure>\n\n\n\n<figure class=\"wp-block-image size-large\"><a href=\"https:\/\/avsc13.fr\/site\/wp-content\/uploads\/2024\/11\/ferrier-marius-mdh.jpg\"><img loading=\"lazy\" decoding=\"async\" width=\"682\" height=\"1024\" data-id=\"592\" src=\"https:\/\/avsc13.fr\/site\/wp-content\/uploads\/2024\/11\/ferrier-marius-mdh-682x1024.jpg\" alt=\"\" class=\"wp-image-592\" srcset=\"https:\/\/avsc13.fr\/site\/wp-content\/uploads\/2024\/11\/ferrier-marius-mdh-682x1024.jpg 682w, https:\/\/avsc13.fr\/site\/wp-content\/uploads\/2024\/11\/ferrier-marius-mdh-200x300.jpg 200w, https:\/\/avsc13.fr\/site\/wp-content\/uploads\/2024\/11\/ferrier-marius-mdh-768x1153.jpg 768w, https:\/\/avsc13.fr\/site\/wp-content\/uploads\/2024\/11\/ferrier-marius-mdh.jpg 944w\" sizes=\"auto, (max-width: 682px) 100vw, 682px\" \/><\/a><\/figure>\n\n\n\n<figure class=\"wp-block-image size-large\"><a href=\"https:\/\/avsc13.fr\/site\/wp-content\/uploads\/2024\/11\/fossatti-barthelemy-mdh.jpg\"><img loading=\"lazy\" decoding=\"async\" width=\"682\" height=\"1024\" data-id=\"593\" src=\"https:\/\/avsc13.fr\/site\/wp-content\/uploads\/2024\/11\/fossatti-barthelemy-mdh-682x1024.jpg\" alt=\"\" class=\"wp-image-593\" srcset=\"https:\/\/avsc13.fr\/site\/wp-content\/uploads\/2024\/11\/fossatti-barthelemy-mdh-682x1024.jpg 682w, https:\/\/avsc13.fr\/site\/wp-content\/uploads\/2024\/11\/fossatti-barthelemy-mdh-200x300.jpg 200w, https:\/\/avsc13.fr\/site\/wp-content\/uploads\/2024\/11\/fossatti-barthelemy-mdh-768x1153.jpg 768w, https:\/\/avsc13.fr\/site\/wp-content\/uploads\/2024\/11\/fossatti-barthelemy-mdh.jpg 944w\" sizes=\"auto, (max-width: 682px) 100vw, 682px\" \/><\/a><\/figure>\n<\/figure>\n\n\n\n<p><\/p>\n\n\n\n<p><strong>GANACHON <em>Paulin<\/em> Augustin<\/strong>, cultivateur viticulteur<\/p>\n\n\n\n<p>Zouave de 2e classe \u00e0 la 3e compagnie du 2e r\u00e9giment de marche de zouaves, matricule n\u00b01366 au recrutement de Marseille, classe 1900.<br>N\u00e9 le 27 septembre 1880 \u00e0 Saint-Chamas (Bouches-du-Rh\u00f4ne), fils d\u2019Hippolyte, poudrier, et de Marguerite Rey. C\u00e9libataire.<br>Incorpor\u00e9 le 29 novembre 1901, arriv\u00e9 au corps et soldat de 2e classe au 163e r\u00e9giment d&rsquo;infanterie le 2 d\u00e9cembre 1901. Lib\u00e9r\u00e9 le 21 septembre 1904, certificat de bonne conduite accord\u00e9. Rappel\u00e9 \u00e0 l&rsquo;activit\u00e9 par le d\u00e9cret de mobilisation du 1er ao\u00fbt 1914, arriv\u00e9 au corps le 3 ao\u00fbt suivant. Pass\u00e9 au 2e r\u00e9giment de Zouaves \u00e0 Sathonay le 10 juin 1915.<br>Cit\u00e9 \u00e0 l&rsquo;ordre de \u2026 du 5 juillet 1919, \u00ab&nbsp;Zouave brave et \u00e9nergique le 25 septembre 1915, s&rsquo;est \u00e9lanc\u00e9 r\u00e9solument \u00e0 l&rsquo;attaque des fortes positions allemandes de Champagne et y a trouv\u00e9 une mort glorieuse en abordant les fils de fer ennemis&nbsp;\u00bb. Croix de guerre avec \u00e9toile de bronze.<br>Mort pour la France, tu\u00e9 \u00e0 l\u2019ennemi, le 25 septembre 1915 \u00e0 Saint-Hilaire-le-Grand (Marne).<br>Acte de d\u00e9c\u00e8s transcrit le 11 f\u00e9vrier 1916 \u00e0 Cabri\u00e8res d\u2019Avignon (Vaucluse).<br>Inhum\u00e9 \u00e0 la n\u00e9cropole nationale de Jonchery-sur-Suippe (Marne), ossuaire n\u00b02.<br>Inscriptions : 84 &#8211; Cabri\u00e8res-d&rsquo;Avignon &#8211; Monument aux Morts &#8211; 84 &#8211; Cabri\u00e8res-d&rsquo;Avignon &#8211; Livre d&rsquo;or du minist\u00e8re des pensions.<\/p>\n\n\n\n<p><strong>GAUTIER <em>Jean<\/em> Ange<\/strong><\/p>\n\n\n<div class=\"wp-block-image\">\n<figure class=\"aligncenter size-large\"><a href=\"https:\/\/avsc13.fr\/site\/wp-content\/uploads\/2024\/11\/Journal_officiel_de_la_Republique-1921-07-30-citation-GAUTIER-Jean-Ange.jpg\"><img loading=\"lazy\" decoding=\"async\" width=\"1024\" height=\"192\" src=\"https:\/\/avsc13.fr\/site\/wp-content\/uploads\/2024\/11\/Journal_officiel_de_la_Republique-1921-07-30-citation-GAUTIER-Jean-Ange-1024x192.jpg\" alt=\"Citation parue au Journal Officiel le 30 juillet 1921.\" class=\"wp-image-685\" srcset=\"https:\/\/avsc13.fr\/site\/wp-content\/uploads\/2024\/11\/Journal_officiel_de_la_Republique-1921-07-30-citation-GAUTIER-Jean-Ange-1024x192.jpg 1024w, https:\/\/avsc13.fr\/site\/wp-content\/uploads\/2024\/11\/Journal_officiel_de_la_Republique-1921-07-30-citation-GAUTIER-Jean-Ange-300x56.jpg 300w, https:\/\/avsc13.fr\/site\/wp-content\/uploads\/2024\/11\/Journal_officiel_de_la_Republique-1921-07-30-citation-GAUTIER-Jean-Ange-768x144.jpg 768w, https:\/\/avsc13.fr\/site\/wp-content\/uploads\/2024\/11\/Journal_officiel_de_la_Republique-1921-07-30-citation-GAUTIER-Jean-Ange.jpg 1081w\" sizes=\"auto, (max-width: 1024px) 100vw, 1024px\" \/><\/a><figcaption class=\"wp-element-caption\">Citation parue au Journal Officiel le 30 juillet 1921.<\/figcaption><\/figure>\n<\/div>\n\n\n<p>Brigadier \u00e0 la 27e batterie du 60e r\u00e9giment d\u2019artillerie de campagne, matricule n\u00b03674 au recrutement de Marseille, classe 1914.<br>N\u00e9 le 2 octobre 1894 \u00e0 Saint-Chamas (Bouches-du-Rh\u00f4ne), fils de Joseph Marie Auguste, m\u00e9canicien, et de Marie Jos\u00e9phine Arpage. C\u00e9libataire.<br>Incorpor\u00e9 le 5 septembre 1914, arriv\u00e9 au corps et soldat de 2e classe au 19e r\u00e9giment du g\u00e9nie le 12 septembre 1914. Pass\u00e9 au 141e r\u00e9giment d&rsquo;infanterie le 13 octobre 1914. D\u00e9tach\u00e9 \u00e0 la mission militaire fran\u00e7aise attach\u00e9 \u00e0 l&rsquo;arm\u00e9e Britannique en subce au 19e escadron du train des \u00c9quipages militaires, le 15 octobre 1915. Affect\u00e9 au 60e r\u00e9giment d\u2019artillerie de campagne le 2 d\u00e9cembre 1916. Nomm\u00e9 brigadier le 5 mars 1917.<br>Mort pour la France, tu\u00e9 \u00e0 l\u2019ennemi, le 16 avril 1917 \u00e0 Moulins (Aisne).<br>Acte de d\u00e9c\u00e8s transcrit le 2 ao\u00fbt 1917 \u00e0 Saint-Chamas (Bouches-du-Rh\u00f4ne).<br>Inscriptions : 13 &#8211; Saint-Chamas &#8211; Monument aux morts &#8211; 13 &#8211; Saint-Chamas &#8211; Plaque comm\u00e9morative de l&rsquo;\u00e9glise Saint-L\u00e9ger &#8211; 13 &#8211; Saint-Chamas &#8211; Livre d&rsquo;Or du minist\u00e8re des pensions.<\/p>\n\n\n\n<p><strong>GAUTIER <em>Jean<\/em> No\u00e9mi Lazare<\/strong>, employ\u00e9 de bureau<\/p>\n\n\n\n<p>Soldat au 341e r\u00e9giment d\u2019infanterie, matricule n\u00b02228 au recrutement de Marseille, classe 1904.<br>N\u00e9 le 2 septembre 1884 \u00e0 Saint-Chamas (Bouches-du-Rh\u00f4ne), fils de Jules Constantin Marius, cultivateur, et de Jeanne Marie Serny.<br>Incorpor\u00e9 le 10 octobre 1905, arriv\u00e9 au corps et soldat de 2e classe au 141e r\u00e9giment d&rsquo;infanterie le m\u00eame jour. Envoy\u00e9 dans la disponibilit\u00e9 le 19 f\u00e9vrier 1907, \u00e9tant devenu post\u00e9rieurement \u00e0 son incorporation, dispens\u00e9 article 21 (fr\u00e8re au service). Certificat de bonne conduite accord\u00e9.<br>Rappel\u00e9 \u00e0 l&rsquo;activit\u00e9 par le d\u00e9cret de mobilisation du 1er ao\u00fbt 1914, arriv\u00e9 au corps le 3 ao\u00fbt suivant.<br>Mort pour la France, des suites d\u2019une insolation contract\u00e9 au cours d\u2019une marche de man\u0153uvre, le 18 ao\u00fbt 1914 \u00e0 l\u2019h\u00f4pital mixte du Petit-Paris \u00e0 Grasse (Alpes-Maritimes).<br>Acte de d\u00e9c\u00e8s dress\u00e9 le 18 ao\u00fbt 1914 \u00e0 Grasse (Alpes-Maritimes).<br>Inhum\u00e9 au carr\u00e9 militaire du cimeti\u00e8re Sainte-Brigitte \u00e0 Grasse (Alpes-Maritimes).<br>D\u00e9coration : M\u00e9daille militaire \u00e0 titre posthume, Journal officiel du 10 mai 1922.<br>Inscriptions : 13 &#8211; Marseille 07 &#8211; Plaques comm\u00e9moratives des 141e et 341e RI, 115e et 315e RIT, 6e RH et 22e RIT &#8211; 13 &#8211; Saint-Chamas &#8211; Livre d&rsquo;or du minist\u00e8re des pensions &#8211; 13 &#8211; Salon-de-Provence &#8211; Monument aux Morts.<\/p>\n\n\n\n<figure class=\"wp-block-gallery has-nested-images columns-default is-cropped wp-block-gallery-9 is-layout-flex wp-block-gallery-is-layout-flex\">\n<figure class=\"wp-block-image size-large\"><a href=\"https:\/\/avsc13.fr\/site\/wp-content\/uploads\/2024\/11\/ganachon-paulin-mdh.jpg\"><img loading=\"lazy\" decoding=\"async\" width=\"682\" height=\"1024\" data-id=\"595\" src=\"https:\/\/avsc13.fr\/site\/wp-content\/uploads\/2024\/11\/ganachon-paulin-mdh-682x1024.jpg\" alt=\"\" class=\"wp-image-595\" srcset=\"https:\/\/avsc13.fr\/site\/wp-content\/uploads\/2024\/11\/ganachon-paulin-mdh-682x1024.jpg 682w, https:\/\/avsc13.fr\/site\/wp-content\/uploads\/2024\/11\/ganachon-paulin-mdh-200x300.jpg 200w, https:\/\/avsc13.fr\/site\/wp-content\/uploads\/2024\/11\/ganachon-paulin-mdh-768x1153.jpg 768w, https:\/\/avsc13.fr\/site\/wp-content\/uploads\/2024\/11\/ganachon-paulin-mdh.jpg 944w\" sizes=\"auto, (max-width: 682px) 100vw, 682px\" \/><\/a><\/figure>\n\n\n\n<figure class=\"wp-block-image size-large\"><a href=\"https:\/\/avsc13.fr\/site\/wp-content\/uploads\/2024\/11\/gautier-jean-ange-mdh.jpg\"><img loading=\"lazy\" decoding=\"async\" width=\"682\" height=\"1024\" data-id=\"596\" src=\"https:\/\/avsc13.fr\/site\/wp-content\/uploads\/2024\/11\/gautier-jean-ange-mdh-682x1024.jpg\" alt=\"\" class=\"wp-image-596\" srcset=\"https:\/\/avsc13.fr\/site\/wp-content\/uploads\/2024\/11\/gautier-jean-ange-mdh-682x1024.jpg 682w, https:\/\/avsc13.fr\/site\/wp-content\/uploads\/2024\/11\/gautier-jean-ange-mdh-200x300.jpg 200w, https:\/\/avsc13.fr\/site\/wp-content\/uploads\/2024\/11\/gautier-jean-ange-mdh-768x1153.jpg 768w, https:\/\/avsc13.fr\/site\/wp-content\/uploads\/2024\/11\/gautier-jean-ange-mdh.jpg 944w\" sizes=\"auto, (max-width: 682px) 100vw, 682px\" \/><\/a><\/figure>\n\n\n\n<figure class=\"wp-block-image size-large\"><a href=\"https:\/\/avsc13.fr\/site\/wp-content\/uploads\/2024\/11\/gautier-jean-noemie-mdh.jpg\"><img loading=\"lazy\" decoding=\"async\" width=\"682\" height=\"1024\" data-id=\"597\" src=\"https:\/\/avsc13.fr\/site\/wp-content\/uploads\/2024\/11\/gautier-jean-noemie-mdh-682x1024.jpg\" alt=\"\" class=\"wp-image-597\" srcset=\"https:\/\/avsc13.fr\/site\/wp-content\/uploads\/2024\/11\/gautier-jean-noemie-mdh-682x1024.jpg 682w, https:\/\/avsc13.fr\/site\/wp-content\/uploads\/2024\/11\/gautier-jean-noemie-mdh-200x300.jpg 200w, https:\/\/avsc13.fr\/site\/wp-content\/uploads\/2024\/11\/gautier-jean-noemie-mdh-768x1153.jpg 768w, https:\/\/avsc13.fr\/site\/wp-content\/uploads\/2024\/11\/gautier-jean-noemie-mdh.jpg 944w\" sizes=\"auto, (max-width: 682px) 100vw, 682px\" \/><\/a><\/figure>\n<\/figure>\n\n\n\n<p><\/p>\n\n\n\n<p><strong>GODDE Pierre<\/strong><\/p>\n\n\n\n<p>Individu non identifi\u00e9.<br>Inscription : 13 &#8211; Saint-Chamas &#8211; Plaque comm\u00e9morative de l&rsquo;\u00e9glise Saint-L\u00e9ger.<\/p>\n\n\n\n<p><strong>GU\u00c8S<em> Gustave<\/em> Paul<\/strong>, marchand de charbons<\/p>\n\n\n<div class=\"wp-block-image\">\n<figure class=\"aligncenter size-large\"><a href=\"https:\/\/avsc13.fr\/site\/wp-content\/uploads\/2024\/11\/Journal_officiel_de_la_Republique-1922-09-01-citation-GUES-Gustave-Paul.jpg\"><img loading=\"lazy\" decoding=\"async\" width=\"1024\" height=\"228\" src=\"https:\/\/avsc13.fr\/site\/wp-content\/uploads\/2024\/11\/Journal_officiel_de_la_Republique-1922-09-01-citation-GUES-Gustave-Paul-1024x228.jpg\" alt=\"Citation parue au Journal Officiel le 1er septembre 1922.\" class=\"wp-image-689\" srcset=\"https:\/\/avsc13.fr\/site\/wp-content\/uploads\/2024\/11\/Journal_officiel_de_la_Republique-1922-09-01-citation-GUES-Gustave-Paul-1024x228.jpg 1024w, https:\/\/avsc13.fr\/site\/wp-content\/uploads\/2024\/11\/Journal_officiel_de_la_Republique-1922-09-01-citation-GUES-Gustave-Paul-300x67.jpg 300w, https:\/\/avsc13.fr\/site\/wp-content\/uploads\/2024\/11\/Journal_officiel_de_la_Republique-1922-09-01-citation-GUES-Gustave-Paul-768x171.jpg 768w, https:\/\/avsc13.fr\/site\/wp-content\/uploads\/2024\/11\/Journal_officiel_de_la_Republique-1922-09-01-citation-GUES-Gustave-Paul.jpg 1058w\" sizes=\"auto, (max-width: 1024px) 100vw, 1024px\" \/><\/a><figcaption class=\"wp-element-caption\">Citation parue au Journal Officiel le 1er septembre 1922.<\/figcaption><\/figure>\n<\/div>\n\n\n<p>Chasseur de 2e classe au 23e bataillon de chasseurs alpins, matricule n\u00b01119 au recrutement de Digne, classe 1908.<br>N\u00e9 le 17 janvier 1888 \u00e0 Saint-Chamas (Bouches-du-Rh\u00f4ne), fils d\u2019Aman, voiturier, et d\u2019Anne Julie Martine Juge.<br>Incorpor\u00e9 au 23e Bataillon de chasseurs \u00e0 pied \u00e0 compter du 7 octobre 1909. Arriv\u00e9 au corps et chasseur de 2e classe le lendemain. Lib\u00e9r\u00e9 le 24 septembre 1911, certificat de bonne conduite accord\u00e9.<br>Rappel\u00e9 \u00e0 l&rsquo;activit\u00e9 par d\u00e9cret de mobilisation g\u00e9n\u00e9rale du 1er ao\u00fbt 1914, arriv\u00e9 au corps et soldat de 2e classe au 23e Bataillon de chasseurs \u00e0 pied le 2 ao\u00fbt 1914.<br>Mort pour la France, disparu pr\u00e9sum\u00e9 tu\u00e9 \u00e0 l\u2019ennemi, le 7 mars 1915 \u00e0 Reichakerkopf (Alsace).<br>Jugement d\u00e9claratif de d\u00e9c\u00e8s par le tribunal civil d\u2019Aix le 12 avril 1921, transcrit le 14 mai 1921 \u00e0 Salon-de-Provence (Bouches-du-Rh\u00f4ne).<br>Inscriptions : 13 &#8211; Salon-de-Provence \u2013 Monument aux morts &#8211; 13 &#8211; Salon-de-Provence &#8211; Livre d&rsquo;Or du minist\u00e8re des pensions.<\/p>\n\n\n\n<p><strong>INDIGNOUX <em>Germain<\/em> Alfred Marius<\/strong>, menuisier<\/p>\n\n\n<div class=\"wp-block-image\">\n<figure class=\"aligncenter size-large\"><a href=\"https:\/\/avsc13.fr\/site\/wp-content\/uploads\/2024\/11\/Journal_officiel_de_la_Republique-1920-05-19-citation-INDIGNOUX-Germain-Alfred.jpg\"><img loading=\"lazy\" decoding=\"async\" width=\"1024\" height=\"198\" src=\"https:\/\/avsc13.fr\/site\/wp-content\/uploads\/2024\/11\/Journal_officiel_de_la_Republique-1920-05-19-citation-INDIGNOUX-Germain-Alfred-1024x198.jpg\" alt=\"Citation parue au Journal Officiel le 19 mai 1920.\" class=\"wp-image-678\" srcset=\"https:\/\/avsc13.fr\/site\/wp-content\/uploads\/2024\/11\/Journal_officiel_de_la_Republique-1920-05-19-citation-INDIGNOUX-Germain-Alfred-1024x198.jpg 1024w, https:\/\/avsc13.fr\/site\/wp-content\/uploads\/2024\/11\/Journal_officiel_de_la_Republique-1920-05-19-citation-INDIGNOUX-Germain-Alfred-300x58.jpg 300w, https:\/\/avsc13.fr\/site\/wp-content\/uploads\/2024\/11\/Journal_officiel_de_la_Republique-1920-05-19-citation-INDIGNOUX-Germain-Alfred-768x148.jpg 768w, https:\/\/avsc13.fr\/site\/wp-content\/uploads\/2024\/11\/Journal_officiel_de_la_Republique-1920-05-19-citation-INDIGNOUX-Germain-Alfred.jpg 1047w\" sizes=\"auto, (max-width: 1024px) 100vw, 1024px\" \/><\/a><figcaption class=\"wp-element-caption\">Citation parue au Journal Officiel le 19 mai 1920.<\/figcaption><\/figure>\n<\/div>\n\n\n<p>2e sapeur mineur \u00e0 la compagnie 15\/5 du 7e r\u00e9giment de g\u00e9nie, matricule n\u00b0380 au recrutement d\u2019Avignon, classe 1916.<br>N\u00e9 le 28 mai 1896 \u00e0 Apt (Vaucluse), fils de Maximin Louis, cordonnier, et de C\u00e9lestine Anna Samuel. C\u00e9libataire.<br>Dernier domicile \u00e0 Cavaillon<br>Incorpor\u00e9 au 92e r\u00e9giment d&rsquo;infanterie \u00e0 compter du 10 avril 1915. Arriv\u00e9 au corps et soldat de 2e classe le lendemain. Pass\u00e9 au 4e r\u00e9giment de g\u00e9nie le 15 septembre 1915. Pass\u00e9 au 7e r\u00e9giment de g\u00e9nie le 17 juillet 1916. Bless\u00e9 par plaie au cuir chevelu et commotion c\u00e9r\u00e9brale par \u00e9clat d\u2019obus le 20 ao\u00fbt 1917.<br>Mort pour la France, des suites de ses blessures, le 20 ao\u00fbt 1917 \u00e0 l\u2019ambulance 6\/6 \u00e0 Verdun (Meuse).<br>Acte de d\u00e9c\u00e8s transcrit le 29 mars 1918 \u00e0 Cavaillon (Vaucluse).<br>Inscriptions : 13 &#8211; Saint-Chamas &#8211; Monument aux morts &#8211; 13 &#8211; Saint-Chamas &#8211; Plaque comm\u00e9morative de l&rsquo;\u00e9glise Saint-L\u00e9ger &#8211; 84 &#8211; Cavaillon &#8211; Monument aux morts.<\/p>\n\n\n\n<p><strong>MARITON <em>Denis<\/em> Joseph<\/strong>, journalier<\/p>\n\n\n<div class=\"wp-block-image\">\n<figure class=\"aligncenter size-large\"><a href=\"https:\/\/avsc13.fr\/site\/wp-content\/uploads\/2024\/11\/Journal_officiel_de_la_Republique-1918-02-28-citation-MARITON-Denis-Joseph.jpg\"><img loading=\"lazy\" decoding=\"async\" width=\"1024\" height=\"262\" src=\"https:\/\/avsc13.fr\/site\/wp-content\/uploads\/2024\/11\/Journal_officiel_de_la_Republique-1918-02-28-citation-MARITON-Denis-Joseph-1024x262.jpg\" alt=\"Citation parue au Journal Officiel le 28 f\u00e9vrier 1918.\" class=\"wp-image-675\" srcset=\"https:\/\/avsc13.fr\/site\/wp-content\/uploads\/2024\/11\/Journal_officiel_de_la_Republique-1918-02-28-citation-MARITON-Denis-Joseph-1024x262.jpg 1024w, https:\/\/avsc13.fr\/site\/wp-content\/uploads\/2024\/11\/Journal_officiel_de_la_Republique-1918-02-28-citation-MARITON-Denis-Joseph-300x77.jpg 300w, https:\/\/avsc13.fr\/site\/wp-content\/uploads\/2024\/11\/Journal_officiel_de_la_Republique-1918-02-28-citation-MARITON-Denis-Joseph-768x197.jpg 768w, https:\/\/avsc13.fr\/site\/wp-content\/uploads\/2024\/11\/Journal_officiel_de_la_Republique-1918-02-28-citation-MARITON-Denis-Joseph.jpg 1051w\" sizes=\"auto, (max-width: 1024px) 100vw, 1024px\" \/><\/a><figcaption class=\"wp-element-caption\">Citation parue au Journal Officiel le 28 f\u00e9vrier 1918.<\/figcaption><\/figure>\n<\/div>\n\n\n<p>Chasseur de 2e classe \u00e0 la 2e compagnie du 115e bataillon de chasseurs alpins, matricule n\u00b0219 au recrutement de Marseille, classe 1915.<br>N\u00e9 le 8 f\u00e9vrier 1895 \u00e0 Saint-Chamas (Bouches-du-Rh\u00f4ne), fils de Louis, cultivateur, et de Marie Antoinette Lyon. C\u00e9libataire.<br>Ajourn\u00e9 pour faiblesse le 14 mai 1915.<br>Incorpor\u00e9 le 8 septembre 1915, arriv\u00e9 au corps et chasseur de 2e classe au 23e Bataillon de chasseurs \u00e0 pied le m\u00eame jour. Pass\u00e9 aux arm\u00e9es le 22 octobre 1916 au 115e bataillon de chasseurs alpins.<br>Bless\u00e9 le 31 d\u00e9cembre 1917 \u00e0 Monfenera, avec plaie \u00e0 la cuisse gauche et plaie \u00e0 la main gauche, par \u00e9clat d&rsquo;obus.<br>Mort pour la France, des suites de ses blessures de guerre, le 1er janvier 1918 \u00e0 l\u2019ambulance 12\/8 \u00e0 la villa Lor\u00e9don, \u00e0 Casella d\u2019Asola (province de Vicence, Italie).<br>Inhum\u00e9 au cimeti\u00e8re militaire Saint-Appolinaire \u00e0 Casella d&rsquo;Asola, carr\u00e9 fran\u00e7ais n\u00b001, tombe n\u00b015.<br>Acte de d\u00e9c\u00e8s transcrit le 1er mars 1918 \u00e0 Saint-Chamas (Bouches-du-Rh\u00f4ne)<br>Cit\u00e9 \u00e0 l&rsquo;ordre de l&rsquo;arm\u00e9e du 19 janvier 1918, \u00ab&nbsp;Mitrailleur d&rsquo;un rare courage, a \u00e9t\u00e9 bless\u00e9 gri\u00e9vement au cours de l&rsquo;enl\u00e8vement d&rsquo;une position ennemie le 30 d\u00e9cembre 1917&nbsp;\u00bb. Croix de guerre avec palme.<br>D\u00e9coration : M\u00e9daille militaire \u00e0 titre posthume.<br>Inscriptions : 13 &#8211; Saint-Chamas &#8211; Monument aux morts &#8211; 13 &#8211; Saint-Chamas &#8211; Plaque comm\u00e9morative de l&rsquo;\u00e9glise Saint-L\u00e9ger &#8211; 13 &#8211; Saint-Chamas &#8211; Livre d&rsquo;Or du minist\u00e8re des pensions.<\/p>\n\n\n\n<figure class=\"wp-block-gallery has-nested-images columns-default is-cropped wp-block-gallery-10 is-layout-flex wp-block-gallery-is-layout-flex\">\n<figure class=\"wp-block-image size-large\"><a href=\"https:\/\/avsc13.fr\/site\/wp-content\/uploads\/2024\/11\/gues-gustave.jpg\"><img loading=\"lazy\" decoding=\"async\" width=\"682\" height=\"1024\" data-id=\"601\" src=\"https:\/\/avsc13.fr\/site\/wp-content\/uploads\/2024\/11\/gues-gustave-682x1024.jpg\" alt=\"\" class=\"wp-image-601\" srcset=\"https:\/\/avsc13.fr\/site\/wp-content\/uploads\/2024\/11\/gues-gustave-682x1024.jpg 682w, https:\/\/avsc13.fr\/site\/wp-content\/uploads\/2024\/11\/gues-gustave-200x300.jpg 200w, https:\/\/avsc13.fr\/site\/wp-content\/uploads\/2024\/11\/gues-gustave-768x1153.jpg 768w, https:\/\/avsc13.fr\/site\/wp-content\/uploads\/2024\/11\/gues-gustave.jpg 944w\" sizes=\"auto, (max-width: 682px) 100vw, 682px\" \/><\/a><\/figure>\n\n\n\n<figure class=\"wp-block-image size-large\"><a href=\"https:\/\/avsc13.fr\/site\/wp-content\/uploads\/2024\/11\/indignoux-germain-mdh.jpg\"><img loading=\"lazy\" decoding=\"async\" width=\"682\" height=\"1024\" data-id=\"603\" src=\"https:\/\/avsc13.fr\/site\/wp-content\/uploads\/2024\/11\/indignoux-germain-mdh-682x1024.jpg\" alt=\"\" class=\"wp-image-603\" srcset=\"https:\/\/avsc13.fr\/site\/wp-content\/uploads\/2024\/11\/indignoux-germain-mdh-682x1024.jpg 682w, https:\/\/avsc13.fr\/site\/wp-content\/uploads\/2024\/11\/indignoux-germain-mdh-200x300.jpg 200w, https:\/\/avsc13.fr\/site\/wp-content\/uploads\/2024\/11\/indignoux-germain-mdh-768x1153.jpg 768w, https:\/\/avsc13.fr\/site\/wp-content\/uploads\/2024\/11\/indignoux-germain-mdh.jpg 944w\" sizes=\"auto, (max-width: 682px) 100vw, 682px\" \/><\/a><\/figure>\n\n\n\n<figure class=\"wp-block-image size-large\"><a href=\"https:\/\/avsc13.fr\/site\/wp-content\/uploads\/2024\/11\/mariton-denis.jpg\"><img loading=\"lazy\" decoding=\"async\" width=\"659\" height=\"1024\" data-id=\"602\" src=\"https:\/\/avsc13.fr\/site\/wp-content\/uploads\/2024\/11\/mariton-denis-659x1024.jpg\" alt=\"\" class=\"wp-image-602\" srcset=\"https:\/\/avsc13.fr\/site\/wp-content\/uploads\/2024\/11\/mariton-denis-659x1024.jpg 659w, https:\/\/avsc13.fr\/site\/wp-content\/uploads\/2024\/11\/mariton-denis-193x300.jpg 193w, https:\/\/avsc13.fr\/site\/wp-content\/uploads\/2024\/11\/mariton-denis-768x1193.jpg 768w, https:\/\/avsc13.fr\/site\/wp-content\/uploads\/2024\/11\/mariton-denis.jpg 880w\" sizes=\"auto, (max-width: 659px) 100vw, 659px\" \/><\/a><\/figure>\n<\/figure>\n\n\n\n<p><\/p>\n\n\n\n<p><strong>MARITON <em>Gabriel<\/em> Marcellin<\/strong>, cultivateur<\/p>\n\n\n<div class=\"wp-block-image\">\n<figure class=\"aligncenter size-large\"><a href=\"https:\/\/avsc13.fr\/site\/wp-content\/uploads\/2024\/11\/Journal_officiel_de_la_Republique-1923-01-04-citation-MARITON-Gabriel-Marcellin.jpg\"><img loading=\"lazy\" decoding=\"async\" width=\"1024\" height=\"233\" src=\"https:\/\/avsc13.fr\/site\/wp-content\/uploads\/2024\/11\/Journal_officiel_de_la_Republique-1923-01-04-citation-MARITON-Gabriel-Marcellin-1024x233.jpg\" alt=\"Citation parue au Journal Officiel le 4 janvier 1923.\" class=\"wp-image-690\" srcset=\"https:\/\/avsc13.fr\/site\/wp-content\/uploads\/2024\/11\/Journal_officiel_de_la_Republique-1923-01-04-citation-MARITON-Gabriel-Marcellin-1024x233.jpg 1024w, https:\/\/avsc13.fr\/site\/wp-content\/uploads\/2024\/11\/Journal_officiel_de_la_Republique-1923-01-04-citation-MARITON-Gabriel-Marcellin-300x68.jpg 300w, https:\/\/avsc13.fr\/site\/wp-content\/uploads\/2024\/11\/Journal_officiel_de_la_Republique-1923-01-04-citation-MARITON-Gabriel-Marcellin-768x175.jpg 768w, https:\/\/avsc13.fr\/site\/wp-content\/uploads\/2024\/11\/Journal_officiel_de_la_Republique-1923-01-04-citation-MARITON-Gabriel-Marcellin.jpg 1060w\" sizes=\"auto, (max-width: 1024px) 100vw, 1024px\" \/><\/a><figcaption class=\"wp-element-caption\">Citation parue au Journal Officiel le 4 janvier 1923.<\/figcaption><\/figure>\n<\/div>\n\n\n<p>Soldat \u00e0 la 2e compagnie du 409e r\u00e9giment d\u2019infanterie, matricule n\u00b02782 au recrutement de Marseille, classe 1906.<br>N\u00e9 le 3 juin 1886 \u00e0 Saint-Chamas (Bouches-du-Rh\u00f4ne), fils de Louis, cultivateur, et de Marie Antoinette Lyon.<br>Domicili\u00e9 \u00e0 Saint-Chamas, rue Louis Blanc<br>Incorpor\u00e9 le 7 octobre 1907, arriv\u00e9 au corps et soldat de 2e classe au 112e r\u00e9giment d&rsquo;infanterie le m\u00eame jour. R\u00e9form\u00e9 temporairement par la commission sp\u00e9ciale de Nice le 20 juin 1908 pour pleur\u00e9sie. Reconnu apte pour le service et propos\u00e9 pour le service auxiliaire par la commission sp\u00e9ciale de Marseille du 11 mai 1909. Class\u00e9 dans le dit service \u00e0 la date du 25 mai 1909 par d\u00e9cision du colonel commandant la subdivision de Marseille en date du 24 mai 1909.<br>Arriv\u00e9 au corps et soldat de 2e classe au 141e r\u00e9giment d&rsquo;infanterie le 21 juin 1909. Maintenu une deuxi\u00e8me ann\u00e9e dans le service auxiliaire par d\u00e9cision de la commission sp\u00e9ciale de r\u00e9forme de Nice le 27 octobre 1909 pour symphyse pleurale \u00e0 gauche. Envoy\u00e9 en cong\u00e9 le 25 septembre 1910, certificat de bonne conduite accord\u00e9.<br>D\u00e9tach\u00e9 \u00e0 la Poudrerie nationale de Saint-Chamas comme poudrier le 20 novembre 1914. Class\u00e9 service arm\u00e9 par la commission sp\u00e9ciale de r\u00e9forme de Marseille du 30 novembre 1914.<br>Remis \u00e0 la disposition de l&rsquo;autorit\u00e9 militaire le 14 juin 1916. Pass\u00e9 au 40e r\u00e9giment d&rsquo;infanterie le 19 juillet 1916. Pass\u00e9 au 170e r\u00e9giment d&rsquo;infanterie le 28 ao\u00fbt 1916. Pass\u00e9 au 409e r\u00e9giment d&rsquo;infanterie le 22 f\u00e9vrier 1917.<br>Mort pour la France, disparu pr\u00e9sum\u00e9 tu\u00e9 \u00e0 l\u2019ennemi, le 9 mai 1917 \u00e0 Cauroy (Marne).<br>Jugement d\u00e9claratif de d\u00e9c\u00e8s par le tribunal civil d\u2019Aix le 27 juillet 1921, transcrit le 25 ao\u00fbt 1921 \u00e0 Saint-Chamas (Bouches-du-Rh\u00f4ne).<br>Inscriptions : 13 &#8211; Saint-Chamas &#8211; Monument aux morts &#8211; 13 &#8211; Saint-Chamas &#8211; Livre d&rsquo;Or du minist\u00e8re des pensions.<\/p>\n\n\n\n<p><strong>MARITON <em>Julien<\/em> Baptistin<\/strong><\/p>\n\n\n\n<p>Matelot de 2e classe, servant sur le dragueur de mines \u00ab&nbsp;Renard&nbsp;\u00bb.<br>N\u00e9 le 1er avril 1887 \u00e0 Istres (Bouches-du-Rh\u00f4ne), fils de Jean Baptiste, cultivateur, et de Marie C\u00e9lestine Marroc. C\u00e9libataire.<br>Mort pour la France, des suites d\u2019une maladie contract\u00e9e en service (grippe avec broncho-pneumonie), le 22 octobre 1918 \u00e0 l\u2019h\u00f4pital militaire de B\u00f4ne (Alg\u00e9rie).<br>Acte de d\u00e9c\u00e8s dress\u00e9 le 22 octobre 1918 \u00e0 B\u00f4ne (Alg\u00e9rie).<br>Inscriptions : 13 &#8211; Saint-Chamas &#8211; Monument aux morts &#8211; 13 &#8211; Saint-Chamas &#8211; Plaque comm\u00e9morative de l&rsquo;\u00e9glise Saint-L\u00e9ger.<\/p>\n\n\n\n<p><strong>MARRAU Augustin<\/strong>, cultivateur<\/p>\n\n\n\n<p>Soldat de 2e classe au 123e r\u00e9giment d\u2019infanterie, matricule n\u00b0666 au recrutement de Marseille, classe 1892.<br>N\u00e9 le 25 juin 1872 \u00e0 Saint-Chamas (Bouches-du-Rh\u00f4ne), fils de Barth\u00e9l\u00e9my, journalier, et de Virginie Zo\u00e9 Philibert.<br>Mari\u00e9 le 29 juillet 1896 \u00e0 Saint-Mitre-les-Remparts (Bouches-du-Rh\u00f4ne) avec Marie Julie Jos\u00e9phine Paulet, fille de Jacques Honor\u00e9, cultivateur, et de Rosa Louise Clareton, n\u00e9e le 9 janvier 1876 \u00e0 Mouri\u00e8s (Bouches-du-Rh\u00f4ne).<br>Incorpor\u00e9 le 11 novembre 1893, arriv\u00e9 au corps et soldat de 2e classe au 158e r\u00e9giment d&rsquo;infanterie le m\u00eame jour. Envoy\u00e9 en cong\u00e9 le 25 septembre 1894 en attendant son passage dans la r\u00e9serve de l&rsquo;arm\u00e9e active. Il a re\u00e7u un certificat de bonne conduite.<br>Rappel\u00e9 \u00e0 l&rsquo;activit\u00e9 par le d\u00e9cret de mobilisation du 1er ao\u00fbt 1914, arriv\u00e9 au corps le 5 ao\u00fbt suivant.<br>pass\u00e9 au 138e r\u00e9giment d&rsquo;infanterie territoriale le 27 janvier 1916.<br>Class\u00e9 au service auxiliaire par la commission sp\u00e9ciale de r\u00e9forme de Neuilly-Saint-Front le 20 mars 1917 pour art\u00e9rioscl\u00e9rose g\u00e9n\u00e9ralis\u00e9e. D\u00e9tach\u00e9 au titre d&rsquo;agriculteur cat\u00e9gorie A le 24 mai 1917 \u00e0 Saint-Mitre (Bouches-du-Rh\u00f4ne).<br>Mort pour la France, des suites d\u2019un cancer de l\u2019estomac aggrav\u00e9 en service, le 9 mars 1918 \u00e0 Saint-Mitre-les-Remparts (Bouches-du-Rh\u00f4ne).<br>Acte de d\u00e9c\u00e8s le 9 mars 1918 \u00e0 Saint-Mitre-les-Remparts (Bouches-du-Rh\u00f4ne).<\/p>\n\n\n\n<figure class=\"wp-block-gallery has-nested-images columns-default is-cropped wp-block-gallery-11 is-layout-flex wp-block-gallery-is-layout-flex\">\n<figure class=\"wp-block-image size-large\"><a href=\"https:\/\/avsc13.fr\/site\/wp-content\/uploads\/2024\/11\/mariton-gabriel.jpg\"><img loading=\"lazy\" decoding=\"async\" width=\"672\" height=\"1024\" data-id=\"606\" src=\"https:\/\/avsc13.fr\/site\/wp-content\/uploads\/2024\/11\/mariton-gabriel-672x1024.jpg\" alt=\"\" class=\"wp-image-606\" srcset=\"https:\/\/avsc13.fr\/site\/wp-content\/uploads\/2024\/11\/mariton-gabriel-672x1024.jpg 672w, https:\/\/avsc13.fr\/site\/wp-content\/uploads\/2024\/11\/mariton-gabriel-197x300.jpg 197w, https:\/\/avsc13.fr\/site\/wp-content\/uploads\/2024\/11\/mariton-gabriel-768x1169.jpg 768w, https:\/\/avsc13.fr\/site\/wp-content\/uploads\/2024\/11\/mariton-gabriel.jpg 901w\" sizes=\"auto, (max-width: 672px) 100vw, 672px\" \/><\/a><\/figure>\n\n\n\n<figure class=\"wp-block-image size-large\"><a href=\"https:\/\/avsc13.fr\/site\/wp-content\/uploads\/2024\/11\/mariton-julien-mdh.jpg\"><img loading=\"lazy\" decoding=\"async\" width=\"800\" height=\"800\" data-id=\"608\" src=\"https:\/\/avsc13.fr\/site\/wp-content\/uploads\/2024\/11\/mariton-julien-mdh.jpg\" alt=\"\" class=\"wp-image-608\" srcset=\"https:\/\/avsc13.fr\/site\/wp-content\/uploads\/2024\/11\/mariton-julien-mdh.jpg 800w, https:\/\/avsc13.fr\/site\/wp-content\/uploads\/2024\/11\/mariton-julien-mdh-300x300.jpg 300w, https:\/\/avsc13.fr\/site\/wp-content\/uploads\/2024\/11\/mariton-julien-mdh-150x150.jpg 150w, https:\/\/avsc13.fr\/site\/wp-content\/uploads\/2024\/11\/mariton-julien-mdh-768x768.jpg 768w, https:\/\/avsc13.fr\/site\/wp-content\/uploads\/2024\/11\/mariton-julien-mdh-80x80.jpg 80w, https:\/\/avsc13.fr\/site\/wp-content\/uploads\/2024\/11\/mariton-julien-mdh-320x320.jpg 320w\" sizes=\"auto, (max-width: 800px) 100vw, 800px\" \/><\/a><\/figure>\n\n\n\n<figure class=\"wp-block-image size-large\"><a href=\"https:\/\/avsc13.fr\/site\/wp-content\/uploads\/2024\/11\/marrau-augustin-mdh.jpg\"><img loading=\"lazy\" decoding=\"async\" width=\"722\" height=\"1024\" data-id=\"607\" src=\"https:\/\/avsc13.fr\/site\/wp-content\/uploads\/2024\/11\/marrau-augustin-mdh-722x1024.jpg\" alt=\"\" class=\"wp-image-607\" srcset=\"https:\/\/avsc13.fr\/site\/wp-content\/uploads\/2024\/11\/marrau-augustin-mdh-722x1024.jpg 722w, https:\/\/avsc13.fr\/site\/wp-content\/uploads\/2024\/11\/marrau-augustin-mdh-211x300.jpg 211w, https:\/\/avsc13.fr\/site\/wp-content\/uploads\/2024\/11\/marrau-augustin-mdh-768x1090.jpg 768w, https:\/\/avsc13.fr\/site\/wp-content\/uploads\/2024\/11\/marrau-augustin-mdh.jpg 935w\" sizes=\"auto, (max-width: 722px) 100vw, 722px\" \/><\/a><\/figure>\n<\/figure>\n\n\n\n<p><\/p>\n\n\n\n<p><strong>MAURIN <em>Jules<\/em> Charles<\/strong>, cultivateur<\/p>\n\n\n<div class=\"wp-block-image\">\n<figure class=\"aligncenter size-full\"><a href=\"https:\/\/avsc13.fr\/site\/wp-content\/uploads\/2024\/11\/maurin-jules-photo.jpg\"><img loading=\"lazy\" decoding=\"async\" width=\"150\" height=\"200\" src=\"https:\/\/avsc13.fr\/site\/wp-content\/uploads\/2024\/11\/maurin-jules-photo.jpg\" alt=\"\" class=\"wp-image-665\"\/><\/a><figcaption class=\"wp-element-caption\">Jules Maurin<\/figcaption><\/figure>\n<\/div>\n\n<div class=\"wp-block-image\">\n<figure class=\"aligncenter size-large\"><a href=\"https:\/\/avsc13.fr\/site\/wp-content\/uploads\/2024\/11\/Journal_officiel_de_la_Republique-1921-01-04-citation-MAURIN-Jules-Charles.jpg\"><img loading=\"lazy\" decoding=\"async\" width=\"1024\" height=\"226\" src=\"https:\/\/avsc13.fr\/site\/wp-content\/uploads\/2024\/11\/Journal_officiel_de_la_Republique-1921-01-04-citation-MAURIN-Jules-Charles-1024x226.jpg\" alt=\"Citation parue au Journal Officiel le 4 janvier 1921.\" class=\"wp-image-681\" srcset=\"https:\/\/avsc13.fr\/site\/wp-content\/uploads\/2024\/11\/Journal_officiel_de_la_Republique-1921-01-04-citation-MAURIN-Jules-Charles-1024x226.jpg 1024w, https:\/\/avsc13.fr\/site\/wp-content\/uploads\/2024\/11\/Journal_officiel_de_la_Republique-1921-01-04-citation-MAURIN-Jules-Charles-300x66.jpg 300w, https:\/\/avsc13.fr\/site\/wp-content\/uploads\/2024\/11\/Journal_officiel_de_la_Republique-1921-01-04-citation-MAURIN-Jules-Charles-768x170.jpg 768w, https:\/\/avsc13.fr\/site\/wp-content\/uploads\/2024\/11\/Journal_officiel_de_la_Republique-1921-01-04-citation-MAURIN-Jules-Charles.jpg 1031w\" sizes=\"auto, (max-width: 1024px) 100vw, 1024px\" \/><\/a><figcaption class=\"wp-element-caption\">Citation parue au Journal Officiel le 4 janvier 1921.<\/figcaption><\/figure>\n<\/div>\n\n\n<p>Marsouin de 2e classe au 4e r\u00e9giment d\u2019infanterie coloniale, matricule n\u00b01851 au recrutement de Toulon, classe 1904.<br>N\u00e9 le 19 juin 1884 \u00e0 Saint-Chamas (Bouches-du-Rh\u00f4ne), fils de Joseph Fran\u00e7ois Lazare, cultivateur, et de Marie \u00c9milie Octavia Julia Blanc.<br>Mari\u00e9 le 1er d\u00e9cembre 1910 \u00e0 Miramas (Bouches-du-Rh\u00f4ne) avec Lucie Rose Blanc, fille d\u2019\u00c9tienne, employ\u00e9 P.L.M., et de Pauline Reyne, n\u00e9e le 17 juillet 1888 \u00e0 Rognac (Bouches-du-Rh\u00f4ne).<br>Incorpor\u00e9 le 10 octobre 1905, arriv\u00e9 au corps et soldat de 2e classe au 10e Bataillon d&rsquo;artillerie \u00e0 pied le m\u00eame jour. R\u00e9form\u00e9 n\u00b02 par la commission sp\u00e9ciale de Marseille du 11 septembre 1906 pour insuffisance mitrale. Parti et ray\u00e9 des contr\u00f4les le 14 septembre 1906.<br>Reconnu apte au service arm\u00e9 par le conseil de r\u00e9vision des Bouches-du-Rh\u00f4ne dans sa s\u00e9ance du 7 d\u00e9cembre 1914. Arriv\u00e9 au corps et soldat de 2e classe au 4e r\u00e9giment d\u2019infanterie coloniale le 1er avril 1915.<br>Mort pour la France, disparu pr\u00e9sum\u00e9 tu\u00e9 \u00e0 l\u2019ennemi, le 1er juillet 1916 \u00e0 l\u2019Arbre-en-Boule, commune d\u2019Herb\u00e9court (Somme). D\u00e9c\u00e8s constat\u00e9 le 7 juillet 1916.<br>Jugement d\u00e9claratif de d\u00e9c\u00e8s par le tribunal civil de Tarascon le 17 d\u00e9cembre 1920, transcrit le 3 janvier 1921 \u00e0 S\u00e9nas (Bouches-du-Rh\u00f4ne).<br>Inscriptions : 13 &#8211; S\u00e9nas &#8211; Monument aux morts &#8211; 13 &#8211; S\u00e9nas &#8211; Plaques comm\u00e9moratives de l&rsquo;\u00e9glise Saint-Amand &#8211; 13 &#8211; S\u00e9nas &#8211; Livre d&rsquo;Or du minist\u00e8re des pensions- 75 &#8211; Paris 20 &#8211; Monument aux morts Plaques comm\u00e9moratives pour les 20 arrondissements de Paris faisant office de monument aux Morts.<\/p>\n\n\n\n<p><strong>MAURIN <em>Marius<\/em> Aman<\/strong>, jardinier<\/p>\n\n\n\n<p>Soldat de 2e classe au 115e r\u00e9giment d\u2019infanterie territoriale, 11e compagnie, matricule n\u00b0872 au recrutement de Marseille, classe 1897.<br>N\u00e9 le 17 mai 1877 \u00e0 Saint-Chamas (Bouches-du-Rh\u00f4ne), fils de Toussaint Aman, cultivateur, et d\u2019Eug\u00e9nie Eulalie Gimet.<br>Mari\u00e9 le 27 avril 1905 \u00e0 Saint-Chamas (Bouches-du-Rh\u00f4ne) avec Val\u00e9rie Apollinaire Noyer, fille de Joseph Baptistin et de Antoinette \u00c9leonore Aurigo, n\u00e9e le 8 janvier 1880 \u00e0 Saint-Chamas.<br>Engag\u00e9 volontaire pour 4 ans le 10 f\u00e9vrier 1898 \u00e0 la mairie d&rsquo;Avignon. Arriv\u00e9 au corps et soldat de 2e classe au 58e r\u00e9giment d&rsquo;infanterie le m\u00eame jour. Soldat musicien le 10 novembre 1898. Rentr\u00e9 dans ses foyers le 10 f\u00e9vrier 1901, certificat de bonne conduite accord\u00e9.<br>Rappel\u00e9 \u00e0 l&rsquo;activit\u00e9 par le d\u00e9cret de mobilisation du 1er ao\u00fbt 1914, arriv\u00e9 au corps et soldat de 2e classe au 115e r\u00e9giment d\u2019infanterie territoriale, le 6 ao\u00fbt suivant.<br>Mort pour la France, des suites de ses blessures de guerre, le 16 d\u00e9cembre 1914 \u00e0 l\u2019h\u00f4pital d\u2019\u00e9vacuation n\u00b015 \u00e0 Poperinghe (Belgique).<br>Acte de d\u00e9c\u00e8s transcrit le 12 septembre 1916 \u00e0 Saint-Chamas (Bouches-du-Rh\u00f4ne).<br>Inscriptions : 13 &#8211; Marseille 07 &#8211; Plaques comm\u00e9moratives des 141e et 341e RI, 115e et 315e RIT, 6e RH et 22e RIT &#8211; 13 &#8211; Saint-Chamas &#8211; Monument aux morts &#8211; 13 &#8211; Saint-Chamas &#8211; Plaque comm\u00e9morative de l&rsquo;\u00e9glise Saint-L\u00e9ger &#8211; 13 &#8211; Saint-Chamas &#8211; Livre d&rsquo;Or du minist\u00e8re des pensions.<\/p>\n\n\n\n<p><strong>MILHAUD <em>Th\u00e9ophile<\/em> Raoul<\/strong>, coiffeur<\/p>\n\n\n\n<p>Soldat de 2e classe au 87e r\u00e9giment d\u2019infanterie, matricule n\u00b0181 au recrutement de Marseille, classe 1913.<br>N\u00e9 le 25 ao\u00fbt 1893 \u00e0 Sorgues (Vaucluse), fils d\u2019Antoine Maximilien, chaudronnier, et d\u2019Eug\u00e9nie Louise Allier. C\u00e9libataire.<br>Class\u00e9 en 1913 dans le service auxiliaire pour ob\u00e9sit\u00e9. Incorpor\u00e9 le 27 novembre 1913, arriv\u00e9 au corps le m\u00eame jour \u00e0 la 16e Section de Commis et d&rsquo;Ouvriers Militaires d&rsquo;Administration. Class\u00e9 dans le service arm\u00e9 par d\u00e9cision de la commission sp\u00e9ciale de r\u00e9forme de Montpellier le 24 octobre 1914. Pass\u00e9 \u00e0 la 15e Section de Commis et d&rsquo;Ouvriers Militaires d&rsquo;Administration le 1er mars 1915. Pass\u00e9 au 55e r\u00e9giment d&rsquo;infanterie le 12 janvier 1916.<br>Mort pour la France, des suites de maladie contract\u00e9e en service (grippe), le 11 septembre 1918 \u00e0 l\u2019h\u00f4pital compl\u00e9mentaire n\u00b082 \u00e0 Saint-Chamas (Bouches-du-Rh\u00f4ne).<br>Acte de d\u00e9c\u00e8s le 12 septembre 1918 \u00e0 Saint-Chamas (Bouches-du-Rh\u00f4ne).<br>Inscriptions : 13 &#8211; Saint-Chamas &#8211; Monument aux morts &#8211; 13 &#8211; Saint-Chamas &#8211; Plaque comm\u00e9morative de l&rsquo;\u00e9glise Saint-L\u00e9ger &#8211; 13 &#8211; Saint-Chamas &#8211; Livre d&rsquo;Or du minist\u00e8re des pensions.<\/p>\n\n\n\n<figure class=\"wp-block-gallery has-nested-images columns-default is-cropped wp-block-gallery-12 is-layout-flex wp-block-gallery-is-layout-flex\">\n<figure class=\"wp-block-image size-large\"><a href=\"https:\/\/avsc13.fr\/site\/wp-content\/uploads\/2024\/11\/maurin-jules-mdh.jpg\"><img loading=\"lazy\" decoding=\"async\" width=\"706\" height=\"1024\" data-id=\"613\" src=\"https:\/\/avsc13.fr\/site\/wp-content\/uploads\/2024\/11\/maurin-jules-mdh-706x1024.jpg\" alt=\"\" class=\"wp-image-613\" srcset=\"https:\/\/avsc13.fr\/site\/wp-content\/uploads\/2024\/11\/maurin-jules-mdh-706x1024.jpg 706w, https:\/\/avsc13.fr\/site\/wp-content\/uploads\/2024\/11\/maurin-jules-mdh-207x300.jpg 207w, https:\/\/avsc13.fr\/site\/wp-content\/uploads\/2024\/11\/maurin-jules-mdh-768x1114.jpg 768w, https:\/\/avsc13.fr\/site\/wp-content\/uploads\/2024\/11\/maurin-jules-mdh.jpg 940w\" sizes=\"auto, (max-width: 706px) 100vw, 706px\" \/><\/a><\/figure>\n\n\n\n<figure class=\"wp-block-image size-large\"><a href=\"https:\/\/avsc13.fr\/site\/wp-content\/uploads\/2024\/11\/maurin-marius-mdh.jpg\"><img loading=\"lazy\" decoding=\"async\" width=\"698\" height=\"1024\" data-id=\"614\" src=\"https:\/\/avsc13.fr\/site\/wp-content\/uploads\/2024\/11\/maurin-marius-mdh-698x1024.jpg\" alt=\"\" class=\"wp-image-614\" srcset=\"https:\/\/avsc13.fr\/site\/wp-content\/uploads\/2024\/11\/maurin-marius-mdh-698x1024.jpg 698w, https:\/\/avsc13.fr\/site\/wp-content\/uploads\/2024\/11\/maurin-marius-mdh-204x300.jpg 204w, https:\/\/avsc13.fr\/site\/wp-content\/uploads\/2024\/11\/maurin-marius-mdh-768x1127.jpg 768w, https:\/\/avsc13.fr\/site\/wp-content\/uploads\/2024\/11\/maurin-marius-mdh.jpg 933w\" sizes=\"auto, (max-width: 698px) 100vw, 698px\" \/><\/a><\/figure>\n\n\n\n<figure class=\"wp-block-image size-large\"><a href=\"https:\/\/avsc13.fr\/site\/wp-content\/uploads\/2024\/11\/milhaud-theophile-mdh.jpg\"><img loading=\"lazy\" decoding=\"async\" width=\"680\" height=\"1024\" data-id=\"615\" src=\"https:\/\/avsc13.fr\/site\/wp-content\/uploads\/2024\/11\/milhaud-theophile-mdh-680x1024.jpg\" alt=\"\" class=\"wp-image-615\" srcset=\"https:\/\/avsc13.fr\/site\/wp-content\/uploads\/2024\/11\/milhaud-theophile-mdh-680x1024.jpg 680w, https:\/\/avsc13.fr\/site\/wp-content\/uploads\/2024\/11\/milhaud-theophile-mdh-199x300.jpg 199w, https:\/\/avsc13.fr\/site\/wp-content\/uploads\/2024\/11\/milhaud-theophile-mdh-768x1156.jpg 768w, https:\/\/avsc13.fr\/site\/wp-content\/uploads\/2024\/11\/milhaud-theophile-mdh.jpg 896w\" sizes=\"auto, (max-width: 680px) 100vw, 680px\" \/><\/a><\/figure>\n<\/figure>\n\n\n\n<p><\/p>\n\n\n\n<p><strong>MURJAS Marie Alexandre Ernest <em>Joseph<\/em><\/strong><\/p>\n\n\n\n<p>Capitaine au 10e groupe d\u2019artillerie de campagne d\u2019Afrique, matricule n\u00b0172 au recrutement de Toul, classe 1887.<br>N\u00e9 le 8 janvier 1867 \u00e0 Saint-Chamas (Bouches-du-Rh\u00f4ne), fils de Marie Pierre Eudoxe Marcel, officier d\u2019artillerie, officier de la L\u00e9gion d\u2019honneur, et de Jos\u00e9phine Marie T\u00e9raube.<br>Mari\u00e9 le 9 avril 1901 \u00e0 Castres (Tarn) avec Gabrielle Laure Germaine Rouan, fille de L\u00e9on, rentier, et de Rosalie Ricard, n\u00e9e le 14 mars 1871 \u00e0 Castres (Tarn).<br>Il a renonc\u00e9 aux b\u00e9n\u00e9fices de son num\u00e9ro de tirage et a devanc\u00e9 l&rsquo;appel \u00e0 l&rsquo;activit\u00e9 le 3 novembre 1888. Incorpor\u00e9 au 8e r\u00e9giment d&rsquo;artillerie \u00e0 compter du 4 novembre 1888, arriv\u00e9 au corps et 2e canonnier servant le m\u00eame jour. Nomm\u00e9 brigadier le 24 septembre 1889. Nomm\u00e9 mar\u00e9chal des logis le 22 septembre 1890. Pass\u00e9 au 9e r\u00e9giment d&rsquo;artillerie le 6 octobre 1890.<br>Rengag\u00e9 pour 5 ans le 15 d\u00e9cembre 1890 \u00e0 compter du 1er novembre 1891.<br>Bless\u00e9 le 8 novembre 1892 \u00e9tant de garde en heurtant du pied le crampon de fermeture des portes du quartier et atteint d&rsquo;une entorse tibio-tarsienne du pied droit.<br>Admis en qualit\u00e9 d&rsquo;\u00e9l\u00e8ve-officier \u00e0 l&rsquo;\u00c9cole militaire de l&rsquo;artillerie et du g\u00e9nie et class\u00e9 hors cadre le 5 avril 1893. Promu sous-officier \u00e9l\u00e8ve-officier le 3 avril 1893. Pass\u00e9 au 9e r\u00e9giment d&rsquo;artillerie et sous-lieutenant adjoint au tr\u00e9sorier le 1er avril 1894. Promu sous-lieutenant le 7 mars 1895. Promu lieutenant en 2e le 1er avril 1896. Pass\u00e9 au 28e r\u00e9giment d&rsquo;artillerie le 20 octobre 1899. Promu lieutenant en 1er le 30 d\u00e9cembre 1901. Atteint le 27 septembre 1906 de contusion du genou gauche suite d&rsquo;une chute faite en buttant contre une racine dans une ronde sous bois \u00e0 l&rsquo;incendie du champ de tir. Promu capitaine en 2e le 24 septembre 1907.<br>Sert en Alg\u00e9rie du 18 octobre 1907 au 5 novembre 1910, avec nombreuses missions dans les r\u00e9gions sahariennes. Promu capitaine major et pass\u00e9 au 4e groupe d&rsquo;artillerie de campagne d&rsquo;Afrique le 28 septembre 1910.<br>S\u00e9jour en Tunisie du 6 novembre 1910 au 10 juin 1913&nbsp;; puis retour en Alg\u00e9rie du 11 au 14 juin 1913, avant de partir pour le Maroc oriental en guerre du 15 juin 1913 au 1er ao\u00fbt 1914.<br>Nomm\u00e9 chevalier de la L\u00e9gion d\u2019honneur par d\u00e9cret du 11 juillet 1912.<br>Campagne contre l&rsquo;Allemagne \u00e0 partir du 2 ao\u00fbt 1914. Pass\u00e9 au 10e groupe d&rsquo;artillerie de campagne d&rsquo;Afrique le 26 mai 1915.<br>Mort pour la France, des suites de maladie contract\u00e9e pendant son s\u00e9jour aux colonies avant la guerre, le 16 octobre 1917 \u00e0 l\u2019h\u00f4pital civil de Mazamet (Tarn).<br>acte de d\u00e9c\u00e8s \u00e0 Mazamet (Tarn).<br>Inscriptions : 81 &#8211; Castres &#8211; Monument aux morts &#8211; 81 &#8211; Castres &#8211; Plaques comm\u00e9moratives \u00e9glise Saint-Jacques de Villegoudou.<\/p>\n\n\n\n<figure class=\"wp-block-gallery has-nested-images columns-default is-cropped wp-block-gallery-13 is-layout-flex wp-block-gallery-is-layout-flex\">\n<figure class=\"wp-block-image size-large\"><a href=\"https:\/\/avsc13.fr\/site\/wp-content\/uploads\/2024\/11\/murjas-marie-mdh-1.jpg\"><img loading=\"lazy\" decoding=\"async\" width=\"704\" height=\"1024\" data-id=\"617\" src=\"https:\/\/avsc13.fr\/site\/wp-content\/uploads\/2024\/11\/murjas-marie-mdh-1-704x1024.jpg\" alt=\"\" class=\"wp-image-617\" srcset=\"https:\/\/avsc13.fr\/site\/wp-content\/uploads\/2024\/11\/murjas-marie-mdh-1-704x1024.jpg 704w, https:\/\/avsc13.fr\/site\/wp-content\/uploads\/2024\/11\/murjas-marie-mdh-1-206x300.jpg 206w, https:\/\/avsc13.fr\/site\/wp-content\/uploads\/2024\/11\/murjas-marie-mdh-1-768x1117.jpg 768w, https:\/\/avsc13.fr\/site\/wp-content\/uploads\/2024\/11\/murjas-marie-mdh-1.jpg 923w\" sizes=\"auto, (max-width: 704px) 100vw, 704px\" \/><\/a><\/figure>\n\n\n\n<figure class=\"wp-block-image size-large\"><a href=\"https:\/\/avsc13.fr\/site\/wp-content\/uploads\/2024\/11\/murjas-marie-mdh-2.jpg\"><img loading=\"lazy\" decoding=\"async\" width=\"690\" height=\"1024\" data-id=\"619\" src=\"https:\/\/avsc13.fr\/site\/wp-content\/uploads\/2024\/11\/murjas-marie-mdh-2-690x1024.jpg\" alt=\"\" class=\"wp-image-619\" srcset=\"https:\/\/avsc13.fr\/site\/wp-content\/uploads\/2024\/11\/murjas-marie-mdh-2-690x1024.jpg 690w, https:\/\/avsc13.fr\/site\/wp-content\/uploads\/2024\/11\/murjas-marie-mdh-2-202x300.jpg 202w, https:\/\/avsc13.fr\/site\/wp-content\/uploads\/2024\/11\/murjas-marie-mdh-2-768x1140.jpg 768w, https:\/\/avsc13.fr\/site\/wp-content\/uploads\/2024\/11\/murjas-marie-mdh-2.jpg 897w\" sizes=\"auto, (max-width: 690px) 100vw, 690px\" \/><\/a><\/figure>\n\n\n\n<figure class=\"wp-block-image size-large\"><a href=\"https:\/\/avsc13.fr\/site\/wp-content\/uploads\/2024\/11\/murjas-marie-mdh-3.jpg\"><img loading=\"lazy\" decoding=\"async\" width=\"694\" height=\"1024\" data-id=\"618\" src=\"https:\/\/avsc13.fr\/site\/wp-content\/uploads\/2024\/11\/murjas-marie-mdh-3-694x1024.jpg\" alt=\"\" class=\"wp-image-618\" srcset=\"https:\/\/avsc13.fr\/site\/wp-content\/uploads\/2024\/11\/murjas-marie-mdh-3-694x1024.jpg 694w, https:\/\/avsc13.fr\/site\/wp-content\/uploads\/2024\/11\/murjas-marie-mdh-3-203x300.jpg 203w, https:\/\/avsc13.fr\/site\/wp-content\/uploads\/2024\/11\/murjas-marie-mdh-3-768x1133.jpg 768w, https:\/\/avsc13.fr\/site\/wp-content\/uploads\/2024\/11\/murjas-marie-mdh-3.jpg 917w\" sizes=\"auto, (max-width: 694px) 100vw, 694px\" \/><\/a><\/figure>\n<\/figure>\n\n\n\n<p><\/p>\n\n\n\n<p><strong>NAUD <em>Louis<\/em> Joseph Th\u00e9odore<\/strong>, boulanger<\/p>\n\n\n<div class=\"wp-block-image\">\n<figure class=\"aligncenter size-medium\"><a href=\"https:\/\/avsc13.fr\/site\/wp-content\/uploads\/2024\/11\/NAUD-Louis-photo.jpg\"><img loading=\"lazy\" decoding=\"async\" width=\"232\" height=\"300\" src=\"https:\/\/avsc13.fr\/site\/wp-content\/uploads\/2024\/11\/NAUD-Louis-photo-232x300.jpg\" alt=\"\" class=\"wp-image-666\" srcset=\"https:\/\/avsc13.fr\/site\/wp-content\/uploads\/2024\/11\/NAUD-Louis-photo-232x300.jpg 232w, https:\/\/avsc13.fr\/site\/wp-content\/uploads\/2024\/11\/NAUD-Louis-photo.jpg 593w\" sizes=\"auto, (max-width: 232px) 100vw, 232px\" \/><\/a><figcaption class=\"wp-element-caption\">Louis Naud<\/figcaption><\/figure>\n<\/div>\n\n\n<p>Soldat de 2e classe au 344e R\u00e9giment d\u2019infanterie, matricule n\u00b02118 au recrutement de Marseille, classe 1917.<br>N\u00e9 le 17 f\u00e9vrier 1897 \u00e0 Marseille (Bouches-du-Rh\u00f4ne), fils de Fran\u00e7ois Marius et de Julie Dumonteil. C\u00e9libataire.<br>Class\u00e9 dans le service auxiliaire pour surdit\u00e9 l\u00e9g\u00e8re le 4 juin 1915. Incorpor\u00e9 le 18 janvier 1916, arriv\u00e9 au corps le m\u00eame jour \u00e0 la 5e Section de Commis et d&rsquo;Ouvriers Militaires d&rsquo;Administration. Class\u00e9 pour le service arm\u00e9 par la commission de r\u00e9forme d&rsquo;Orl\u00e9ans le 15 f\u00e9vrier 1916. Pass\u00e9 au 131e r\u00e9giment d&rsquo;infanterie, arriv\u00e9 au corps et soldat de 2e classe le 16 mars 1916. Pass\u00e9 au 344e r\u00e9giment d&rsquo;infanterie le 18 ao\u00fbt 1917.<br>Mort pour la France tu\u00e9 \u00e0 l\u2019ennemi le 5 octobre 1918 \u00e0 Aub\u00e9rive (Marne).<br>Acte de d\u00e9c\u00e8s transcrit le 19 novembre 1919 \u00e0 Marseille.<br>Inscriptions : 13 &#8211; Saint-Chamas &#8211; Monument aux morts &#8211; 13 &#8211; Marseille &#8211; Livre d&rsquo;Or du minist\u00e8re des pensions.<\/p>\n\n\n\n<p><strong>PERTUS Paul <em>Victor<\/em> Louis<\/strong>, n\u00e9gociant<\/p>\n\n\n<div class=\"wp-block-image\">\n<figure class=\"aligncenter size-medium\"><a href=\"https:\/\/avsc13.fr\/site\/wp-content\/uploads\/2024\/11\/PERTUS-Paul-photo.jpg\"><img loading=\"lazy\" decoding=\"async\" width=\"175\" height=\"300\" src=\"https:\/\/avsc13.fr\/site\/wp-content\/uploads\/2024\/11\/PERTUS-Paul-photo-175x300.jpg\" alt=\"\" class=\"wp-image-667\" srcset=\"https:\/\/avsc13.fr\/site\/wp-content\/uploads\/2024\/11\/PERTUS-Paul-photo-175x300.jpg 175w, https:\/\/avsc13.fr\/site\/wp-content\/uploads\/2024\/11\/PERTUS-Paul-photo.jpg 428w\" sizes=\"auto, (max-width: 175px) 100vw, 175px\" \/><\/a><figcaption class=\"wp-element-caption\">Paul Pertus<\/figcaption><\/figure>\n<\/div>\n\n<div class=\"wp-block-image\">\n<figure class=\"aligncenter\"><a href=\"https:\/\/avsc13.fr\/site\/wp-content\/uploads\/2024\/11\/PERTUS-Journal_officiel_de_la_Republique-1916-08-02-citation-PERTUS-Paul.jpg\"><img loading=\"lazy\" decoding=\"async\" width=\"1024\" height=\"224\" src=\"https:\/\/avsc13.fr\/site\/wp-content\/uploads\/2024\/11\/PERTUS-Journal_officiel_de_la_Republique-1916-08-02-citation-PERTUS-Paul-1024x224.jpg\" alt=\"Citation parue au Journal Officiel le 2 ao\u00fbt 1916.\" class=\"wp-image-702\" srcset=\"https:\/\/avsc13.fr\/site\/wp-content\/uploads\/2024\/11\/PERTUS-Journal_officiel_de_la_Republique-1916-08-02-citation-PERTUS-Paul-1024x224.jpg 1024w, https:\/\/avsc13.fr\/site\/wp-content\/uploads\/2024\/11\/PERTUS-Journal_officiel_de_la_Republique-1916-08-02-citation-PERTUS-Paul-300x66.jpg 300w, https:\/\/avsc13.fr\/site\/wp-content\/uploads\/2024\/11\/PERTUS-Journal_officiel_de_la_Republique-1916-08-02-citation-PERTUS-Paul-768x168.jpg 768w, https:\/\/avsc13.fr\/site\/wp-content\/uploads\/2024\/11\/PERTUS-Journal_officiel_de_la_Republique-1916-08-02-citation-PERTUS-Paul.jpg 1043w\" sizes=\"auto, (max-width: 1024px) 100vw, 1024px\" \/><\/a><figcaption class=\"wp-element-caption\">Citation parue au Journal Officiel le 2 ao\u00fbt 1916.<\/figcaption><\/figure>\n<\/div>\n\n\n<p>Caporal \u00e0 la 2e compagnie du 4e r\u00e9giment d\u2019infanterie, matricule n\u00b02579 au recrutement de Marseille, classe 1909.<br>N\u00e9 le 27 avril 1889 \u00e0 Marseille (Bouches-du-Rh\u00f4ne), fils de Ferdinand Edmond, marchand de vin, et de Claire Jos\u00e9phine Bonnefoi.<br>Mari\u00e9 le 17 juillet 1913 \u00e0 Saint-Chamas (Bouches-du-Rh\u00f4ne) avec Virginie Paula Gabrielle Roustan, fille de C\u00e9sar Barth\u00e9l\u00e9my Th\u00e9ophile, serrurier, et d\u2019\u00c9lise Julie Jaubert, n\u00e9e le 15 janvier 1893 \u00e0 Saint-Chamas (Bouches-du-Rh\u00f4ne), d\u00e9c\u00e9d\u00e9e le 21 octobre 1980 \u00e0 Artignosc (Var).<br>Class\u00e9 dans le service auxiliaire pour surdit\u00e9 l\u00e9g\u00e8re en 1910.<br>Incorpor\u00e9 le 5 octobre 1910, arriv\u00e9 au corps le 12 octobre 1910 au 2e r\u00e9giment du g\u00e9nie en Alg\u00e9rie. Lib\u00e9r\u00e9 le 22 septembre 1912, certificat de bonne conduite accord\u00e9.<br>Rappel\u00e9 \u00e0 l&rsquo;activit\u00e9 par le d\u00e9cret de mobilisation g\u00e9n\u00e9rale du 1er ao\u00fbt 1914, arriv\u00e9 au corps le 2 ao\u00fbt. Class\u00e9 service arm\u00e9 sauf infanterie par la commission sp\u00e9ciale de r\u00e9forme de Marseille du 30 novembre 1914. Pass\u00e9 au 3e r\u00e9giment d&rsquo;infanterie le 2 mai 1915. Pass\u00e9 au 111e r\u00e9giment d&rsquo;infanterie le 26 juillet 1915. Nomm\u00e9 caporal le 15 ao\u00fbt 1915. Pass\u00e9 au 4e r\u00e9giment d&rsquo;infanterie le 13 novembre 1915. Propos\u00e9 sergent le 6 mai 1916. Bless\u00e9 le 22 juin 1916 \u00e0 la for\u00eat d&rsquo;Argonne c\u00f4te 285.<br>Mort pour la France, des suites de ses blessures de guerre, le 5 juillet 1916 \u00e0 l\u2019h\u00f4pital Chanzy de Saint-M\u00e9n\u00e9hould (Marne).<br>D\u00e9coration&nbsp;: M\u00e9daille Militaire&nbsp;; Croix de Guerre<br>Acte de d\u00e9c\u00e8s transcrit le 30 septembre 1916 \u00e0 Miramas (Bouches-du-Rh\u00f4ne).<br>Inscriptions&nbsp;: monument aux morts de Miramas. Plaque comm\u00e9morative de la mairie de Miramas. Plaque comm\u00e9morative de l\u2019\u00e9glise Saint-L\u00e9ger de Saint-Chamas (13).<\/p>\n\n\n\n<p><strong>PIGOURIER<em> Henri<\/em> C\u00e9lestin Marie F\u00e9lix<\/strong>, \u00e9tudiant<\/p>\n\n\n<div class=\"wp-block-image\">\n<figure class=\"aligncenter size-thumbnail\"><a href=\"https:\/\/avsc13.fr\/site\/wp-content\/uploads\/2024\/11\/Pigourier-Henri-photo.png\"><img loading=\"lazy\" decoding=\"async\" width=\"150\" height=\"150\" src=\"https:\/\/avsc13.fr\/site\/wp-content\/uploads\/2024\/11\/Pigourier-Henri-photo-150x150.png\" alt=\"\" class=\"wp-image-668\" srcset=\"https:\/\/avsc13.fr\/site\/wp-content\/uploads\/2024\/11\/Pigourier-Henri-photo-150x150.png 150w, https:\/\/avsc13.fr\/site\/wp-content\/uploads\/2024\/11\/Pigourier-Henri-photo-80x80.png 80w, https:\/\/avsc13.fr\/site\/wp-content\/uploads\/2024\/11\/Pigourier-Henri-photo-320x320.png 320w\" sizes=\"auto, (max-width: 150px) 100vw, 150px\" \/><\/a><figcaption class=\"wp-element-caption\">Tombe d&rsquo;Henri Pigourier<\/figcaption><\/figure>\n<\/div>\n\n<div class=\"wp-block-image\">\n<figure class=\"aligncenter size-large\"><a href=\"https:\/\/avsc13.fr\/site\/wp-content\/uploads\/2024\/11\/Journal_officiel_de_la_Republique-1920-06-19-citation-PIGOURIER-Henri-Celestin.jpg\"><img loading=\"lazy\" decoding=\"async\" width=\"1024\" height=\"293\" src=\"https:\/\/avsc13.fr\/site\/wp-content\/uploads\/2024\/11\/Journal_officiel_de_la_Republique-1920-06-19-citation-PIGOURIER-Henri-Celestin-1024x293.jpg\" alt=\"Citation parue au Journal Officiel le 19 juin 1920.\" class=\"wp-image-679\" srcset=\"https:\/\/avsc13.fr\/site\/wp-content\/uploads\/2024\/11\/Journal_officiel_de_la_Republique-1920-06-19-citation-PIGOURIER-Henri-Celestin-1024x293.jpg 1024w, https:\/\/avsc13.fr\/site\/wp-content\/uploads\/2024\/11\/Journal_officiel_de_la_Republique-1920-06-19-citation-PIGOURIER-Henri-Celestin-300x86.jpg 300w, https:\/\/avsc13.fr\/site\/wp-content\/uploads\/2024\/11\/Journal_officiel_de_la_Republique-1920-06-19-citation-PIGOURIER-Henri-Celestin-768x220.jpg 768w, https:\/\/avsc13.fr\/site\/wp-content\/uploads\/2024\/11\/Journal_officiel_de_la_Republique-1920-06-19-citation-PIGOURIER-Henri-Celestin.jpg 1042w\" sizes=\"auto, (max-width: 1024px) 100vw, 1024px\" \/><\/a><figcaption class=\"wp-element-caption\">Citation parue au Journal Officiel le 19 juin 1920.<\/figcaption><\/figure>\n<\/div>\n\n\n<p>Sous-lieutenant au 55e r\u00e9giment d\u2019infanterie, matricule n\u00b0100 au recrutement de Montpellier, classe 1909.<br>N\u00e9 le 6 ao\u00fbt 1889 \u00e0 Montpellier (H\u00e9rault), fils de F\u00e9lix Henri, sous-inspecteur de l\u2019Enregistrement, et d\u2019\u00c9lisabeth Marie Louise Cros. C\u00e9libataire.<br>Engag\u00e9 volontaire pour 3 ans \u00e0 la mairie de Marseille le 9 octobre 1909. Arriv\u00e9 au corps et soldat de 2e classe au 3e r\u00e9giment d&rsquo;infanterie le 12 octobre 1909. Nomm\u00e9 soldat de 1\u00e8re classe le 4 juin 1910.<br>Obtient le titre d&rsquo;\u00e9l\u00e8ve-officier de r\u00e9serve le 1er octobre 1910. Promu sous-lieutenant de r\u00e9serve au 55e r\u00e9giment d&rsquo;infanterie le 1er avril 1911. Lib\u00e9r\u00e9 du service actif le 25 septembre 1911.<br>Rappel\u00e9 \u00e0 l&rsquo;activit\u00e9 par d\u00e9cret de mobilisation g\u00e9n\u00e9rale du 1er ao\u00fbt 1914, arriv\u00e9 au corps le 3 ao\u00fbt.<br>Il devait \u00eatre promu lieutenant de r\u00e9serve \u00e0 titre temporaire lorsqu\u2019il est mortellement bless\u00e9 le 26 ao\u00fbt 1914.<br>Mort pour la France, des suites de ses blessures de guerre, le 12 septembre 1914 \u00e0 l\u2019h\u00f4pital de Bayon (Meurthe-et-Moselle).<br>Inhum\u00e9 au cimeti\u00e8re militaire de Bayon.<br>Acte de d\u00e9c\u00e8s dress\u00e9 le 13 septembre 1914 \u00e0 Bayon (Meurthe-et-Moselle).<br>Cit\u00e9 \u00e0 l&rsquo;ordre de l&rsquo;arm\u00e9e en date du 31 d\u00e9cembre 1915 : \u00ab&nbsp;Tr\u00e8s belle attitude au combat du 20 ao\u00fbt 1914, frapp\u00e9 mortellement le 26 ao\u00fbt en antra\u00eenant sa section \u00e0 l&rsquo;attaque d&rsquo;une localit\u00e9 sous un feu violent d&rsquo;artillerie et de mitrailleuse&nbsp;\u00bb. Croix de guerre avec palme.<br>Inscriptions : 13 &#8211; Saint-Chamas &#8211; Monument aux morts &#8211; 13 &#8211; Saint-Chamas &#8211; Plaque comm\u00e9morative de l&rsquo;\u00e9glise Saint-L\u00e9ger.<\/p>\n\n\n\n<figure class=\"wp-block-gallery has-nested-images columns-default is-cropped wp-block-gallery-14 is-layout-flex wp-block-gallery-is-layout-flex\">\n<figure class=\"wp-block-image size-large\"><a href=\"https:\/\/avsc13.fr\/site\/wp-content\/uploads\/2024\/11\/naud-louis-mdh.jpg\"><img loading=\"lazy\" decoding=\"async\" width=\"685\" height=\"1024\" data-id=\"621\" src=\"https:\/\/avsc13.fr\/site\/wp-content\/uploads\/2024\/11\/naud-louis-mdh-685x1024.jpg\" alt=\"\" class=\"wp-image-621\" srcset=\"https:\/\/avsc13.fr\/site\/wp-content\/uploads\/2024\/11\/naud-louis-mdh-685x1024.jpg 685w, https:\/\/avsc13.fr\/site\/wp-content\/uploads\/2024\/11\/naud-louis-mdh-201x300.jpg 201w, https:\/\/avsc13.fr\/site\/wp-content\/uploads\/2024\/11\/naud-louis-mdh-768x1148.jpg 768w, https:\/\/avsc13.fr\/site\/wp-content\/uploads\/2024\/11\/naud-louis-mdh.jpg 904w\" sizes=\"auto, (max-width: 685px) 100vw, 685px\" \/><\/a><\/figure>\n\n\n\n<figure class=\"wp-block-image size-large\"><a href=\"https:\/\/avsc13.fr\/site\/wp-content\/uploads\/2024\/11\/pertus_victor.jpg\"><img loading=\"lazy\" decoding=\"async\" width=\"422\" height=\"627\" data-id=\"622\" src=\"https:\/\/avsc13.fr\/site\/wp-content\/uploads\/2024\/11\/pertus_victor.jpg\" alt=\"\" class=\"wp-image-622\" srcset=\"https:\/\/avsc13.fr\/site\/wp-content\/uploads\/2024\/11\/pertus_victor.jpg 422w, https:\/\/avsc13.fr\/site\/wp-content\/uploads\/2024\/11\/pertus_victor-202x300.jpg 202w\" sizes=\"auto, (max-width: 422px) 100vw, 422px\" \/><\/a><\/figure>\n\n\n\n<figure class=\"wp-block-image size-large\"><a href=\"https:\/\/avsc13.fr\/site\/wp-content\/uploads\/2024\/11\/pigourier-henri-mdh.jpg\"><img loading=\"lazy\" decoding=\"async\" width=\"678\" height=\"1024\" data-id=\"623\" src=\"https:\/\/avsc13.fr\/site\/wp-content\/uploads\/2024\/11\/pigourier-henri-mdh-678x1024.jpg\" alt=\"\" class=\"wp-image-623\" srcset=\"https:\/\/avsc13.fr\/site\/wp-content\/uploads\/2024\/11\/pigourier-henri-mdh-678x1024.jpg 678w, https:\/\/avsc13.fr\/site\/wp-content\/uploads\/2024\/11\/pigourier-henri-mdh-199x300.jpg 199w, https:\/\/avsc13.fr\/site\/wp-content\/uploads\/2024\/11\/pigourier-henri-mdh-768x1159.jpg 768w, https:\/\/avsc13.fr\/site\/wp-content\/uploads\/2024\/11\/pigourier-henri-mdh.jpg 911w\" sizes=\"auto, (max-width: 678px) 100vw, 678px\" \/><\/a><\/figure>\n<\/figure>\n\n\n\n<p><\/p>\n\n\n\n<p><strong>PIOLLE <em>Henri<\/em> Justin<\/strong>, cultivateur<\/p>\n\n\n<div class=\"wp-block-image\">\n<figure class=\"aligncenter size-medium\"><a href=\"https:\/\/avsc13.fr\/site\/wp-content\/uploads\/2024\/11\/Piolle-Henri-photo-scaled.jpg\"><img loading=\"lazy\" decoding=\"async\" width=\"212\" height=\"300\" src=\"https:\/\/avsc13.fr\/site\/wp-content\/uploads\/2024\/11\/Piolle-Henri-photo-212x300.jpg\" alt=\"\" class=\"wp-image-669\" srcset=\"https:\/\/avsc13.fr\/site\/wp-content\/uploads\/2024\/11\/Piolle-Henri-photo-212x300.jpg 212w, https:\/\/avsc13.fr\/site\/wp-content\/uploads\/2024\/11\/Piolle-Henri-photo-724x1024.jpg 724w, https:\/\/avsc13.fr\/site\/wp-content\/uploads\/2024\/11\/Piolle-Henri-photo-768x1086.jpg 768w, https:\/\/avsc13.fr\/site\/wp-content\/uploads\/2024\/11\/Piolle-Henri-photo-1086x1536.jpg 1086w, https:\/\/avsc13.fr\/site\/wp-content\/uploads\/2024\/11\/Piolle-Henri-photo-1448x2048.jpg 1448w, https:\/\/avsc13.fr\/site\/wp-content\/uploads\/2024\/11\/Piolle-Henri-photo-scaled.jpg 1810w\" sizes=\"auto, (max-width: 212px) 100vw, 212px\" \/><\/a><figcaption class=\"wp-element-caption\">Henri Piolle<\/figcaption><\/figure>\n<\/div>\n\n<div class=\"wp-block-image\">\n<figure class=\"aligncenter size-full\"><a href=\"https:\/\/avsc13.fr\/site\/wp-content\/uploads\/2024\/11\/Journal_officiel_de_la_Republique-1921-06-07-citation-PIOLLE-Henri-Justin.jpg\"><img loading=\"lazy\" decoding=\"async\" width=\"1025\" height=\"267\" src=\"https:\/\/avsc13.fr\/site\/wp-content\/uploads\/2024\/11\/Journal_officiel_de_la_Republique-1921-06-07-citation-PIOLLE-Henri-Justin.jpg\" alt=\"Citation parue au Journal Officiel le 7 juin 1921.\" class=\"wp-image-684\" srcset=\"https:\/\/avsc13.fr\/site\/wp-content\/uploads\/2024\/11\/Journal_officiel_de_la_Republique-1921-06-07-citation-PIOLLE-Henri-Justin.jpg 1025w, https:\/\/avsc13.fr\/site\/wp-content\/uploads\/2024\/11\/Journal_officiel_de_la_Republique-1921-06-07-citation-PIOLLE-Henri-Justin-300x78.jpg 300w, https:\/\/avsc13.fr\/site\/wp-content\/uploads\/2024\/11\/Journal_officiel_de_la_Republique-1921-06-07-citation-PIOLLE-Henri-Justin-768x200.jpg 768w\" sizes=\"auto, (max-width: 1025px) 100vw, 1025px\" \/><\/a><figcaption class=\"wp-element-caption\">Citation parue au Journal Officiel le 7 juin 1921.<\/figcaption><\/figure>\n<\/div>\n\n\n<p>Soldat de 2e classe \u00e0 la 3e compagnie du 145e r\u00e9giment d\u2019infanterie territoriale, matricule n\u00b01585 au recrutement de Digne, classe 1896.<br>N\u00e9 le 20 septembre 1876 \u00e0 Seyne-les-Alpes (Alpes-de-Haute-Provence), fils d\u2019Honor\u00e9, cultivateur, et d\u2019\u00c9m\u00e9lie Claire Laurent.<br>Mari\u00e9 le 21 mars 1907 \u00e0 Seyne-les-Alpes (Alpes-de-Haute-Provence) avec Marie Ad\u00e8le Lauzet, fille de Fortun\u00e9 et de Jos\u00e9phine Sigaud, n\u00e9e le 15 avril 1890 \u00e0 Seyne-les-Alpes, d\u00e9c\u00e9d\u00e9e le 20 juin 1957 \u00e0 Marseille.<br>Incorpor\u00e9 au 111e r\u00e9giment d&rsquo;infanterie \u00e0 compter du 16 novembre 1897. Arriv\u00e9 au corps et soldat de 2e classe le m\u00eame jour. Nomm\u00e9 soldat de 1\u00e8re classe le 21 juin 1900. Lib\u00e9r\u00e9 le 22 septembre 1900, certificat de bonne conduite accord\u00e9.<br>Rappel\u00e9 \u00e0 l&rsquo;activit\u00e9 par d\u00e9cret de mobilisation g\u00e9n\u00e9rale du 1er ao\u00fbt 1914, arriv\u00e9 au corps et affect\u00e9 au 145e r\u00e9giment d&rsquo;infanterie territoriale le 4 ao\u00fbt 1914.<br>Mort pour la France, tu\u00e9 \u00e0 l\u2019ennemi par \u00e9clat d\u2019obus, le 24 mars 1915 \u00e9tant au travail \u00e0 la tranch\u00e9e de Bagatelle, bois d\u2019Argonne, \u00e0 Vienne-le-Ch\u00e2teau (Marne).<br>Acte de d\u00e9c\u00e8s transcrit le 17 janvier 1916 \u00e0 Saint-Chamas (Bouches-du-Rh\u00f4ne).<br>Inhum\u00e9 \u00e0 la n\u00e9cropole nationale \u00e0 Saint-Thomas-en-Argonne (Marne), tombe n\u00b0149.<br>Inscriptions : 04 &#8211; Seyne &#8211; Monument aux morts &#8211; 13 &#8211; Saint-Chamas &#8211; Monument aux morts &#8211; 13 &#8211; Saint-Chamas &#8211; Plaque comm\u00e9morative de l&rsquo;\u00e9glise Saint-L\u00e9ger &#8211; 13 &#8211; Saint-Chamas &#8211; Livre d&rsquo;Or du minist\u00e8re des pensions.<\/p>\n\n\n\n<p><strong>PONTOIS <em>\u00c9douard<\/em> Marie Benjamin<\/strong><\/p>\n\n\n<div class=\"wp-block-image\">\n<figure class=\"aligncenter size-full\"><a href=\"https:\/\/avsc13.fr\/site\/wp-content\/uploads\/2024\/11\/pontois-edouard-photo.jpg\"><img loading=\"lazy\" decoding=\"async\" width=\"167\" height=\"200\" src=\"https:\/\/avsc13.fr\/site\/wp-content\/uploads\/2024\/11\/pontois-edouard-photo.jpg\" alt=\"Edouard Pontois\" class=\"wp-image-670\"\/><\/a><figcaption class=\"wp-element-caption\">Edouard Pontois<\/figcaption><\/figure>\n<\/div>\n\n<div class=\"wp-block-image\">\n<figure class=\"aligncenter size-large\"><a href=\"https:\/\/avsc13.fr\/site\/wp-content\/uploads\/2024\/11\/Journal_officiel_de_la_Republique-1921-01-04-citation-PONTOIS-Edouard-Marie-Benjamin.jpg\"><img loading=\"lazy\" decoding=\"async\" width=\"1024\" height=\"259\" src=\"https:\/\/avsc13.fr\/site\/wp-content\/uploads\/2024\/11\/Journal_officiel_de_la_Republique-1921-01-04-citation-PONTOIS-Edouard-Marie-Benjamin-1024x259.jpg\" alt=\"Citation parue au Journal Officiel le 4 janvier 1921.\" class=\"wp-image-682\" srcset=\"https:\/\/avsc13.fr\/site\/wp-content\/uploads\/2024\/11\/Journal_officiel_de_la_Republique-1921-01-04-citation-PONTOIS-Edouard-Marie-Benjamin-1024x259.jpg 1024w, https:\/\/avsc13.fr\/site\/wp-content\/uploads\/2024\/11\/Journal_officiel_de_la_Republique-1921-01-04-citation-PONTOIS-Edouard-Marie-Benjamin-300x76.jpg 300w, https:\/\/avsc13.fr\/site\/wp-content\/uploads\/2024\/11\/Journal_officiel_de_la_Republique-1921-01-04-citation-PONTOIS-Edouard-Marie-Benjamin-768x194.jpg 768w, https:\/\/avsc13.fr\/site\/wp-content\/uploads\/2024\/11\/Journal_officiel_de_la_Republique-1921-01-04-citation-PONTOIS-Edouard-Marie-Benjamin.jpg 1044w\" sizes=\"auto, (max-width: 1024px) 100vw, 1024px\" \/><\/a><figcaption class=\"wp-element-caption\">Citation parue au Journal Officiel le 4 janvier 1921.<\/figcaption><\/figure>\n<\/div>\n\n\n<p>Soldat de 2e classe au 141e r\u00e9giment d\u2019infanterie, matricule n\u00b0190 au recrutement de Marseille, classe 1901.<br>N\u00e9 le 11 d\u00e9cembre 1881 \u00e0 Arles (Bouches-du-Rh\u00f4ne), fils d\u2019Albin Joseph Marius, entrepreneur de travaux publics, et de Jos\u00e9phine C\u00e9sarine Rivot.<br>Mari\u00e9 le 29 juin 1907 \u00e0 Marseille avec Louise Eug\u00e9nie Raymonde Guien. D\u2019o\u00f9 deux enfants&nbsp;:<br>1\u00b0 Albin Joseph Marius Pontois, entrepreneur de travaux publics, demeurant \u00e0 Berre, mari\u00e9 avec Jos\u00e9phine C\u00e9sarine Rivot.<br>2\u00b0 Jean Honor\u00e9 Victor Pontois, entrepreneur de travaux publics, demeurant \u00e0 Berre, mari\u00e9 avec Pauline Corradi.<br>Ajourn\u00e9 pour faiblesse en 1902. Dispens\u00e9 au motif de l&rsquo;article 21 (fr\u00e8re au service) en 1903.<br>Incorpor\u00e9 le 14 novembre 1903, arriv\u00e9 au corps le m\u00eame jour. Envoy\u00e9 en disponibilit\u00e9 le 18 septembre 1904, certificat de bonne conduite accord\u00e9.<br>Rappel\u00e9 \u00e0 l&rsquo;activit\u00e9 par le d\u00e9cret de mobilisation g\u00e9n\u00e9rale du 1er ao\u00fbt 1914, arriv\u00e9 au corps le 3 ao\u00fbt.<br>Mort pour la France, tu\u00e9 \u00e0 l\u2019ennemi, le 23 septembre 1914 \u00e0 Avocourt (Meuse).<br>Acte de d\u00e9c\u00e8s transcrit le 8 avril 1916 \u00e0 Saint-Chamas (Bouches-du-Rh\u00f4ne).<br>Cit\u00e9 \u00e0 l&rsquo;ordre du r\u00e9giment \u00e0 titre posthume, Journal officiel n\u00b032 du 2 f\u00e9vrier 1921.<br>D\u00e9coration : M\u00e9daille militaire \u00e0 titre posthume, Journal officiel 8 juillet 1921.<br>Inscriptions : 13 &#8211; Berre-l&rsquo;\u00c9tang &#8211; Monument aux morts &#8211; 13 &#8211; Berre-l&rsquo;\u00c9tang &#8211; Plaques comm\u00e9moratives de l&rsquo;\u00e9glise Saint-C\u00e9saire &#8211; 13 &#8211; Marseille 07 &#8211; Plaques comm\u00e9moratives des 141e et 341e RI, 115e et 315e RIT, 6e RH et 22e RIT &#8211; 13 &#8211; Saint-Chamas &#8211; Monument aux morts &#8211; 13 &#8211; Saint-Chamas &#8211; Plaque comm\u00e9morative de l&rsquo;\u00e9glise Saint-L\u00e9ger &#8211; 13 &#8211; Saint-Chamas &#8211; Livre d&rsquo;Or du minist\u00e8re des pensions.<\/p>\n\n\n\n<p><strong>PORTE <em>\u00c9mile<\/em> Eug\u00e8ne<\/strong>, cultivateur<\/p>\n\n\n\n<p>Soldat \u00e0 la 6e compagnie du 73e r\u00e9giment d\u2019infanterie, venu du 141e r\u00e9giment d\u2019infanterie, matricule n\u00b0946 au recrutement de Marseille, classe 1918.<br>N\u00e9 le 21 avril 1898 \u00e0 Saint-Chamas (Bouches-du-Rh\u00f4ne), fils de Philippe D\u00e9sir\u00e9, meunier, et d\u2019Antoinette Marie Marin. C\u00e9libataire.<br>Incorpor\u00e9 le 4 mai 1917, arriv\u00e9 au corps et soldat de 2e classe au 141e r\u00e9giment d&rsquo;infanterie le m\u00eame jour. Pass\u00e9 au 9e bataillon du 141e r\u00e9giment d&rsquo;infanterie le 1er d\u00e9cembre 1917, arriv\u00e9 au corps le 9 janvier 1918. Parti en renfort au 73e r\u00e9giment d&rsquo;infanterie le 17 juin 1918<br>Mort pour la France, des suites de ses blessures de guerre, le 18 septembre 1918 \u00e0 G.C. Macdonald \u00e0 Mertzen (Haut-Rhin).<br>Acte de d\u00e9c\u00e8s transcrit le 9 novembre 1919 \u00e0 Saint-Chamas (Bouches-du-Rh\u00f4ne).<br>Inscriptions : 13 &#8211; Saint-Chamas &#8211; Monument aux morts &#8211; 13 &#8211; Saint-Chamas &#8211; Plaque comm\u00e9morative de l&rsquo;\u00e9glise Saint-L\u00e9ger &#8211; 13 &#8211; Saint-Chamas &#8211; Livre d&rsquo;Or du minist\u00e8re des pensions.<\/p>\n\n\n\n<figure class=\"wp-block-gallery has-nested-images columns-default is-cropped wp-block-gallery-15 is-layout-flex wp-block-gallery-is-layout-flex\">\n<figure class=\"wp-block-image size-large\"><a href=\"https:\/\/avsc13.fr\/site\/wp-content\/uploads\/2024\/11\/piolle-henri-mdh.jpg\"><img loading=\"lazy\" decoding=\"async\" width=\"676\" height=\"1024\" data-id=\"626\" src=\"https:\/\/avsc13.fr\/site\/wp-content\/uploads\/2024\/11\/piolle-henri-mdh-676x1024.jpg\" alt=\"\" class=\"wp-image-626\" srcset=\"https:\/\/avsc13.fr\/site\/wp-content\/uploads\/2024\/11\/piolle-henri-mdh-676x1024.jpg 676w, https:\/\/avsc13.fr\/site\/wp-content\/uploads\/2024\/11\/piolle-henri-mdh-198x300.jpg 198w, https:\/\/avsc13.fr\/site\/wp-content\/uploads\/2024\/11\/piolle-henri-mdh-768x1164.jpg 768w, https:\/\/avsc13.fr\/site\/wp-content\/uploads\/2024\/11\/piolle-henri-mdh.jpg 898w\" sizes=\"auto, (max-width: 676px) 100vw, 676px\" \/><\/a><\/figure>\n\n\n\n<figure class=\"wp-block-image size-large\"><a href=\"https:\/\/avsc13.fr\/site\/wp-content\/uploads\/2024\/11\/pontois-edouard-mdh.jpg\"><img loading=\"lazy\" decoding=\"async\" width=\"684\" height=\"1024\" data-id=\"628\" src=\"https:\/\/avsc13.fr\/site\/wp-content\/uploads\/2024\/11\/pontois-edouard-mdh-684x1024.jpg\" alt=\"\" class=\"wp-image-628\" srcset=\"https:\/\/avsc13.fr\/site\/wp-content\/uploads\/2024\/11\/pontois-edouard-mdh-684x1024.jpg 684w, https:\/\/avsc13.fr\/site\/wp-content\/uploads\/2024\/11\/pontois-edouard-mdh-200x300.jpg 200w, https:\/\/avsc13.fr\/site\/wp-content\/uploads\/2024\/11\/pontois-edouard-mdh-768x1150.jpg 768w, https:\/\/avsc13.fr\/site\/wp-content\/uploads\/2024\/11\/pontois-edouard-mdh.jpg 901w\" sizes=\"auto, (max-width: 684px) 100vw, 684px\" \/><\/a><\/figure>\n\n\n\n<figure class=\"wp-block-image size-large\"><a href=\"https:\/\/avsc13.fr\/site\/wp-content\/uploads\/2024\/11\/porte-emile-mdh.jpg\"><img loading=\"lazy\" decoding=\"async\" width=\"693\" height=\"1024\" data-id=\"627\" src=\"https:\/\/avsc13.fr\/site\/wp-content\/uploads\/2024\/11\/porte-emile-mdh-693x1024.jpg\" alt=\"\" class=\"wp-image-627\" srcset=\"https:\/\/avsc13.fr\/site\/wp-content\/uploads\/2024\/11\/porte-emile-mdh-693x1024.jpg 693w, https:\/\/avsc13.fr\/site\/wp-content\/uploads\/2024\/11\/porte-emile-mdh-203x300.jpg 203w, https:\/\/avsc13.fr\/site\/wp-content\/uploads\/2024\/11\/porte-emile-mdh-768x1134.jpg 768w, https:\/\/avsc13.fr\/site\/wp-content\/uploads\/2024\/11\/porte-emile-mdh.jpg 940w\" sizes=\"auto, (max-width: 693px) 100vw, 693px\" \/><\/a><\/figure>\n<\/figure>\n\n\n\n<p><\/p>\n\n\n\n<p><strong>PORTE <em>Marc<\/em> Joseph Jean-Baptiste<\/strong>, abb\u00e9, clerc minor\u00e9 du dioc\u00e8se d\u2019Aix<\/p>\n\n\n<div class=\"wp-block-image\">\n<figure class=\"aligncenter size-full\"><a href=\"https:\/\/avsc13.fr\/site\/wp-content\/uploads\/2024\/11\/PORTE-MArc-photo.jpg\"><img loading=\"lazy\" decoding=\"async\" width=\"145\" height=\"200\" src=\"https:\/\/avsc13.fr\/site\/wp-content\/uploads\/2024\/11\/PORTE-MArc-photo.jpg\" alt=\"\" class=\"wp-image-671\"\/><\/a><figcaption class=\"wp-element-caption\">Marc Porte<\/figcaption><\/figure>\n<\/div>\n\n\n<p>Caporal au 415e R\u00e9giment d\u2019infanterie, matricule n\u00b0540 au recrutement de Marseille-Digne, classe 1915.<br>N\u00e9 le 25 mai 1895 \u00e0 Charleval (Bouches-du-Rh\u00f4ne), fils de Louis Jean-Baptiste, cultivateur, et de Marie Sophie Jacquemus. C\u00e9libataire.<br>Incorpor\u00e9 le 17 d\u00e9cembre 1914, arriv\u00e9 au corps et soldat de 2e classe au 163e r\u00e9giment d&rsquo;infanterie le jour suivant. Pass\u00e9 au 415e r\u00e9giment d&rsquo;infanterie le 1er avril 1915. Nomm\u00e9 soldat de 1\u00e8re classe le 14 juillet 1915.<br>Mort pour la France, tu\u00e9 \u00e0 l\u2019ennemi, le 6 avril 1918 au combat de Moreuil (Somme).<br>Inhum\u00e9 \u00e0 la n\u00e9cropole nationale de Montdidier (Somme), tombe 3592.<br>Acte de d\u00e9c\u00e8s transcrit le 23 juillet 1918 \u00e0 Ventabren (Bouches-du-Rh\u00f4ne).<br>Cit\u00e9 \u00e0 l&rsquo;ordre de la brigade n\u00b035 du 8 juin 1916 : \u00ab&nbsp;Ayant aper\u00e7u deux de ses camarades enterr\u00e9s par un obus de gros calibre le 26 mai, n&rsquo;a pas h\u00e9sit\u00e9 \u00e0 se porter sur ce point et malgr\u00e9 un bombardement violent r\u00e9ussi apr\u00e8s deux heures de travail \u00e0 les d\u00e9terrer, sauvant ainsi la vie \u00e0 l&rsquo;un des deux&nbsp;\u00bb. M\u00e9daille militaire avec Croix de guerre<br>Inscriptions : 13 &#8211; Aix-en-Provence &#8211; Plaque comm\u00e9morative des professeurs et anciens \u00e9l\u00e8ves du coll\u00e8ge catholique &#8211; 13 &#8211; Charleval &#8211; Monument aux Morts &#8211; 13 &#8211; Charleval &#8211; Livre d&rsquo;or du minist\u00e8re des pensions &#8211; 13 &#8211; Saint-Chamas &#8211; Plaque comm\u00e9morative de l&rsquo;\u00e9glise Saint-L\u00e9ger &#8211; 13 &#8211; Ventabren &#8211; Livre d&rsquo;or du minist\u00e8re des pensions.<\/p>\n\n\n\n<p><strong>PROTTO <em>Joseph <\/em>Paul<\/strong>, journalier<\/p>\n\n\n\n<p>Soldat de 2e classe au 145e r\u00e9giment d\u2019infanterie territoriale, matricule n\u00b01355ter au recrutement de Marseille, classe 1893.<br>N\u00e9 le 31 janvier 1873 \u00e0 Marseille (Bouches-du-Rh\u00f4ne), fils de Joseph, journalier, et de Charlotte Ponasso.<br>Mari\u00e9 le 18 mars 1902 \u00e0 Marseille (Bouches-du-Rh\u00f4ne) avec Marie Antoinette Allois, couturi\u00e8re, fille de Fran\u00e7ois Antoine, instituteur, et de Marie Magdeleine Sibour, n\u00e9e le 10 janvier 1862 \u00e0 Lyon (Rh\u00f4ne).<br>Fils d&rsquo;\u00e9trangers. Ajourn\u00e9 pour d\u00e9faut de taille (1,52 m\u00e8tre) en 1895 et 1896. Class\u00e9 dans les services auxiliaires.<br>Class\u00e9 dans le service arm\u00e9 par d\u00e9cision de la commission de r\u00e9forme de Marseille le 22 juin 1915.<br>Arriv\u00e9 au corps et soldat de 2e classe dans le 145e r\u00e9giment d&rsquo;infanterie territoriale le 2 juillet 1915.<br>Mort pour la France, disparu pr\u00e9sum\u00e9 tu\u00e9 \u00e0 l\u2019ennemi, le 8 avril 1916 \u00e0 Germonviller (Meurthe-et-Moselle).<br>Cit\u00e9 \u00e0 l&rsquo;ordre du r\u00e9giment le 1er juin 1916 : \u00ab&nbsp;Malgr\u00e9 un bombardement des plus violents, a continu\u00e9 sans broncher \u00e0 travailler \u00e0 l&rsquo;endroit qui lui avait \u00e9t\u00e9 d\u00e9sign\u00e9. A \u00e9t\u00e9 tu\u00e9&nbsp;\u00bb. Croix de guerre avec \u00e9toile de bronze.<br>Jugement d\u00e9claratif de d\u00e9c\u00e8s par le tribunal civil d\u2019Aix le 26 f\u00e9vrier 1920, transcrit le 6 avril 1920 \u00e0 Saint-Chamas (Bouches-du-Rh\u00f4ne).<br>Inscriptions : 13 &#8211; Saint-Chamas &#8211; Monument aux morts &#8211; 13 &#8211; Saint-Chamas &#8211; Livre d&rsquo;Or du minist\u00e8re des pensions.<\/p>\n\n\n\n<p><strong>PUREN <em>Jean<\/em> Louis<\/strong>, aide chimiste<\/p>\n\n\n\n<p>Adjudant-chef au 1er r\u00e9giment de Tirailleurs alg\u00e9riens, matricule n\u00b01818 au recrutement de Lorient, classe 1906.<br>N\u00e9 le 9 mai 1886 \u00e0 Saint-Piaux, commune d\u2019Hennebont (Morbihan), fils de Joseph, man\u0153uvre, et Barbe Rollo, m\u00e9nag\u00e8re.<br>Mari\u00e9 le 18 novembre 1916 \u00e0 Saint-Chamas avec Augustine Adrienne Roche, fille de Jean Pierre, garde champ\u00eatre, et de Ursule No\u00e9lie Estienne, n\u00e9e le 4 mars 1894 \u00e0 Saint-Chamas, d\u00e9c\u00e9d\u00e9e le 29 juillet 1971 \u00e0 Hy\u00e8res (Var).<br>D\u2019o\u00f9 une fille, Alexandra Jeanne No\u00eblie Puren, n\u00e9e le 16 octobre 1917 \u00e0 Saint-Chamas, d\u00e9c\u00e9d\u00e9e le 28 ao\u00fbt 1992 \u00e0 Marseille.<br>Engag\u00e9 volontaire pour 3 ans \u00e0 la mairie de Lorient le 18 f\u00e9vrier 1907. Incorpor\u00e9 au 116e r\u00e9giment d&rsquo;infanterie, arriv\u00e9 au corps et soldat de 2e classe le lendemain. Nomm\u00e9 caporal le 5 octobre 1907. Nomm\u00e9 sergent le 26 septembre 1908. Nomm\u00e9 sergent fourrier le 6 mai 1909.<br>Rengag\u00e9 pour 2 ans le 2 septembre 1909, arriv\u00e9 au corps et tirailleur de 1\u00e8re classe au 1er r\u00e9giment de tirailleurs alg\u00e9riens le 4 septembre 1909. Sert en Alg\u00e9rie du 5 septembre 1909 au 27 avril 1911. Nomm\u00e9 caporal le 1er f\u00e9vrier 1910. Participe \u00e0 la guerre dans les confins du Maroc du 28 avril 1911 au 12 juillet 1911. De retour en Alg\u00e9rie du 13 juillet 1911 au 21 novembre 1911. Nomm\u00e9 sergent fourrier le 24 octobre 1911. S\u00e9jour en Tunisie du 22 novembre 1911 au 1er d\u00e9cembre 1911. Retour en Alg\u00e9rie du 2 d\u00e9cembre 1911 au 28 mars 1912.<br>Rengag\u00e9 pour 2 ans le 13 f\u00e9vrier 1912, \u00e0 compter du 18 f\u00e9vrier 1912. Participe \u00e0 la guerre dans les confins du Maroc du 29 mars au 25 juillet 1912. Retour en Alg\u00e9rie du 26 juillet 1912 au 3 ao\u00fbt 1913. Nomm\u00e9 sergent major le 8 ao\u00fbt 1912.<br>Rengag\u00e9 pour 2 ans le 15 d\u00e9cembre 1913, \u00e0 compter du 18 f\u00e9vrier 1914. Participe \u00e0 la guerre dans les confins du Maroc du 4 ao\u00fbt 1913 au 1er ao\u00fbt 1914. En campagne contre l&rsquo;Allemagne au Maroc du 2 ao\u00fbt 1914 au 22 ao\u00fbt 1914. En campagne contre l&rsquo;Allemagne en France du 23 ao\u00fbt 1914 au 4 ao\u00fbt 1916. Nomm\u00e9 adjudant le 18 juin 1915. En campagne contre l&rsquo;Allemagne en Alg\u00e9rie du 5 ao\u00fbt 1916 au 10 juin 1917. Promu sous-lieutenant \u00e0 titre temporaire le 27 ao\u00fbt 1916. Nomm\u00e9 adjudant-chef le 1er d\u00e9cembre 1916. En campagne dans le sud Tunisien du 11 juin 1917 au 23 mars 1919.<br>Rengag\u00e9 pour 3 ans le 3 avril 1919, \u00e0 compter du 3 avril 1919. En campagne contre l&rsquo;Allemagne en Alg\u00e9rie du 24 mars 1919 au 23 octobre 1919. En Alg\u00e9rie du 24 octobre 1919 au 8 septembre 1920.<br>Mort pour la France, des suites de maladie contract\u00e9e en service, le 8 septembre 1920 \u00e0 l\u2019h\u00f4pital Maillot \u00e0 Alger (Alg\u00e9rie).<br>D\u00e9corations : M\u00e9daille du Maroc, agrafe \u00ab&nbsp;Maroc&nbsp;\u00bb ; M\u00e9daille coloniale \u00ab&nbsp;Maroc&nbsp;\u00bb ; Croix de guerre avec \u00e9toile d&rsquo;argent ; chevalier de l&rsquo;ordre du Nichan Iftikhar le 15 mai 1919 \u00e0 re\u00e7u l&rsquo;insigne \u00ab&nbsp;bless\u00e9 de guerre&nbsp;\u00bb.<br>Inscriptions : 13 &#8211; Saint-Chamas &#8211; Plaque comm\u00e9morative de l&rsquo;\u00e9glise Saint-L\u00e9ger &#8211; 13 &#8211; Saint-Chamas &#8211; Monument aux Morts.<\/p>\n\n\n\n<p><strong>RAYON <em>L\u00e9on<\/em> Fran\u00e7ois Marius<\/strong>, boucher<\/p>\n\n\n<div class=\"wp-block-image\">\n<figure class=\"aligncenter size-large\"><a href=\"https:\/\/avsc13.fr\/site\/wp-content\/uploads\/2024\/11\/Journal_officiel_de_la_Republique-1923-01-04-citation-RAYON-Leon-Francois-Marius.jpg\"><img loading=\"lazy\" decoding=\"async\" width=\"1024\" height=\"278\" src=\"https:\/\/avsc13.fr\/site\/wp-content\/uploads\/2024\/11\/Journal_officiel_de_la_Republique-1923-01-04-citation-RAYON-Leon-Francois-Marius-1024x278.jpg\" alt=\"Citation parue au Journal Officiel le 4 janvier 1923.\" class=\"wp-image-691\" srcset=\"https:\/\/avsc13.fr\/site\/wp-content\/uploads\/2024\/11\/Journal_officiel_de_la_Republique-1923-01-04-citation-RAYON-Leon-Francois-Marius-1024x278.jpg 1024w, https:\/\/avsc13.fr\/site\/wp-content\/uploads\/2024\/11\/Journal_officiel_de_la_Republique-1923-01-04-citation-RAYON-Leon-Francois-Marius-300x81.jpg 300w, https:\/\/avsc13.fr\/site\/wp-content\/uploads\/2024\/11\/Journal_officiel_de_la_Republique-1923-01-04-citation-RAYON-Leon-Francois-Marius-768x209.jpg 768w, https:\/\/avsc13.fr\/site\/wp-content\/uploads\/2024\/11\/Journal_officiel_de_la_Republique-1923-01-04-citation-RAYON-Leon-Francois-Marius.jpg 1046w\" sizes=\"auto, (max-width: 1024px) 100vw, 1024px\" \/><\/a><figcaption class=\"wp-element-caption\">Citation parue au Journal Officiel le 4 janvier 1923.<\/figcaption><\/figure>\n<\/div>\n\n\n<p>Marsouin de 1\u00e8re classe au 8e r\u00e9giment d\u2019infanterie coloniale, matricule n\u00b01122 au recrutement de Marseille-Digne, classe 1908.<br>N\u00e9 le 5 f\u00e9vrier 1888 \u00e0 Charleval (Bouches-du-Rh\u00f4ne), fils de Louis Antoine, menuisier, et de Rose Colette Passat.<br>Mari\u00e9 le 24 ao\u00fbt 1912 \u00e0 Saint-Chamas (Bouches-du-Rh\u00f4ne) avec Pauline Virginie Giraud.<br>Incorpor\u00e9 le 7 octobre 1909, arriv\u00e9 au corps et soldat de 2e classe au 159e r\u00e9giment d&rsquo;infanterie le lendemain. Nomm\u00e9 soldat de 1\u00e8re classe le 6 ao\u00fbt 1910. Bless\u00e9 le 23 juin 1910, a \u00e9t\u00e9 atteint d&rsquo;une entorse tibio-tarsienne gauche avec fracture du p\u00e9ron\u00e9 au 1\/3 sup\u00e9rieur \u00e0 la suite d&rsquo;une chute en passant \u00e0 travers bois revenant avec le d\u00e9tachement d&rsquo;un travail de d\u00e9blaiement de route. Lib\u00e9r\u00e9 le 24 septembre 1911, certificat de bonne conduite accord\u00e9.<br>Rappel\u00e9 \u00e0 l&rsquo;activit\u00e9 par d\u00e9cret de mobilisation g\u00e9n\u00e9rale du 1er ao\u00fbt 1914, arriv\u00e9 au corps le 5 ao\u00fbt. Affect\u00e9 au 8e r\u00e9giment d&rsquo;infanterie coloniale, parti aux arm\u00e9es le 9 ao\u00fbt 1914.<br>Disparu le 28 d\u00e9cembre 1914 lors du combat de Massiges (Marne).<br>Jugement d\u00e9claratif de d\u00e9c\u00e8s par le tribunal civil d\u2019Aix le 29 juin 1920, transcrit le 27 juillet 1920 \u00e0 Charleval (Bouches-du-Rh\u00f4ne).<br>Inscriptions : 13 &#8211; Saint-Chamas &#8211; Monument aux Morts &#8211; 13 &#8211; Saint-Chamas &#8211; Plaque comm\u00e9morative de l&rsquo;\u00e9glise Saint-L\u00e9ger &#8211; 13 &#8211; Saint-Chamas &#8211; Livre d&rsquo;Or du minist\u00e8re des pensions.<\/p>\n\n\n\n<figure class=\"wp-block-gallery has-nested-images columns-default is-cropped wp-block-gallery-16 is-layout-flex wp-block-gallery-is-layout-flex\">\n<figure class=\"wp-block-image size-large\"><a href=\"https:\/\/avsc13.fr\/site\/wp-content\/uploads\/2024\/11\/porte-marc-mdh.jpg\"><img loading=\"lazy\" decoding=\"async\" width=\"698\" height=\"1024\" data-id=\"631\" src=\"https:\/\/avsc13.fr\/site\/wp-content\/uploads\/2024\/11\/porte-marc-mdh-698x1024.jpg\" alt=\"\" class=\"wp-image-631\" srcset=\"https:\/\/avsc13.fr\/site\/wp-content\/uploads\/2024\/11\/porte-marc-mdh-698x1024.jpg 698w, https:\/\/avsc13.fr\/site\/wp-content\/uploads\/2024\/11\/porte-marc-mdh-205x300.jpg 205w, https:\/\/avsc13.fr\/site\/wp-content\/uploads\/2024\/11\/porte-marc-mdh-768x1126.jpg 768w, https:\/\/avsc13.fr\/site\/wp-content\/uploads\/2024\/11\/porte-marc-mdh.jpg 916w\" sizes=\"auto, (max-width: 698px) 100vw, 698px\" \/><\/a><\/figure>\n\n\n\n<figure class=\"wp-block-image size-large\"><a href=\"https:\/\/avsc13.fr\/site\/wp-content\/uploads\/2024\/11\/protto-joseph-mdh.jpg\"><img loading=\"lazy\" decoding=\"async\" width=\"676\" height=\"1024\" data-id=\"632\" src=\"https:\/\/avsc13.fr\/site\/wp-content\/uploads\/2024\/11\/protto-joseph-mdh-676x1024.jpg\" alt=\"\" class=\"wp-image-632\" srcset=\"https:\/\/avsc13.fr\/site\/wp-content\/uploads\/2024\/11\/protto-joseph-mdh-676x1024.jpg 676w, https:\/\/avsc13.fr\/site\/wp-content\/uploads\/2024\/11\/protto-joseph-mdh-198x300.jpg 198w, https:\/\/avsc13.fr\/site\/wp-content\/uploads\/2024\/11\/protto-joseph-mdh-768x1164.jpg 768w, https:\/\/avsc13.fr\/site\/wp-content\/uploads\/2024\/11\/protto-joseph-mdh.jpg 902w\" sizes=\"auto, (max-width: 676px) 100vw, 676px\" \/><\/a><\/figure>\n\n\n\n<figure class=\"wp-block-image size-large\"><a href=\"https:\/\/avsc13.fr\/site\/wp-content\/uploads\/2024\/11\/rayon-leon-mdh.jpg\"><img loading=\"lazy\" decoding=\"async\" width=\"668\" height=\"1024\" data-id=\"633\" src=\"https:\/\/avsc13.fr\/site\/wp-content\/uploads\/2024\/11\/rayon-leon-mdh-668x1024.jpg\" alt=\"\" class=\"wp-image-633\" srcset=\"https:\/\/avsc13.fr\/site\/wp-content\/uploads\/2024\/11\/rayon-leon-mdh-668x1024.jpg 668w, https:\/\/avsc13.fr\/site\/wp-content\/uploads\/2024\/11\/rayon-leon-mdh-196x300.jpg 196w, https:\/\/avsc13.fr\/site\/wp-content\/uploads\/2024\/11\/rayon-leon-mdh-768x1176.jpg 768w, https:\/\/avsc13.fr\/site\/wp-content\/uploads\/2024\/11\/rayon-leon-mdh.jpg 880w\" sizes=\"auto, (max-width: 668px) 100vw, 668px\" \/><\/a><\/figure>\n<\/figure>\n\n\n\n<p><\/p>\n\n\n\n<p><strong>REBOUL <em>Joseph<\/em> Damase<\/strong>, m\u00e9canicien<\/p>\n\n\n\n<p>Soldat de 2e classe au 112e r\u00e9giment d\u2019infanterie, matricule n\u00b0188 au recrutement de Marseille, classe 1913.<br>N\u00e9 le 29 ao\u00fbt 1893 \u00e0 Saint-Chamas (Bouches-du-Rh\u00f4ne), fils de Xavier Marius Alfred, ma\u00e7on, et de Marie Rose Silvie Lyon. C\u00e9libataire.<br>Engag\u00e9 volontaire pour 3 ans le 28 octobre 1913 \u00e0 la mairie d&rsquo;Istres. Arriv\u00e9 au corps et soldat de 2e classe au 112e r\u00e9giment d&rsquo;infanterie le 3 novembre 1913.<br>Mort pour la France, disparu pr\u00e9sum\u00e9 tu\u00e9 \u00e0 l\u2019ennemi, avant le 21 d\u00e9cembre 1914 \u00e0 Dieuze (Moselle).<br>Jugement d\u00e9claratif de d\u00e9c\u00e8s par le tribunal civil d\u2019Aix le 26 mars 1919, transcrit le 16 avril 1919 \u00e0 Saint-Chamas (Bouches-du-Rh\u00f4ne).<br>Inscriptions : 13 &#8211; Saint-Chamas &#8211; Monument aux Morts &#8211; 13 &#8211; Saint-Chamas &#8211; Plaque comm\u00e9morative de l&rsquo;\u00e9glise Saint-L\u00e9ger &#8211; 13 &#8211; Saint-Chamas &#8211; Livre d&rsquo;Or du minist\u00e8re des pensions.<\/p>\n\n\n\n<p><strong>RICARD M\u00e9riadec Marie <em>Albert<\/em><\/strong>, ferblantier<\/p>\n\n\n\n<p>2e canonnier servant au 3e r\u00e9giment d\u2019artillerie coloniale, matricule n\u00b02483 au recrutement de Marseille, classe 1899.<br>N\u00e9 le 6 avril 1879 \u00e0 Saint-Chamas (Bouches-du-Rh\u00f4ne), fils d\u2019Innocent Henri, poudrier, et de Lucie Fortun\u00e9e Roubaud.<br>Mari\u00e9 le 6 octobre 1900 \u00e0 Salon-de-Provence (Bouches-du-Rh\u00f4ne) avec Maria Baptistine Charlotte Robert, fille de Joseph Laurent F\u00e9lix, ma\u00e7on, et de Rose Pauline Pancrace, n\u00e9e le 15 mars 1884 \u00e0 Marseille (Bouches-du-Rh\u00f4ne).<br>Exempt\u00e9 du service militaire pour d\u00e9formation du thorax.<br>Class\u00e9 service auxiliaire pour \u00ab&nbsp;d\u00e9viation l\u00e9g\u00e8re de la colonne vert\u00e9brale&nbsp;\u00bb par le conseil de r\u00e9vision des Bouches-du-Rh\u00f4ne du 26 d\u00e9cembre 1914.<br>Appel\u00e9 \u00e0 l&rsquo;activit\u00e9 le 8 ao\u00fbt 1915, arriv\u00e9 au corps au 10e r\u00e9giment d&rsquo;artillerie \u00e0 pied le 19 septembre 1915. Pass\u00e9 \u00e0 la 2e compagnie d&rsquo;ouvriers d&rsquo;artillerie coloniale le 9 janvier 1916.<br>Pass\u00e9 service arm\u00e9e, d\u00e9clar\u00e9 apte par d\u00e9cision de la commission sp\u00e9ciale de Marseille le 25 mai 1916. Pass\u00e9 au 3e r\u00e9giment d&rsquo;artillerie coloniale le 17 juin 1916.<br>Mort pour la France, tu\u00e9 \u00e0 l\u2019ennemi, le 26 d\u00e9cembre 1916 \u00e0 Lihons (Somme).<br>Acte de d\u00e9c\u00e8s transcrit le 7 ao\u00fbt 1917 \u00e0 Salon-de-Provence (Bouches-du-Rh\u00f4ne).<br>Inscriptions : 13 &#8211; Salon-de-Provence &#8211; Livre d&rsquo;Or du minist\u00e8re des pensions &#8211; 13 &#8211; Salon-de-Provence &#8211; Monument aux morts.<\/p>\n\n\n\n<p><strong>RICHAUD <em>Victor<\/em> Paulin<\/strong>, ma\u00e7on<\/p>\n\n\n<div class=\"wp-block-image\">\n<figure class=\"aligncenter size-large\"><a href=\"https:\/\/avsc13.fr\/site\/wp-content\/uploads\/2024\/11\/Journal_officiel_de_la_Republique-1922-05-10-citation-RICHAUD-Victor-Paulin.jpg\"><img loading=\"lazy\" decoding=\"async\" width=\"1024\" height=\"269\" src=\"https:\/\/avsc13.fr\/site\/wp-content\/uploads\/2024\/11\/Journal_officiel_de_la_Republique-1922-05-10-citation-RICHAUD-Victor-Paulin-1024x269.jpg\" alt=\"Citation parue au Journal Officiel le 10 mai 1922.\" class=\"wp-image-687\" srcset=\"https:\/\/avsc13.fr\/site\/wp-content\/uploads\/2024\/11\/Journal_officiel_de_la_Republique-1922-05-10-citation-RICHAUD-Victor-Paulin-1024x269.jpg 1024w, https:\/\/avsc13.fr\/site\/wp-content\/uploads\/2024\/11\/Journal_officiel_de_la_Republique-1922-05-10-citation-RICHAUD-Victor-Paulin-300x79.jpg 300w, https:\/\/avsc13.fr\/site\/wp-content\/uploads\/2024\/11\/Journal_officiel_de_la_Republique-1922-05-10-citation-RICHAUD-Victor-Paulin-768x202.jpg 768w, https:\/\/avsc13.fr\/site\/wp-content\/uploads\/2024\/11\/Journal_officiel_de_la_Republique-1922-05-10-citation-RICHAUD-Victor-Paulin.jpg 1029w\" sizes=\"auto, (max-width: 1024px) 100vw, 1024px\" \/><\/a><figcaption class=\"wp-element-caption\">Citation parue au Journal Officiel le 10 mai 1922.<\/figcaption><\/figure>\n<\/div>\n\n\n<p>Marsouin de 2e classe \u00e0 11e compagnie du 5e r\u00e9giment d\u2019infanterie coloniale, matricule n\u00b02648 au recrutement de Marseille, classe 1909.<br>N\u00e9 le 12 d\u00e9cembre 1889 \u00e0 Grans (Bouches-du-Rh\u00f4ne), fils de Baptiste Marius, cultivateur, et de Marie Augustine Gavaudan.<br>Mari\u00e9 le 21 octobre 1915 \u00e0 Saint-Chamas (Bouches-du-Rh\u00f4ne) avec Marguerite Simone Paula Barry, fille d\u2019Alphonse, meunier, et de Marie Rose Seguin, n\u00e9e le 4 janvier 1897 \u00e0 Saint-Chamas (Bouches-du-Rh\u00f4ne), d\u00e9c\u00e9d\u00e9e le 6 mai 1985 \u00e0 Saint-Chamas (Bouches-du-Rh\u00f4ne).<br>Incorpor\u00e9 le 4 octobre 1910, arriv\u00e9 au corps du 112e r\u00e9giment d&rsquo;infanterie le m\u00eame jour. Lib\u00e9r\u00e9 le 25 septembre 1912, certificat de bonne conduite accord\u00e9.<br>Rappel\u00e9 \u00e0 l&rsquo;activit\u00e9 par d\u00e9cret de mobilisation g\u00e9n\u00e9rale du 1er ao\u00fbt 1914, arriv\u00e9 au corps du 15e escadron du Train des \u00c9quipages militaires le 2 ao\u00fbt. Pass\u00e9 au 5e r\u00e9giment d&rsquo;infanterie coloniale le 14 octobre 1916.<br>Mort pour la France, des suites de ses blessures de guerre, le 19 avril 1917 \u00e0 l\u2019h\u00f4pital d\u2019\u00e9vacuation n\u00b013 de Courlandon (Marne).<br>Inhum\u00e9 le 21 avril 1917 au cimeti\u00e8re militaire de Courlandon, tombe n\u00b0257. D\u00e9pouille d\u00e9plac\u00e9e \u00e0 la n\u00e9cropole nationale \u00ab&nbsp;La Maison Bleue&nbsp;\u00bb \u00e0 Cormicy (Marne), tombe n\u00b03601.<br>Acte de d\u00e9c\u00e8s transcrit le 20 juillet 1917 \u00e0 Saint-Chamas (Bouches-du-Rh\u00f4ne).<br>Inscriptions : 13 &#8211; Saint-Chamas &#8211; Monument aux Morts &#8211; 13 &#8211; Saint-Chamas &#8211; Plaque comm\u00e9morative de l&rsquo;\u00e9glise Saint-L\u00e9ger &#8211; 13 &#8211; Saint-Chamas &#8211; Livre d&rsquo;Or du minist\u00e8re des pensions.<\/p>\n\n\n\n<figure class=\"wp-block-gallery has-nested-images columns-default is-cropped wp-block-gallery-17 is-layout-flex wp-block-gallery-is-layout-flex\">\n<figure class=\"wp-block-image size-large\"><a href=\"https:\/\/avsc13.fr\/site\/wp-content\/uploads\/2024\/11\/reboul-joseph-mdh.jpg\"><img loading=\"lazy\" decoding=\"async\" width=\"693\" height=\"1024\" data-id=\"636\" src=\"https:\/\/avsc13.fr\/site\/wp-content\/uploads\/2024\/11\/reboul-joseph-mdh-693x1024.jpg\" alt=\"\" class=\"wp-image-636\" srcset=\"https:\/\/avsc13.fr\/site\/wp-content\/uploads\/2024\/11\/reboul-joseph-mdh-693x1024.jpg 693w, https:\/\/avsc13.fr\/site\/wp-content\/uploads\/2024\/11\/reboul-joseph-mdh-203x300.jpg 203w, https:\/\/avsc13.fr\/site\/wp-content\/uploads\/2024\/11\/reboul-joseph-mdh-768x1135.jpg 768w, https:\/\/avsc13.fr\/site\/wp-content\/uploads\/2024\/11\/reboul-joseph-mdh.jpg 927w\" sizes=\"auto, (max-width: 693px) 100vw, 693px\" \/><\/a><\/figure>\n\n\n\n<figure class=\"wp-block-image size-large\"><a href=\"https:\/\/avsc13.fr\/site\/wp-content\/uploads\/2024\/11\/ricard-meriadec-mdh.jpg\"><img loading=\"lazy\" decoding=\"async\" width=\"712\" height=\"1024\" data-id=\"637\" src=\"https:\/\/avsc13.fr\/site\/wp-content\/uploads\/2024\/11\/ricard-meriadec-mdh-712x1024.jpg\" alt=\"\" class=\"wp-image-637\" srcset=\"https:\/\/avsc13.fr\/site\/wp-content\/uploads\/2024\/11\/ricard-meriadec-mdh-712x1024.jpg 712w, https:\/\/avsc13.fr\/site\/wp-content\/uploads\/2024\/11\/ricard-meriadec-mdh-209x300.jpg 209w, https:\/\/avsc13.fr\/site\/wp-content\/uploads\/2024\/11\/ricard-meriadec-mdh-768x1105.jpg 768w, https:\/\/avsc13.fr\/site\/wp-content\/uploads\/2024\/11\/ricard-meriadec-mdh.jpg 928w\" sizes=\"auto, (max-width: 712px) 100vw, 712px\" \/><\/a><\/figure>\n\n\n\n<figure class=\"wp-block-image size-large\"><a href=\"https:\/\/avsc13.fr\/site\/wp-content\/uploads\/2024\/11\/richaud-victor-mdh.jpg\"><img loading=\"lazy\" decoding=\"async\" width=\"670\" height=\"1024\" data-id=\"638\" src=\"https:\/\/avsc13.fr\/site\/wp-content\/uploads\/2024\/11\/richaud-victor-mdh-670x1024.jpg\" alt=\"\" class=\"wp-image-638\" srcset=\"https:\/\/avsc13.fr\/site\/wp-content\/uploads\/2024\/11\/richaud-victor-mdh-670x1024.jpg 670w, https:\/\/avsc13.fr\/site\/wp-content\/uploads\/2024\/11\/richaud-victor-mdh-196x300.jpg 196w, https:\/\/avsc13.fr\/site\/wp-content\/uploads\/2024\/11\/richaud-victor-mdh-768x1174.jpg 768w, https:\/\/avsc13.fr\/site\/wp-content\/uploads\/2024\/11\/richaud-victor-mdh.jpg 883w\" sizes=\"auto, (max-width: 670px) 100vw, 670px\" \/><\/a><\/figure>\n<\/figure>\n\n\n\n<p><\/p>\n\n\n\n<p><strong>ROUBIEUX Bienvenu<\/strong>, charretier<\/p>\n\n\n<div class=\"wp-block-image\">\n<figure class=\"aligncenter size-large\"><a href=\"https:\/\/avsc13.fr\/site\/wp-content\/uploads\/2024\/11\/Journal_officiel_de_la_Republique-1922-05-16-citation-ROUBIEUX-Bienvenu.jpg\"><img loading=\"lazy\" decoding=\"async\" width=\"1024\" height=\"228\" src=\"https:\/\/avsc13.fr\/site\/wp-content\/uploads\/2024\/11\/Journal_officiel_de_la_Republique-1922-05-16-citation-ROUBIEUX-Bienvenu-1024x228.jpg\" alt=\"Citation parue au Journal Officiel le 16 mai 1922.\" class=\"wp-image-688\" srcset=\"https:\/\/avsc13.fr\/site\/wp-content\/uploads\/2024\/11\/Journal_officiel_de_la_Republique-1922-05-16-citation-ROUBIEUX-Bienvenu-1024x228.jpg 1024w, https:\/\/avsc13.fr\/site\/wp-content\/uploads\/2024\/11\/Journal_officiel_de_la_Republique-1922-05-16-citation-ROUBIEUX-Bienvenu-300x67.jpg 300w, https:\/\/avsc13.fr\/site\/wp-content\/uploads\/2024\/11\/Journal_officiel_de_la_Republique-1922-05-16-citation-ROUBIEUX-Bienvenu-768x171.jpg 768w, https:\/\/avsc13.fr\/site\/wp-content\/uploads\/2024\/11\/Journal_officiel_de_la_Republique-1922-05-16-citation-ROUBIEUX-Bienvenu.jpg 1044w\" sizes=\"auto, (max-width: 1024px) 100vw, 1024px\" \/><\/a><figcaption class=\"wp-element-caption\">Citation parue au Journal Officiel le 16 mai 1922.<\/figcaption><\/figure>\n<\/div>\n\n\n<p>Soldat de 2e classe au 163e r\u00e9giment d\u2019infanterie, matricule n\u00b02122 au recrutement de Marseille, classe 1895.<br>N\u00e9 le 1er janvier 1874 \u00e0 Saint-Chamas (Bouches-du-Rh\u00f4ne), fils d\u2019\u00c9tienne, meunier, et de Magdeleine Baudin.<br>Mari\u00e9 le 13 avril 1901 \u00e0 N\u00eemes (Gard) avec Marie Feugeas, fille de Jean, cultivateur, et de Marie Chataigner, n\u00e9e le 6 d\u00e9cembre 1878 \u00e0 Espartignac (Corr\u00e8ze).<br>Incorpor\u00e9 le 20 novembre 1896, arriv\u00e9 au corps et soldat de 2e classe au 40e r\u00e9giment d&rsquo;infanterie le m\u00eame jour. Soldat de 1\u00e8re classe le 22 mai 1898. Lib\u00e9r\u00e9 le 20 septembre 1899, certificat de bonne conduite accord\u00e9.<br>Rappel\u00e9 \u00e0 l&rsquo;activit\u00e9 par d\u00e9cret de mobilisation g\u00e9n\u00e9rale du 1er ao\u00fbt 1914, arriv\u00e9 au corps au 117e r\u00e9giment d&rsquo;infanterie le 3 ao\u00fbt. Pass\u00e9 au 163e r\u00e9giment d&rsquo;infanterie le 19 septembre 1914.<br>Mort pour la France, disparu pr\u00e9sum\u00e9 tu\u00e9 \u00e0 l\u2019ennemi, le 11 octobre 1914 \u00e0 Xivray (Meuse).<br>Jugement d\u00e9claratif de d\u00e9c\u00e8s par le tribunal civil de N\u00eemes le 10 juin 1920, transcrit le 9 juillet 1920 \u00e0 N\u00eemes (Gard).<br>Inscriptions : 30 &#8211; N\u00eemes &#8211; Livre d&rsquo;Or du minist\u00e8re des pensions &#8211; 30 &#8211; N\u00eemes &#8211; Monument aux morts.<\/p>\n\n\n\n<p><strong>ROUBIEUX <em>Marius<\/em> Louis<\/strong>, cultivateur<\/p>\n\n\n\n<p>Chasseur de 2e classe au 63e Bataillon de chasseurs \u00e0 pied, matricule n\u00b046 au recrutement de Marseille, classe 1897.<br>N\u00e9 le 9 juin 1877 \u00e0 Saint-Chamas (Bouches-du-Rh\u00f4ne), fils d\u2019\u00c9tienne, meunier, et de Magdeleine Baudin.<br>Incorpor\u00e9 le 14 novembre 1898, arriv\u00e9 au corps et soldat de 2e classe au 111e r\u00e9giment d&rsquo;infanterie le m\u00eame jour. Lib\u00e9r\u00e9 le 20 septembre 1899, certificat de bonne conduite accord\u00e9.<br>Rappel\u00e9 \u00e0 l&rsquo;activit\u00e9 par d\u00e9cret de mobilisation g\u00e9n\u00e9rale du 1er ao\u00fbt 1914, arriv\u00e9 au corps au 141e r\u00e9giment d&rsquo;infanterie le 2 ao\u00fbt. Pass\u00e9 au 114e r\u00e9giment d&rsquo;infanterie le 18 mars 1915. Pass\u00e9 au 63e Bataillon de chasseurs \u00e0 pied le 18 f\u00e9vrier 1916.<br>Mort pour la France, tu\u00e9 \u00e0 l\u2019ennemi, le 26 mars 1916 \u00e0 Barrenkopf (Haut-Rhin).<br>Acte de d\u00e9c\u00e8s transcrit le 14 novembre 1921 \u00e0 Berre-l\u2019\u00c9tang (Bouches-du-Rh\u00f4ne).<br>Inscriptions : 13 &#8211; Berre-l&rsquo;\u00c9tang \u2013 Monument aux morts &#8211; 13 &#8211; Berre-l&rsquo;\u00c9tang &#8211; Livre d&rsquo;Or du minist\u00e8re des pensions.<\/p>\n\n\n\n<p><strong>SICARD <em>Jean-Baptiste<\/em> \u00c9lis\u00e9e Victor<\/strong>, employ\u00e9 de commerce<\/p>\n\n\n\n<p>Sous-lieutenant \u00e0 la 22e compagnie du 203e r\u00e9giment d\u2019infanterie, matricule n\u00b0218 au recrutement de Marseille, classe 1911.<br>N\u00e9 le 20 juillet 1891 \u00e0 Grans (Bouches-du-Rh\u00f4ne), fils de Joseph Jean-Baptiste, comptable, et de Lucie Aline Marguerite Teissier. C\u00e9libataire.<br>Ajourn\u00e9 pour faiblesse en 1913. Incorpor\u00e9 le 8 octobre 1913, arriv\u00e9 au corps et soldat de 2e classe au 3e r\u00e9giment d&rsquo;infanterie le m\u00eame jour.<br>Bless\u00e9 le 14 ao\u00fbt 1914 \u00e0 Coincourt, \u00ab&nbsp;plaie face dorsale avant bras droit&nbsp;\u00bb.<br>Mort pour la France, tu\u00e9 \u00e0 l\u2019ennemi, le 27 avril 1915 au combat du Bois-Haut, \u00e0 la tranch\u00e9e de Calonne pr\u00e8s Les \u00c9parges (Meuse).<br>Acte de d\u00e9c\u00e8s transcrit le 28 d\u00e9cembre 1915 \u00e0 Saint-Chamas (Bouches-du-Rh\u00f4ne).<br>Cit\u00e9 \u00e0 l&rsquo;ordre de l&rsquo;arm\u00e9e, Journal officiel du 15 juin 1915 : \u00ab&nbsp;Glorieusement tomb\u00e9 en entra\u00eenant sa section au cri de \u00a8 Vive la France, en avant\u00a8&nbsp;\u00bb .<br>D\u00e9coration : M\u00e9daille militaire. Croix de guerre avec palme. Chevalier de la L\u00e9gion d&rsquo;honneur \u00e0 titre posthume le 14 mai 1919.<br>Inscriptions : 13 &#8211; Grans &#8211; Monument aux morts &#8211; 13 &#8211; Grans &#8211; Plaque comm\u00e9morative de l&rsquo;\u00e9glise Saint Pierre-\u00e8s-Liens &#8211; 13 &#8211; Saint-Chamas &#8211; Monument aux morts &#8211; 13 &#8211; Saint-Chamas &#8211; Plaque comm\u00e9morative de l&rsquo;\u00e9glise Saint-L\u00e9ger &#8211; 13 &#8211; Saint-Chamas &#8211; Livre d&rsquo;Or du minist\u00e8re des pensions.<\/p>\n\n\n\n<figure class=\"wp-block-gallery has-nested-images columns-default is-cropped wp-block-gallery-18 is-layout-flex wp-block-gallery-is-layout-flex\">\n<figure class=\"wp-block-image size-large\"><a href=\"https:\/\/avsc13.fr\/site\/wp-content\/uploads\/2024\/11\/roubieux-bienvenu-mdh.jpg\"><img loading=\"lazy\" decoding=\"async\" width=\"646\" height=\"1024\" data-id=\"643\" src=\"https:\/\/avsc13.fr\/site\/wp-content\/uploads\/2024\/11\/roubieux-bienvenu-mdh-646x1024.jpg\" alt=\"\" class=\"wp-image-643\" srcset=\"https:\/\/avsc13.fr\/site\/wp-content\/uploads\/2024\/11\/roubieux-bienvenu-mdh-646x1024.jpg 646w, https:\/\/avsc13.fr\/site\/wp-content\/uploads\/2024\/11\/roubieux-bienvenu-mdh-189x300.jpg 189w, https:\/\/avsc13.fr\/site\/wp-content\/uploads\/2024\/11\/roubieux-bienvenu-mdh-768x1218.jpg 768w, https:\/\/avsc13.fr\/site\/wp-content\/uploads\/2024\/11\/roubieux-bienvenu-mdh.jpg 862w\" sizes=\"auto, (max-width: 646px) 100vw, 646px\" \/><\/a><\/figure>\n\n\n\n<figure class=\"wp-block-image size-large\"><a href=\"https:\/\/avsc13.fr\/site\/wp-content\/uploads\/2024\/11\/roubieux-marius-mdh.jpg\"><img loading=\"lazy\" decoding=\"async\" width=\"648\" height=\"1024\" data-id=\"644\" src=\"https:\/\/avsc13.fr\/site\/wp-content\/uploads\/2024\/11\/roubieux-marius-mdh-648x1024.jpg\" alt=\"\" class=\"wp-image-644\" srcset=\"https:\/\/avsc13.fr\/site\/wp-content\/uploads\/2024\/11\/roubieux-marius-mdh-648x1024.jpg 648w, https:\/\/avsc13.fr\/site\/wp-content\/uploads\/2024\/11\/roubieux-marius-mdh-190x300.jpg 190w, https:\/\/avsc13.fr\/site\/wp-content\/uploads\/2024\/11\/roubieux-marius-mdh-768x1214.jpg 768w, https:\/\/avsc13.fr\/site\/wp-content\/uploads\/2024\/11\/roubieux-marius-mdh.jpg 862w\" sizes=\"auto, (max-width: 648px) 100vw, 648px\" \/><\/a><\/figure>\n\n\n\n<figure class=\"wp-block-image size-large\"><a href=\"https:\/\/avsc13.fr\/site\/wp-content\/uploads\/2024\/11\/sicard-jean-baptiste-mdh.jpg\"><img loading=\"lazy\" decoding=\"async\" width=\"663\" height=\"1024\" data-id=\"645\" src=\"https:\/\/avsc13.fr\/site\/wp-content\/uploads\/2024\/11\/sicard-jean-baptiste-mdh-663x1024.jpg\" alt=\"\" class=\"wp-image-645\" srcset=\"https:\/\/avsc13.fr\/site\/wp-content\/uploads\/2024\/11\/sicard-jean-baptiste-mdh-663x1024.jpg 663w, https:\/\/avsc13.fr\/site\/wp-content\/uploads\/2024\/11\/sicard-jean-baptiste-mdh-194x300.jpg 194w, https:\/\/avsc13.fr\/site\/wp-content\/uploads\/2024\/11\/sicard-jean-baptiste-mdh-768x1186.jpg 768w, https:\/\/avsc13.fr\/site\/wp-content\/uploads\/2024\/11\/sicard-jean-baptiste-mdh.jpg 899w\" sizes=\"auto, (max-width: 663px) 100vw, 663px\" \/><\/a><\/figure>\n<\/figure>\n\n\n\n<p><\/p>\n\n\n\n<p><strong>SOULA Justin<\/strong>, gar\u00e7on de caf\u00e9<\/p>\n\n\n\n<p>Caporal au 5e r\u00e9giment du g\u00e9nie, matricule n\u00b0784 au recrutement de Foix, classe 1901.<br>N\u00e9 le 14 juillet 1881 \u00e0 Sentenac-de-S\u00e9rou (Ari\u00e8ge), fils de Pierre, m\u00e9tayer, et de Catherine Eychenne, m\u00e9nag\u00e8re.<br>Mari\u00e9 le 9 d\u00e9cembre 1911 \u00e0 Marseille (Bouches-du-Rh\u00f4ne) avec Jos\u00e9phine Philom\u00e8ne Peyrard, fille de Napol\u00e9on S\u00e9bastien et de Rose Philom\u00e8ne R\u00e8gne, n\u00e9e le 8 mars 1884 \u00e0 Roquefort-des-Corbi\u00e8res (Aude), d\u00e9c\u00e9d\u00e9e le 7 novembre 1955 \u00e0 Miramas.<br>Condamn\u00e9 le 12 novembre 1898 par le tribunal correctionnel de Marseille \u00e0 4 mois d&#8217;emprisonnement pour tentative de vol (sursis \u00e0 l&rsquo;ex\u00e9cution).<br>Condamn\u00e9 le 18 mars 1899 par le tribunal correctionnel de Marseille \u00e0 3 mois d&#8217;emprisonnement pour vol.<br>Condamn\u00e9 le 10 mars 1900 par le tribunal correctionnel de Marseille \u00e0 6 mois d&#8217;emprisonnement pour complicit\u00e9 de vol, par aide et assistance.<br>Condamn\u00e9 le 28 d\u00e9cembre 1900 par le tribunal correctionnel de Marseille \u00e0 3 mois et 1 jour d&#8217;emprisonnement pour vagabondage \u00e9tant porteur d&rsquo;arme, r\u00e9bellion et port d&rsquo;arme prohib\u00e9.<br>Condamn\u00e9 le 10 ao\u00fbt 1901 par le tribunal correctionnel de Marseille \u00e0 1 an d&#8217;emprisonnement et 5 ans d&rsquo;interdiction de s\u00e9jour pour vagabondage \u00e9tant porteur d&rsquo;instruments propre \u00e0 commettre des vols.<br>Condamn\u00e9 par arr\u00eat de la cour d&rsquo;appel d&rsquo;Aix du 10 d\u00e9cembre 1902 \u00e0 2 ans de prison sur appel d&rsquo;un jugement du tribunal correctionnel de Marseille en date du 3 novembre 1902 pour bris de cl\u00f4ture, menaces verbales de mort, contravention \u00e0 un arr\u00eat\u00e9 d&rsquo;interdiction de s\u00e9jour et \u00e0 un arr\u00eat\u00e9 d&rsquo;expulsion, violences et voies de fait.<br>Incorpor\u00e9 au 4e bataillon d&rsquo;infanterie l\u00e9g\u00e8re d&rsquo;Afrique \u00e0 compter du 25 septembre 1904. Arriv\u00e9 au corps et chasseur de 2e classe le 7 octobre 1904. Campagne en Tunisie du 5 octobre 1904 au 21 octobre 1905. Nomm\u00e9 caporal le 1er juillet 1905. Remis chasseur de 2e classe sur sa demande le 13 octobre 1905. Pass\u00e9 au 122e r\u00e9giment d&rsquo;infanterie le 20 octobre 1905. Arriv\u00e9 au corps et soldat de 2e classe le lendemain. Nomm\u00e9 soldat de 1\u00e8re classe le 1er juillet 1906. Nomm\u00e9 caporal le 22 septembre 1906. Envoy\u00e9 en cong\u00e9 comme soutien de famille le 12 avril 1907, certificat de bonne conduite accord\u00e9. Se retire \u00e0 Marseille, 12 rue B\u00e9n\u00e9dict.<br>Rappel\u00e9 \u00e0 l&rsquo;activit\u00e9 par d\u00e9cret de mobilisation g\u00e9n\u00e9rale du 1er ao\u00fbt 1914. Arriv\u00e9 au corps et soldat de 2e classe au 141e r\u00e9giment d&rsquo;infanterie le 3 ao\u00fbt. Pass\u00e9 au 412e r\u00e9giment d&rsquo;infanterie le 11 f\u00e9vrier 1916. Inapte un mois par d\u00e9cision de la commission de r\u00e9forme de Limoges du 12 ao\u00fbt 1916. Inapte un mois par d\u00e9cision de la commission de r\u00e9forme de Limoges du 10 novembre 1916. Inapte un mois par d\u00e9cision de la commission de r\u00e9forme de Limoges du 30 d\u00e9cembre 1916. Pass\u00e9 au 5e r\u00e9giment du g\u00e9nie le 6 juillet 1917. D\u00e9mobilis\u00e9 le 12 mars 1919. Se retire \u00e0 Saint-Chamas.<br>Mort pour la France, des suites de ses blessures de guerre, le 20 juillet 1919 \u00e0 Marseille (Bouches-du-Rh\u00f4ne).<br>Acte de d\u00e9c\u00e8s dress\u00e9 le 21 juillet 1919 \u00e0 Marseille (Bouches-du-Rh\u00f4ne).<br>Inscriptions : 13 &#8211; Saint-Chamas &#8211; Livre d&rsquo;Or du minist\u00e8re des pensions.<\/p>\n\n\n\n<p><strong>SOURIOUX <em>Julien<\/em> Marie Maurice<\/strong>, peintre<\/p>\n\n\n\n<p>Soldat au 233e r\u00e9giment d\u2019infanterie, matricule n\u00b0824 au recrutement de Gu\u00e9ret, classe 1895.<br>N\u00e9 le 28 f\u00e9vrier 1875 \u00e0 Saint-Pardoux d\u2019Arnet (Creuse), fils d\u2019Antoine Hippolyte, cultivateur, et de Marguerite Lefaure. C\u00e9libataire.<br>\u00c0 20 ans, il est r\u00e9form\u00e9 du service militaire et class\u00e9 dans les services auxiliaires pour cicatrice adh\u00e9rente. Le 24 mars 1914, il s\u2019enregistre comme demeurant sur la commune de Saint-Chamas, quartier des P\u00e9nitents, rue du Barry. Le 14 d\u00e9cembre 1914, la commission de r\u00e9forme de Marseille le d\u00e9clare apte au service arm\u00e9. Il est incorpor\u00e9 dans le 91e r\u00e9giment d\u2019infanterie territoriale le 15 janvier 1915, pass\u00e9 au 243e r\u00e9giment d\u2019infanterie le 24 juin 1915, et enfin pass\u00e9 au 233e r\u00e9giment d\u2019infanterie le 30 mai 1916.<br>Mort pour la France, des suites de maladie contract\u00e9e en service (p\u00e9ritonite aig\u00fc), le 21 juin 1916 \u00e0 l\u2019h\u00f4pital Saint-Maurice d\u2019\u00c9pinal (Vosges).<br>Acte de d\u00e9c\u00e8s dress\u00e9 le 21 juin 1916 \u00e0 \u00c9pinal (Vosges), transcrit le 18 juillet 1916 \u00e0 Saint-Chamas (Bouches-du-Rh\u00f4ne).<br>Inscriptions : 13 &#8211; Saint-Chamas &#8211; Monument aux Morts &#8211; 13 &#8211; Saint-Chamas &#8211; Plaque comm\u00e9morative de l&rsquo;\u00e9glise Saint-L\u00e9ger.<\/p>\n\n\n\n<p><strong>VIAN Maurice <em>Ambroise<\/em><\/strong>, officier de carri\u00e8re<\/p>\n\n\n\n<p>Capitaine au 56e bataillon de tirailleurs s\u00e9n\u00e9galais, matricule n\u00b01206 au recrutement de Toulon, classe 1892.<br>N\u00e9 le 6 avril 1875 \u00e0 Saint-Chamas (Bouches-du-Rh\u00f4ne), fils d\u2019Augustin, capitaine marin, et de Th\u00e9r\u00e8se Marie Lavison.<br>Mari\u00e9 le 15 novembre 1917 \u00e0 Marseille (Bouches-du-Rh\u00f4ne) avec Lucienne Victorine Louise Roux.<br>Engag\u00e9 volontaire pour 4 ans \u00e0 la mairie de Marseille le 27 avril 1893. Arriv\u00e9 au corps et soldat de 2e classe au 61e r\u00e9giment d&rsquo;infanterie le 1er mai 1893. Nomm\u00e9 caporal le 6 novembre 1893. Nomm\u00e9 sergent le 16 juin 1895. Nomm\u00e9 sergent-fourrier le 1er novembre 1895. Nomm\u00e9 sergent le 16 juillet 1896. Lib\u00e9r\u00e9 du service actif le 27 avril 1897.<br>Rengag\u00e9 pour 3 ans \u00e0 la mairie de Marseille le 23 octobre 1897. Arriv\u00e9 au corps et soldat de 2e classe au 8e r\u00e9giment d&rsquo;infanterie coloniale le 26 octobre 1897. Nomm\u00e9 soldat de 1\u00e8re classe le 16 d\u00e9cembre 1897. Nomm\u00e9 caporal le 14 avril 1898. Nomm\u00e9 sergent le 30 d\u00e9cembre 1898. Pass\u00e9 au 9e r\u00e9giment d&rsquo;infanterie coloniale et nomm\u00e9 sergent-fourrier le 22 janvier 1899. Campagne militaire au Tonkin du 22 janvier 1899 au 22 avril 1902. Nomm\u00e9 sergent le 20 mars 1899.<br>Rengag\u00e9 pour 5 ans le 18 novembre 1899, \u00e0 compter du 25 octobre 1900. Pass\u00e9 au 3e r\u00e9giment de tirailleurs tonkinois le 11 janvier 1900. Pass\u00e9 au 8e r\u00e9giment d&rsquo;infanterie coloniale le 13 f\u00e9vrier 1903.<br>Rengag\u00e9 pour 3 ans le 21 novembre 1904, \u00e0 compter du 25 octobre 1905. Admis \u00e0 l&rsquo;\u00e9cole militaire d&rsquo;infanterie le 11 mars 1905. Sous-officier \u00e9l\u00e8ve-officier le 12 avril 1905. Pass\u00e9 au 1er r\u00e9giment d&rsquo;infanterie coloniale le 13 avril 1905. Promu sous-lieutenant au 6e r\u00e9giment d&rsquo;infanterie coloniale le 1er avril 1906. Pass\u00e9 au Bataillon de la C\u00f4te d&rsquo;Ivoire le 25 janvier 1908 au 7 f\u00e9vrier 1910 (campagne militaire). Promu lieutenant le 1er avril 1908. Pass\u00e9 au 1er r\u00e9giment de tirailleurs s\u00e9n\u00e9galais le 1er avril 1909. Bless\u00e9 le 15 juin 1909, \u00e0 4h du soir a \u00e9t\u00e9 atteint d&rsquo;un coup de feu qui lui a d\u00e9chir\u00e9 l&rsquo;oreille gauche et \u00e9rafl\u00e9 la nuque \u00e0 la prise de Kon\u00e9fla (cercle du Haut Sassandra et pays Gouro, C\u00f4te d&rsquo;Ivoire) au moment o\u00f9 \u00e0 la t\u00eate de sa section, il arrivait sur la lisi\u00e8re du village occup\u00e9 par l&rsquo;ennemi. Pass\u00e9 au 4e r\u00e9giment d&rsquo;infanterie coloniale le 23 mars 1910. Nomm\u00e9 chevalier de la L\u00e9gion d&rsquo;honneur par d\u00e9cret du 11 mai 1910. Pass\u00e9 au Bataillon du Tchad le 25 d\u00e9cembre 1910 au 8 f\u00e9vrier 1913 (campagne militaire). Pass\u00e9 au 6e r\u00e9giment d&rsquo;infanterie coloniale le 17 janvier 1913.<br>Campagne en Afrique-Occidentale Fran\u00e7aise, au Dahomey, le 1er mai 1914. Promu capitaine le 5 mai 1915. Pass\u00e9 au 3e r\u00e9giment de tirailleurs s\u00e9n\u00e9galais le 1er janvier 1916. Pass\u00e9 au 35e bataillon de tirailleurs s\u00e9n\u00e9galais le 27 avril 1916. Pass\u00e9 au 47e bataillon de tirailleurs s\u00e9n\u00e9galais le 25 ao\u00fbt 1916. Pass\u00e9 au 56e bataillon de tirailleurs s\u00e9n\u00e9galais le 18 septembre 1916.<br>Mort pour la France, des suites de ses blessures de guerre, le 18 juillet 1918 \u00e0 l\u2019ambulance 16\/1 \u00e0 S\u00e9zanne (Marne).<br>Jugement d\u00e9claratif de d\u00e9c\u00e8s par le tribunal civil de Marseille le 3 septembre 1919, transcrit le 31 d\u00e9cembre 1919 \u00e0 Marseille (Bouches-du-Rh\u00f4ne).<br>Inscriptions : 13 &#8211; Saint-Chamas &#8211; Monument aux morts &#8211; 13 &#8211; Saint-Chamas &#8211; Plaque comm\u00e9morative de l&rsquo;\u00e9glise Saint-L\u00e9ger.<\/p>\n\n\n\n<figure class=\"wp-block-gallery has-nested-images columns-default is-cropped wp-block-gallery-19 is-layout-flex wp-block-gallery-is-layout-flex\">\n<figure class=\"wp-block-image size-large\"><a href=\"https:\/\/avsc13.fr\/site\/wp-content\/uploads\/2024\/11\/soula-justin-mdh.jpg\"><img loading=\"lazy\" decoding=\"async\" width=\"695\" height=\"1024\" data-id=\"648\" src=\"https:\/\/avsc13.fr\/site\/wp-content\/uploads\/2024\/11\/soula-justin-mdh-695x1024.jpg\" alt=\"\" class=\"wp-image-648\" srcset=\"https:\/\/avsc13.fr\/site\/wp-content\/uploads\/2024\/11\/soula-justin-mdh-695x1024.jpg 695w, https:\/\/avsc13.fr\/site\/wp-content\/uploads\/2024\/11\/soula-justin-mdh-204x300.jpg 204w, https:\/\/avsc13.fr\/site\/wp-content\/uploads\/2024\/11\/soula-justin-mdh-768x1132.jpg 768w, https:\/\/avsc13.fr\/site\/wp-content\/uploads\/2024\/11\/soula-justin-mdh.jpg 925w\" sizes=\"auto, (max-width: 695px) 100vw, 695px\" \/><\/a><\/figure>\n\n\n\n<figure class=\"wp-block-image size-large\"><a href=\"https:\/\/avsc13.fr\/site\/wp-content\/uploads\/2024\/11\/sourioux-julien-mdh.jpg\"><img loading=\"lazy\" decoding=\"async\" width=\"695\" height=\"1024\" data-id=\"649\" src=\"https:\/\/avsc13.fr\/site\/wp-content\/uploads\/2024\/11\/sourioux-julien-mdh-695x1024.jpg\" alt=\"\" class=\"wp-image-649\" srcset=\"https:\/\/avsc13.fr\/site\/wp-content\/uploads\/2024\/11\/sourioux-julien-mdh-695x1024.jpg 695w, https:\/\/avsc13.fr\/site\/wp-content\/uploads\/2024\/11\/sourioux-julien-mdh-204x300.jpg 204w, https:\/\/avsc13.fr\/site\/wp-content\/uploads\/2024\/11\/sourioux-julien-mdh-768x1132.jpg 768w, https:\/\/avsc13.fr\/site\/wp-content\/uploads\/2024\/11\/sourioux-julien-mdh.jpg 907w\" sizes=\"auto, (max-width: 695px) 100vw, 695px\" \/><\/a><\/figure>\n\n\n\n<figure class=\"wp-block-image size-large\"><a href=\"https:\/\/avsc13.fr\/site\/wp-content\/uploads\/2024\/11\/vian-maurice-mdh.jpg\"><img loading=\"lazy\" decoding=\"async\" width=\"655\" height=\"1024\" data-id=\"650\" src=\"https:\/\/avsc13.fr\/site\/wp-content\/uploads\/2024\/11\/vian-maurice-mdh-655x1024.jpg\" alt=\"\" class=\"wp-image-650\" srcset=\"https:\/\/avsc13.fr\/site\/wp-content\/uploads\/2024\/11\/vian-maurice-mdh-655x1024.jpg 655w, https:\/\/avsc13.fr\/site\/wp-content\/uploads\/2024\/11\/vian-maurice-mdh-192x300.jpg 192w, https:\/\/avsc13.fr\/site\/wp-content\/uploads\/2024\/11\/vian-maurice-mdh-768x1200.jpg 768w, https:\/\/avsc13.fr\/site\/wp-content\/uploads\/2024\/11\/vian-maurice-mdh.jpg 872w\" sizes=\"auto, (max-width: 655px) 100vw, 655px\" \/><\/a><\/figure>\n<\/figure>\n\n\n\n<p><\/p>\n\n\n\n<p><strong>VILLEVIEILLE <em>Fernand<\/em> Marius<\/strong>, jardinier<\/p>\n\n\n\n<p>Soldat de 2e classe \u00e0 la 9e compagnie du 158e r\u00e9giment d\u2019infanterie, matricule n\u00b05240 au recrutement de Marseille, classe 1912.<br>N\u00e9 le 19 janvier 1892 \u00e0 Saint-Chamas (Bouches-du-Rh\u00f4ne), fils de Jean-Baptiste \u00c9tienne, journalier, et de Baptistine Audon.<br>Mari\u00e9 le 26 novembre 1913 \u00e0 Saint-Chamas (Bouches-du-Rh\u00f4ne) avec Louise Valentine Bernard.<br>Exempt\u00e9 en 1912. Class\u00e9 dans le service arm\u00e9 par le conseil de r\u00e9vision des Bouches-du-Rh\u00f4ne le 6 octobre 1914. Incorpor\u00e9 au 52e r\u00e9giment d&rsquo;infanterie \u00e0 compter du 25 novembre 1914, arriv\u00e9 au corps et soldat de 2e classe le 30 novembre 1914. Pass\u00e9 au 158e r\u00e9giment d&rsquo;infanterie le 7 mars 1915.<br>Mort pour la France, tu\u00e9 \u00e0 l\u2019ennemi, le 16 mars 1916 \u00e0 Vaux-devant-Damloup (Meuse).<br>Acte de d\u00e9c\u00e8s transcrit le 10 juillet 1916 \u00e0 Saint-Chamas (Bouches-du-Rh\u00f4ne).<br>Inscriptions : 13 &#8211; Saint-Chamas &#8211; Monument aux Morts &#8211; 13 &#8211; Saint-Chamas &#8211; Plaque comm\u00e9morative de l&rsquo;\u00e9glise Saint-L\u00e9ger &#8211; 13 &#8211; Saint-Chamas &#8211; Livre d&rsquo;Or du minist\u00e8re des pensions.<\/p>\n\n\n\n<figure class=\"wp-block-gallery has-nested-images columns-default is-cropped wp-block-gallery-20 is-layout-flex wp-block-gallery-is-layout-flex\"><div class=\"wp-block-image\">\n<figure class=\"aligncenter size-large\"><a href=\"https:\/\/avsc13.fr\/site\/wp-content\/uploads\/2024\/11\/villevieille-fernand-mdh-1.jpg\"><img loading=\"lazy\" decoding=\"async\" width=\"688\" height=\"1024\" data-id=\"654\" src=\"https:\/\/avsc13.fr\/site\/wp-content\/uploads\/2024\/11\/villevieille-fernand-mdh-1-688x1024.jpg\" alt=\"\" class=\"wp-image-654\" srcset=\"https:\/\/avsc13.fr\/site\/wp-content\/uploads\/2024\/11\/villevieille-fernand-mdh-1-688x1024.jpg 688w, https:\/\/avsc13.fr\/site\/wp-content\/uploads\/2024\/11\/villevieille-fernand-mdh-1-201x300.jpg 201w, https:\/\/avsc13.fr\/site\/wp-content\/uploads\/2024\/11\/villevieille-fernand-mdh-1-768x1144.jpg 768w, https:\/\/avsc13.fr\/site\/wp-content\/uploads\/2024\/11\/villevieille-fernand-mdh-1.jpg 887w\" sizes=\"auto, (max-width: 688px) 100vw, 688px\" \/><\/a><\/figure>\n<\/div><\/figure>\n","protected":false},"excerpt":{"rendered":"<p>AGARD Jean Marie Joseph, dessinateur Brigadier au 115e r\u00e9giment d\u2019artillerie lourde, 14e batterie, matricule n\u00b01358 au recrutement de Toulon, classe 1909.N\u00e9 le 27 d\u00e9cembre 1891 \u00e0 Saint-Chamas (Bouches-du-Rh\u00f4ne), fils de Baptistin Apollinaire, boucher, et&#46;&#46;&#46;<\/p>\n","protected":false},"author":1,"featured_media":739,"parent":0,"menu_order":0,"comment_status":"closed","ping_status":"closed","template":"","meta":{"footnotes":""},"class_list":["post-550","page","type-page","status-publish","has-post-thumbnail","hentry"],"_links":{"self":[{"href":"https:\/\/avsc13.fr\/site\/wp-json\/wp\/v2\/pages\/550","targetHints":{"allow":["GET"]}}],"collection":[{"href":"https:\/\/avsc13.fr\/site\/wp-json\/wp\/v2\/pages"}],"about":[{"href":"https:\/\/avsc13.fr\/site\/wp-json\/wp\/v2\/types\/page"}],"author":[{"embeddable":true,"href":"https:\/\/avsc13.fr\/site\/wp-json\/wp\/v2\/users\/1"}],"replies":[{"embeddable":true,"href":"https:\/\/avsc13.fr\/site\/wp-json\/wp\/v2\/comments?post=550"}],"version-history":[{"count":89,"href":"https:\/\/avsc13.fr\/site\/wp-json\/wp\/v2\/pages\/550\/revisions"}],"predecessor-version":[{"id":743,"href":"https:\/\/avsc13.fr\/site\/wp-json\/wp\/v2\/pages\/550\/revisions\/743"}],"wp:featuredmedia":[{"embeddable":true,"href":"https:\/\/avsc13.fr\/site\/wp-json\/wp\/v2\/media\/739"}],"wp:attachment":[{"href":"https:\/\/avsc13.fr\/site\/wp-json\/wp\/v2\/media?parent=550"}],"curies":[{"name":"wp","href":"https:\/\/api.w.org\/{rel}","templated":true}]}}